{"id":10353,"date":"2024-03-11T15:49:46","date_gmt":"2024-03-11T14:49:46","guid":{"rendered":"https:\/\/seobest.de\/demo11222\/?page_id=10353"},"modified":"2026-04-28T14:45:53","modified_gmt":"2026-04-28T12:45:53","slug":"about-us","status":"publish","type":"page","link":"https:\/\/koernergabelstapler.de\/en\/?page_id=10353","title":{"rendered":"ABOUT US"},"content":{"rendered":"\n<h2 class=\"wp-block-heading has-text-align-center fwd_class o-typing-fast has-black-color has-text-color has-background has-link-color wp-elements-a3bfdbea8c619e7a12faff9ed375d218\" style=\"background-color:#fed03d;font-size:2.5rem\"><o-anim-typing>ACTIVE NATIONWIDE AND REGIONALLY CONNECTED<\/o-anim-typing><\/h2>\n\n\n\n<div style=\"height:100px\" aria-hidden=\"true\" class=\"wp-block-spacer\"><\/div>\n\n\n\n<div class=\"wp-block-group animated fadeInLeft\"><div class=\"wp-block-group__inner-container is-layout-constrained wp-block-group-is-layout-constrained\">\n<div class=\"wp-block-columns is-layout-flex wp-container-core-columns-is-layout-9d6595d7 wp-block-columns-is-layout-flex\">\n<div class=\"wp-block-column is-layout-flow wp-block-column-is-layout-flow\">\n<h3 class=\"wp-block-heading has-text-color has-link-color wp-elements-1f74591888ffae7541826b9bb591d6f6\" style=\"color:#fed03d\">Company<\/h3>\n\n\n\n<h2 class=\"wp-block-heading o-typing-delay-100ms has-x-large-font-size\">K\u00f6rner Gabelstapler serves end customers <br>and forklift dealers<\/h2>\n\n\n\n<hr class=\"wp-block-separator has-text-color has-alpha-channel-opacity has-background is-style-wide\" style=\"background-color:#fed03d;color:#fed03d\"\/>\n\n\n\n<p style=\"font-size:16px\">Wilhelm K\u00f6rner founded our company in 1986, initially as a forklift dealer for eastern Lower Saxony. From Gro\u00df Schw\u00fclper, located between Braunschweig and Wolfsburg, we continue to supply customers from all industries with modern material handling equipment. In 1999, a second business segment was added: the import of Asian industrial trucks.<\/p>\n<\/div>\n\n\n\n<div class=\"wp-block-column is-layout-flow wp-block-column-is-layout-flow\">\n<div style=\"height:50px\" aria-hidden=\"true\" class=\"wp-block-spacer\"><\/div>\n\n\n<div class=\"wp-block-image img-a\">\n<figure class=\"aligncenter size-full\"><img loading=\"lazy\" decoding=\"async\" width=\"1200\" height=\"675\" src=\"https:\/\/koernergabelstapler.de\/en\/wp-content\/uploads\/2026\/03\/slider-image-01.jpg\" alt=\"\" class=\"wp-image-11119\" srcset=\"https:\/\/koernergabelstapler.de\/en\/wp-content\/uploads\/2026\/03\/slider-image-01.jpg 1200w, https:\/\/koernergabelstapler.de\/en\/wp-content\/uploads\/2026\/03\/slider-image-01-300x169.jpg 300w, https:\/\/koernergabelstapler.de\/en\/wp-content\/uploads\/2026\/03\/slider-image-01-1024x576.jpg 1024w, https:\/\/koernergabelstapler.de\/en\/wp-content\/uploads\/2026\/03\/slider-image-01-768x432.jpg 768w\" sizes=\"auto, (max-width: 1200px) 100vw, 1200px\" \/><\/figure>\n<\/div><\/div>\n<\/div>\n\n\n\n<p style=\"font-size:16px\">Since 2001, we have been distributing the Taiwanese brand ARTISON to forklift dealers \u2013 exclusively and throughout Germany. Both of our target groups, end customers and forklift dealers, benefit equally from our strengths. These include our workshop with washing facility, our eight service vehicles, a truck with low loader, the rental fleet, the exhibition hall as well as well stocked new equipment and spare parts warehouses. In addition, more than 20 employees at K\u00d6RNER Gabelstapler are dedicated to your needs.<\/p>\n<\/div><\/div>\n\n\n\n<div style=\"height:50px\" aria-hidden=\"true\" class=\"wp-block-spacer\"><\/div>\n\n\n\n<div class=\"wp-block-columns animated fadeInLeft is-layout-flex wp-container-core-columns-is-layout-9d6595d7 wp-block-columns-is-layout-flex\">\n<div class=\"wp-block-column is-layout-flow wp-block-column-is-layout-flow\" style=\"flex-basis:10%\"><\/div>\n\n\n\n<div class=\"wp-block-column is-layout-flow wp-block-column-is-layout-flow\">\n<figure class=\"wp-block-embed is-type-video is-provider-youtube wp-block-embed-youtube wp-embed-aspect-16-9 wp-has-aspect-ratio\"><div class=\"wp-block-embed__wrapper\">\n<iframe loading=\"lazy\" title=\"Jubil\u00e4um 40 Jahre K\u00f6rner Gabelstapler\" width=\"800\" height=\"450\" src=\"https:\/\/www.youtube.com\/embed\/O41l0LOLooY?feature=oembed\" frameborder=\"0\" allow=\"accelerometer; autoplay; clipboard-write; encrypted-media; gyroscope; picture-in-picture; web-share\" referrerpolicy=\"strict-origin-when-cross-origin\" allowfullscreen><\/iframe>\n<\/div><\/figure>\n<\/div>\n\n\n\n<div class=\"wp-block-column is-layout-flow wp-block-column-is-layout-flow\" style=\"flex-basis:10%\"><\/div>\n<\/div>\n\n\n\n<div style=\"height:100px\" aria-hidden=\"true\" class=\"wp-block-spacer\"><\/div>\n\n\n\n<div class=\"wp-block-group fwd_class has-background\" style=\"background-color:#fed03d\"><div class=\"wp-block-group__inner-container is-layout-constrained wp-block-group-is-layout-constrained\">\n<div class=\"wp-block-columns hmn_content is-layout-flex wp-container-core-columns-is-layout-9d6595d7 wp-block-columns-is-layout-flex\">\n<div class=\"wp-block-column is-vertically-aligned-center is-layout-flow wp-block-column-is-layout-flow\" style=\"flex-basis:22%\">\n<hr class=\"wp-block-separator has-text-color has-black-color has-alpha-channel-opacity has-black-background-color has-background is-style-wide\"\/>\n<\/div>\n\n\n\n<div class=\"wp-block-column is-layout-flow wp-block-column-is-layout-flow\">\n<h2 class=\"wp-block-heading has-text-align-center has-white-color has-text-color has-link-color has-x-large-font-size wp-elements-86ebbc639f774ad1d89b7cf6505ce3d7\">Our contact persons<\/h2>\n<\/div>\n\n\n\n<div class=\"wp-block-column is-vertically-aligned-center is-layout-flow wp-block-column-is-layout-flow\" style=\"flex-basis:22%\">\n<hr class=\"wp-block-separator has-text-color has-black-color has-alpha-channel-opacity has-black-background-color has-background is-style-wide\"\/>\n<\/div>\n<\/div>\n<\/div><\/div>\n\n\n\n<div style=\"height:70px\" aria-hidden=\"true\" class=\"wp-block-spacer\"><\/div>\n\n\n\n<div class=\"wp-block-columns animated fadeInRight is-layout-flex wp-container-core-columns-is-layout-9d6595d7 wp-block-columns-is-layout-flex\">\n<div class=\"wp-block-column col_hmn is-layout-flow wp-block-column-is-layout-flow\"><div class=\"wp-block-image is-style-rounded\">\n<figure class=\"aligncenter size-full\"><img loading=\"lazy\" decoding=\"async\" width=\"1920\" height=\"1920\" src=\"https:\/\/koernergabelstapler.de\/en\/wp-content\/uploads\/2026\/03\/user-2935527_1920.png\" alt=\"\" class=\"wp-image-12204\" srcset=\"https:\/\/koernergabelstapler.de\/en\/wp-content\/uploads\/2026\/03\/user-2935527_1920.png 1920w, https:\/\/koernergabelstapler.de\/en\/wp-content\/uploads\/2026\/03\/user-2935527_1920-300x300.png 300w, https:\/\/koernergabelstapler.de\/en\/wp-content\/uploads\/2026\/03\/user-2935527_1920-1024x1024.png 1024w, https:\/\/koernergabelstapler.de\/en\/wp-content\/uploads\/2026\/03\/user-2935527_1920-150x150.png 150w, https:\/\/koernergabelstapler.de\/en\/wp-content\/uploads\/2026\/03\/user-2935527_1920-768x768.png 768w, https:\/\/koernergabelstapler.de\/en\/wp-content\/uploads\/2026\/03\/user-2935527_1920-1536x1536.png 1536w\" sizes=\"auto, (max-width: 1920px) 100vw, 1920px\" \/><\/figure>\n<\/div>\n\n\n<div style=\"height:20px\" aria-hidden=\"true\" class=\"wp-block-spacer\"><\/div>\n\n\n\n<h3 class=\"wp-block-heading has-text-align-center has-text-color has-link-color wp-elements-2acafce3f3c79531449f1dd89da2b43a\" style=\"color:#fed03d;font-size:24px\">Karsten K\u00f6rner<\/h3>\n\n\n\n<p class=\"has-text-align-center\"><strong><em>Management and sales<\/em><\/strong><\/p>\n\n\n\n<p class=\"has-text-align-center\" style=\"font-size:15px\">Phone: 05303 9595-10<br>Email: <a href=\"mailto:vertrieb@koernergabelstapler.de\">vertrieb@koernergabelstapler.de<\/a><\/p>\n\n\n\n<p class=\"has-text-align-center\"><\/p>\n<\/div>\n\n\n\n<div class=\"wp-block-column col_hmn is-layout-flow wp-block-column-is-layout-flow\"><div class=\"wp-block-image is-style-rounded\">\n<figure class=\"aligncenter size-full\"><img loading=\"lazy\" decoding=\"async\" width=\"1920\" height=\"1920\" src=\"https:\/\/koernergabelstapler.de\/en\/wp-content\/uploads\/2026\/03\/user-2935527_1920.png\" alt=\"\" class=\"wp-image-12204\" srcset=\"https:\/\/koernergabelstapler.de\/en\/wp-content\/uploads\/2026\/03\/user-2935527_1920.png 1920w, https:\/\/koernergabelstapler.de\/en\/wp-content\/uploads\/2026\/03\/user-2935527_1920-300x300.png 300w, https:\/\/koernergabelstapler.de\/en\/wp-content\/uploads\/2026\/03\/user-2935527_1920-1024x1024.png 1024w, https:\/\/koernergabelstapler.de\/en\/wp-content\/uploads\/2026\/03\/user-2935527_1920-150x150.png 150w, https:\/\/koernergabelstapler.de\/en\/wp-content\/uploads\/2026\/03\/user-2935527_1920-768x768.png 768w, https:\/\/koernergabelstapler.de\/en\/wp-content\/uploads\/2026\/03\/user-2935527_1920-1536x1536.png 1536w\" sizes=\"auto, (max-width: 1920px) 100vw, 1920px\" \/><\/figure>\n<\/div>\n\n\n<div style=\"height:20px\" aria-hidden=\"true\" class=\"wp-block-spacer\"><\/div>\n\n\n\n<h3 class=\"wp-block-heading has-text-align-center has-text-color has-link-color wp-elements-ba16e8d7e862274b16055d8da3b430ab\" style=\"color:#fed03d;font-size:24px\">Jens K\u00f6rner<\/h3>\n\n\n\n<p class=\"has-text-align-center\"><strong><em><strong><em>Management and sales<\/em><\/strong><\/em><\/strong><\/p>\n\n\n\n<p class=\"has-text-align-center\" style=\"font-size:15px\">Phone: 05303 9595-33<br>Email: <a href=\"mailto:vertrieb@koernergabelstapler.de\"><\/a><a href=\"mailto:kd2@koernergabelstapler.de\">kd2@koernergabelstapler.de<\/a><\/p>\n\n\n\n<p class=\"has-text-align-center\"><\/p>\n<\/div>\n\n\n\n<div class=\"wp-block-column col_hmn is-layout-flow wp-block-column-is-layout-flow\"><div class=\"wp-block-image is-style-rounded\">\n<figure class=\"aligncenter size-full\"><img loading=\"lazy\" decoding=\"async\" width=\"1920\" height=\"1920\" src=\"https:\/\/koernergabelstapler.de\/en\/wp-content\/uploads\/2026\/03\/user-2935527_1920.png\" alt=\"\" class=\"wp-image-12204\" srcset=\"https:\/\/koernergabelstapler.de\/en\/wp-content\/uploads\/2026\/03\/user-2935527_1920.png 1920w, https:\/\/koernergabelstapler.de\/en\/wp-content\/uploads\/2026\/03\/user-2935527_1920-300x300.png 300w, https:\/\/koernergabelstapler.de\/en\/wp-content\/uploads\/2026\/03\/user-2935527_1920-1024x1024.png 1024w, https:\/\/koernergabelstapler.de\/en\/wp-content\/uploads\/2026\/03\/user-2935527_1920-150x150.png 150w, https:\/\/koernergabelstapler.de\/en\/wp-content\/uploads\/2026\/03\/user-2935527_1920-768x768.png 768w, https:\/\/koernergabelstapler.de\/en\/wp-content\/uploads\/2026\/03\/user-2935527_1920-1536x1536.png 1536w\" sizes=\"auto, (max-width: 1920px) 100vw, 1920px\" \/><\/figure>\n<\/div>\n\n\n<div style=\"height:20px\" aria-hidden=\"true\" class=\"wp-block-spacer\"><\/div>\n\n\n\n<h3 class=\"wp-block-heading has-text-align-center has-text-color has-link-color wp-elements-44a77d003883a9990e06e69a5247cee3\" style=\"color:#fed03d;font-size:24px\">Hans-Otto Rickmann<\/h3>\n\n\n\n<p class=\"has-text-align-center\"><strong><em>Customer service<\/em><\/strong><\/p>\n\n\n\n<p class=\"has-text-align-center\" style=\"font-size:15px\">Phone: 05303 9595-18<br>Email: <a href=\"mailto:vertrieb@koernergabelstapler.de\"><\/a><a href=\"mailto:kd1@koernergabelstapler.de\">kd1@koernergabelstapler.de<\/a><\/p>\n\n\n\n<p class=\"has-text-align-center\"><\/p>\n<\/div>\n<\/div>\n\n\n\n<div style=\"height:45px\" aria-hidden=\"true\" class=\"wp-block-spacer\"><\/div>\n\n\n\n<div class=\"wp-block-columns animated fadeInRight is-layout-flex wp-container-core-columns-is-layout-9d6595d7 wp-block-columns-is-layout-flex\">\n<div class=\"wp-block-column col_hmn is-layout-flow wp-block-column-is-layout-flow\"><div class=\"wp-block-image is-style-rounded\">\n<figure class=\"aligncenter size-full\"><img loading=\"lazy\" decoding=\"async\" width=\"1920\" height=\"1920\" src=\"https:\/\/koernergabelstapler.de\/en\/wp-content\/uploads\/2026\/03\/user-2935527_1920.png\" alt=\"\" class=\"wp-image-12204\" srcset=\"https:\/\/koernergabelstapler.de\/en\/wp-content\/uploads\/2026\/03\/user-2935527_1920.png 1920w, https:\/\/koernergabelstapler.de\/en\/wp-content\/uploads\/2026\/03\/user-2935527_1920-300x300.png 300w, https:\/\/koernergabelstapler.de\/en\/wp-content\/uploads\/2026\/03\/user-2935527_1920-1024x1024.png 1024w, https:\/\/koernergabelstapler.de\/en\/wp-content\/uploads\/2026\/03\/user-2935527_1920-150x150.png 150w, https:\/\/koernergabelstapler.de\/en\/wp-content\/uploads\/2026\/03\/user-2935527_1920-768x768.png 768w, https:\/\/koernergabelstapler.de\/en\/wp-content\/uploads\/2026\/03\/user-2935527_1920-1536x1536.png 1536w\" sizes=\"auto, (max-width: 1920px) 100vw, 1920px\" \/><\/figure>\n<\/div>\n\n\n<div style=\"height:20px\" aria-hidden=\"true\" class=\"wp-block-spacer\"><\/div>\n\n\n\n<h3 class=\"wp-block-heading has-text-align-center has-text-color has-link-color wp-elements-b9836d65884017124d910ff4593acd8c\" style=\"color:#fed03d;font-size:24px\">Astrid Biermann<\/h3>\n\n\n\n<p class=\"has-text-align-center\"><strong><em>Accounting<\/em><\/strong><\/p>\n\n\n\n<p class=\"has-text-align-center\" style=\"font-size:15px\">Phone: 05303 9595-11<br>Email: <a href=\"mailto:vertrieb@koernergabelstapler.de\"><\/a><a href=\"mailto:buchhaltung@koernergabelstapler.de\">buchhaltung@koernergabelstapler.de<\/a><\/p>\n\n\n\n<p class=\"has-text-align-center\"><\/p>\n<\/div>\n\n\n\n<div class=\"wp-block-column col_hmn is-layout-flow wp-block-column-is-layout-flow\"><div class=\"wp-block-image is-style-rounded\">\n<figure class=\"aligncenter size-full\"><img loading=\"lazy\" decoding=\"async\" width=\"1920\" height=\"1920\" src=\"https:\/\/koernergabelstapler.de\/en\/wp-content\/uploads\/2026\/03\/user-2935527_1920.png\" alt=\"\" class=\"wp-image-12204\" srcset=\"https:\/\/koernergabelstapler.de\/en\/wp-content\/uploads\/2026\/03\/user-2935527_1920.png 1920w, https:\/\/koernergabelstapler.de\/en\/wp-content\/uploads\/2026\/03\/user-2935527_1920-300x300.png 300w, https:\/\/koernergabelstapler.de\/en\/wp-content\/uploads\/2026\/03\/user-2935527_1920-1024x1024.png 1024w, https:\/\/koernergabelstapler.de\/en\/wp-content\/uploads\/2026\/03\/user-2935527_1920-150x150.png 150w, https:\/\/koernergabelstapler.de\/en\/wp-content\/uploads\/2026\/03\/user-2935527_1920-768x768.png 768w, https:\/\/koernergabelstapler.de\/en\/wp-content\/uploads\/2026\/03\/user-2935527_1920-1536x1536.png 1536w\" sizes=\"auto, (max-width: 1920px) 100vw, 1920px\" \/><\/figure>\n<\/div>\n\n\n<div style=\"height:20px\" aria-hidden=\"true\" class=\"wp-block-spacer\"><\/div>\n\n\n\n<h3 class=\"wp-block-heading has-text-align-center has-text-color has-link-color wp-elements-95754dfcda4ea167af10eb319670c5d5\" style=\"color:#fed03d;font-size:24px\">Astrid G\u00f6hmann<\/h3>\n\n\n\n<p class=\"has-text-align-center\"><strong><em>Customer service<\/em><\/strong><\/p>\n\n\n\n<p class=\"has-text-align-center\" style=\"font-size:15px\">Phone: 05303 9595-25<br>Email: <a href=\"mailto:vertrieb@koernergabelstapler.de\"><\/a><a href=\"mailto:kd2@koernergabelstapler.de\">kd3@koernergabelstapler.de<\/a><\/p>\n\n\n\n<p class=\"has-text-align-center\"><\/p>\n<\/div>\n\n\n\n<div class=\"wp-block-column col_hmn is-layout-flow wp-block-column-is-layout-flow\"><div class=\"wp-block-image is-style-rounded\">\n<figure class=\"aligncenter size-full\"><img loading=\"lazy\" decoding=\"async\" width=\"1920\" height=\"1920\" src=\"https:\/\/koernergabelstapler.de\/en\/wp-content\/uploads\/2026\/03\/user-2935527_1920.png\" alt=\"\" class=\"wp-image-12204\" srcset=\"https:\/\/koernergabelstapler.de\/en\/wp-content\/uploads\/2026\/03\/user-2935527_1920.png 1920w, https:\/\/koernergabelstapler.de\/en\/wp-content\/uploads\/2026\/03\/user-2935527_1920-300x300.png 300w, https:\/\/koernergabelstapler.de\/en\/wp-content\/uploads\/2026\/03\/user-2935527_1920-1024x1024.png 1024w, https:\/\/koernergabelstapler.de\/en\/wp-content\/uploads\/2026\/03\/user-2935527_1920-150x150.png 150w, https:\/\/koernergabelstapler.de\/en\/wp-content\/uploads\/2026\/03\/user-2935527_1920-768x768.png 768w, https:\/\/koernergabelstapler.de\/en\/wp-content\/uploads\/2026\/03\/user-2935527_1920-1536x1536.png 1536w\" sizes=\"auto, (max-width: 1920px) 100vw, 1920px\" \/><\/figure>\n<\/div>\n\n\n<div style=\"height:20px\" aria-hidden=\"true\" class=\"wp-block-spacer\"><\/div>\n\n\n\n<h3 class=\"wp-block-heading has-text-align-center has-text-color has-link-color wp-elements-403a5eefbc3d16fd510d75153657afab\" style=\"color:#fed03d;font-size:24px\">Oliver L\u00fcbbecke<\/h3>\n\n\n\n<p class=\"has-text-align-center\"><strong><em>Spare parts and rental<\/em><\/strong><\/p>\n\n\n\n<p class=\"has-text-align-center\" style=\"font-size:15px\">Phone: 05303 9595-15<br>Email: <a href=\"mailto:vertrieb@koernergabelstapler.de\"><\/a><a href=\"mailto:kd1@koernergabelstapler.de\">ed@koernergabelstapler.de<\/a><\/p>\n\n\n\n<p class=\"has-text-align-center\"><\/p>\n<\/div>\n<\/div>\n\n\n\n<div style=\"height:100px\" aria-hidden=\"true\" class=\"wp-block-spacer\"><\/div>\n\n\n\n<div class=\"wp-block-cover fwd_class\"><img loading=\"lazy\" decoding=\"async\" width=\"1024\" height=\"535\" class=\"wp-block-cover__image-background wp-image-11196\" alt=\"\" src=\"https:\/\/koernergabelstapler.de\/en\/wp-content\/uploads\/2026\/03\/bearbeitet_iStock-98083837-1024x535.png\" data-object-fit=\"cover\" srcset=\"https:\/\/koernergabelstapler.de\/en\/wp-content\/uploads\/2026\/03\/bearbeitet_iStock-98083837-1024x535.png 1024w, https:\/\/koernergabelstapler.de\/en\/wp-content\/uploads\/2026\/03\/bearbeitet_iStock-98083837-300x157.png 300w, https:\/\/koernergabelstapler.de\/en\/wp-content\/uploads\/2026\/03\/bearbeitet_iStock-98083837-768x401.png 768w, https:\/\/koernergabelstapler.de\/en\/wp-content\/uploads\/2026\/03\/bearbeitet_iStock-98083837-1536x802.png 1536w, https:\/\/koernergabelstapler.de\/en\/wp-content\/uploads\/2026\/03\/bearbeitet_iStock-98083837.png 1980w\" sizes=\"auto, (max-width: 1024px) 100vw, 1024px\" \/><span aria-hidden=\"true\" class=\"wp-block-cover__background has-background-dim-0 has-background-dim\"><\/span><div class=\"wp-block-cover__inner-container is-layout-flow wp-block-cover-is-layout-flow\">\n<div style=\"height:55px\" aria-hidden=\"true\" class=\"wp-block-spacer\"><\/div>\n\n\n\n<h2 class=\"wp-block-heading has-text-align-center\">Used equipment and machines<\/h2>\n\n\n\n<hr class=\"wp-block-separator has-alpha-channel-opacity\"\/>\n\n\n\n<div style=\"height:35px\" aria-hidden=\"true\" class=\"wp-block-spacer\"><\/div>\n\n\n\n<div class=\"wp-block-columns hmn_content is-layout-flex wp-container-core-columns-is-layout-9d6595d7 wp-block-columns-is-layout-flex\" style=\"font-size:16px\">\n<div class=\"wp-block-column brd-l is-layout-flow wp-block-column-is-layout-flow\">\n<p>In addition, around 100 used machines from various brands are available for sale or for short and long term rental. With our own truck, new equipment and rental forklifts are delivered to customers at short notice. A nationwide dealer network ensures an ARTISON partner also near you.<\/p>\n<\/div>\n\n\n\n<div class=\"wp-block-column brd-l is-layout-flow wp-block-column-is-layout-flow\">\n<p>As a dealer for the universally applicable Goupil compact transporters with 100% electric drive and proven 72 volt high voltage technology, we operate throughout the entire postal code area 38.<\/p>\n<\/div>\n<\/div>\n\n\n\n<div style=\"height:55px\" aria-hidden=\"true\" class=\"wp-block-spacer\"><\/div>\n<\/div><\/div>\n","protected":false},"excerpt":{"rendered":"<p>ACTIVE NATIONWIDE AND REGIONALLY CONNECTED Company K\u00f6rner Gabelstapler serves end customers and forklift dealers Wilhelm K\u00f6rner founded our company in 1986, initially as a forklift dealer for eastern Lower Saxony. &#8230;<\/p>\n","protected":false},"author":1,"featured_media":11119,"parent":0,"menu_order":0,"comment_status":"closed","ping_status":"closed","template":"","meta":{"_coblocks_attr":"","_coblocks_dimensions":"","_coblocks_responsive_height":"","_coblocks_accordion_ie_support":"","pgc_sgb_lightbox_settings":"","footnotes":""},"class_list":["post-10353","page","type-page","status-publish","has-post-thumbnail","hentry"],"yoast_head":"<!-- This site is optimized with the Yoast SEO plugin v27.4 - https:\/\/yoast.com\/product\/yoast-seo-wordpress\/ -->\n<title>ABOUT US - W. K\u00f6rner GmbH<\/title>\n<meta name=\"robots\" content=\"index, follow, max-snippet:-1, max-image-preview:large, max-video-preview:-1\" \/>\n<link rel=\"canonical\" href=\"https:\/\/koernergabelstapler.de\/en\/?page_id=10353\" \/>\n<meta property=\"og:locale\" content=\"en_US\" \/>\n<meta property=\"og:type\" content=\"article\" \/>\n<meta property=\"og:title\" content=\"ABOUT US - W. K\u00f6rner GmbH\" \/>\n<meta property=\"og:description\" content=\"ACTIVE NATIONWIDE AND REGIONALLY CONNECTED Company K\u00f6rner Gabelstapler serves end customers and forklift dealers Wilhelm K\u00f6rner founded our company in 1986, initially as a forklift dealer for eastern Lower Saxony. ...\" \/>\n<meta property=\"og:url\" content=\"https:\/\/koernergabelstapler.de\/en\/?page_id=10353\" \/>\n<meta property=\"og:site_name\" content=\"W. K\u00f6rner GmbH\" \/>\n<meta property=\"article:modified_time\" content=\"2026-04-28T12:45:53+00:00\" \/>\n<meta property=\"og:image\" content=\"https:\/\/koernergabelstapler.de\/en\/wp-content\/uploads\/2026\/03\/slider-image-01.jpg\" \/>\n\t<meta property=\"og:image:width\" content=\"1200\" \/>\n\t<meta property=\"og:image:height\" content=\"675\" \/>\n\t<meta property=\"og:image:type\" content=\"image\/jpeg\" \/>\n<meta name=\"twitter:card\" content=\"summary_large_image\" \/>\n<meta name=\"twitter:label1\" content=\"Est. reading time\" \/>\n\t<meta name=\"twitter:data1\" content=\"4 minutes\" \/>\n<script type=\"application\/ld+json\" class=\"yoast-schema-graph\">{\"@context\":\"https:\\\/\\\/schema.org\",\"@graph\":[{\"@type\":\"WebPage\",\"@id\":\"https:\\\/\\\/koernergabelstapler.de\\\/en\\\/?page_id=10353\",\"url\":\"https:\\\/\\\/koernergabelstapler.de\\\/en\\\/?page_id=10353\",\"name\":\"ABOUT US - W. K\u00f6rner GmbH\",\"isPartOf\":{\"@id\":\"https:\\\/\\\/koernergabelstapler.de\\\/en\\\/#website\"},\"primaryImageOfPage\":{\"@id\":\"https:\\\/\\\/koernergabelstapler.de\\\/en\\\/?page_id=10353#primaryimage\"},\"image\":{\"@id\":\"https:\\\/\\\/koernergabelstapler.de\\\/en\\\/?page_id=10353#primaryimage\"},\"thumbnailUrl\":\"https:\\\/\\\/koernergabelstapler.de\\\/en\\\/wp-content\\\/uploads\\\/2026\\\/03\\\/slider-image-01.jpg\",\"datePublished\":\"2024-03-11T14:49:46+00:00\",\"dateModified\":\"2026-04-28T12:45:53+00:00\",\"breadcrumb\":{\"@id\":\"https:\\\/\\\/koernergabelstapler.de\\\/en\\\/?page_id=10353#breadcrumb\"},\"inLanguage\":\"en-US\",\"potentialAction\":[{\"@type\":\"ReadAction\",\"target\":[\"https:\\\/\\\/koernergabelstapler.de\\\/en\\\/?page_id=10353\"]}]},{\"@type\":\"ImageObject\",\"inLanguage\":\"en-US\",\"@id\":\"https:\\\/\\\/koernergabelstapler.de\\\/en\\\/?page_id=10353#primaryimage\",\"url\":\"https:\\\/\\\/koernergabelstapler.de\\\/en\\\/wp-content\\\/uploads\\\/2026\\\/03\\\/slider-image-01.jpg\",\"contentUrl\":\"https:\\\/\\\/koernergabelstapler.de\\\/en\\\/wp-content\\\/uploads\\\/2026\\\/03\\\/slider-image-01.jpg\",\"width\":1200,\"height\":675},{\"@type\":\"BreadcrumbList\",\"@id\":\"https:\\\/\\\/koernergabelstapler.de\\\/en\\\/?page_id=10353#breadcrumb\",\"itemListElement\":[{\"@type\":\"ListItem\",\"position\":1,\"name\":\"Home\",\"item\":\"https:\\\/\\\/koernergabelstapler.de\\\/en\\\/\"},{\"@type\":\"ListItem\",\"position\":2,\"name\":\"ABOUT US\"}]},{\"@type\":\"WebSite\",\"@id\":\"https:\\\/\\\/koernergabelstapler.de\\\/en\\\/#website\",\"url\":\"https:\\\/\\\/koernergabelstapler.de\\\/en\\\/\",\"name\":\"W. K\u00f6rner GmbH\",\"description\":\"Storage and transport systems\",\"publisher\":{\"@id\":\"https:\\\/\\\/koernergabelstapler.de\\\/en\\\/#organization\"},\"potentialAction\":[{\"@type\":\"SearchAction\",\"target\":{\"@type\":\"EntryPoint\",\"urlTemplate\":\"https:\\\/\\\/koernergabelstapler.de\\\/en\\\/?s={search_term_string}\"},\"query-input\":{\"@type\":\"PropertyValueSpecification\",\"valueRequired\":true,\"valueName\":\"search_term_string\"}}],\"inLanguage\":\"en-US\"},{\"@type\":\"Organization\",\"@id\":\"https:\\\/\\\/koernergabelstapler.de\\\/en\\\/#organization\",\"name\":\"Mustermann GmbH\",\"url\":\"https:\\\/\\\/koernergabelstapler.de\\\/en\\\/\",\"logo\":{\"@type\":\"ImageObject\",\"inLanguage\":\"en-US\",\"@id\":\"https:\\\/\\\/koernergabelstapler.de\\\/en\\\/#\\\/schema\\\/logo\\\/image\\\/\",\"url\":\"https:\\\/\\\/koernergabelstapler.de\\\/en\\\/wp-content\\\/uploads\\\/2026\\\/03\\\/201809_LOGO-Koerner-4c-HR_200px.png\",\"contentUrl\":\"https:\\\/\\\/koernergabelstapler.de\\\/en\\\/wp-content\\\/uploads\\\/2026\\\/03\\\/201809_LOGO-Koerner-4c-HR_200px.png\",\"width\":200,\"height\":134,\"caption\":\"Mustermann GmbH\"},\"image\":{\"@id\":\"https:\\\/\\\/koernergabelstapler.de\\\/en\\\/#\\\/schema\\\/logo\\\/image\\\/\"}}]}<\/script>\n<!-- \/ Yoast SEO plugin. -->","yoast_head_json":{"title":"ABOUT US - W. K\u00f6rner GmbH","robots":{"index":"index","follow":"follow","max-snippet":"max-snippet:-1","max-image-preview":"max-image-preview:large","max-video-preview":"max-video-preview:-1"},"canonical":"https:\/\/koernergabelstapler.de\/en\/?page_id=10353","og_locale":"en_US","og_type":"article","og_title":"ABOUT US - W. K\u00f6rner GmbH","og_description":"ACTIVE NATIONWIDE AND REGIONALLY CONNECTED Company K\u00f6rner Gabelstapler serves end customers and forklift dealers Wilhelm K\u00f6rner founded our company in 1986, initially as a forklift dealer for eastern Lower Saxony. ...","og_url":"https:\/\/koernergabelstapler.de\/en\/?page_id=10353","og_site_name":"W. K\u00f6rner GmbH","article_modified_time":"2026-04-28T12:45:53+00:00","og_image":[{"width":1200,"height":675,"url":"https:\/\/koernergabelstapler.de\/en\/wp-content\/uploads\/2026\/03\/slider-image-01.jpg","type":"image\/jpeg"}],"twitter_card":"summary_large_image","twitter_misc":{"Est. reading time":"4 minutes"},"schema":{"@context":"https:\/\/schema.org","@graph":[{"@type":"WebPage","@id":"https:\/\/koernergabelstapler.de\/en\/?page_id=10353","url":"https:\/\/koernergabelstapler.de\/en\/?page_id=10353","name":"ABOUT US - W. K\u00f6rner GmbH","isPartOf":{"@id":"https:\/\/koernergabelstapler.de\/en\/#website"},"primaryImageOfPage":{"@id":"https:\/\/koernergabelstapler.de\/en\/?page_id=10353#primaryimage"},"image":{"@id":"https:\/\/koernergabelstapler.de\/en\/?page_id=10353#primaryimage"},"thumbnailUrl":"https:\/\/koernergabelstapler.de\/en\/wp-content\/uploads\/2026\/03\/slider-image-01.jpg","datePublished":"2024-03-11T14:49:46+00:00","dateModified":"2026-04-28T12:45:53+00:00","breadcrumb":{"@id":"https:\/\/koernergabelstapler.de\/en\/?page_id=10353#breadcrumb"},"inLanguage":"en-US","potentialAction":[{"@type":"ReadAction","target":["https:\/\/koernergabelstapler.de\/en\/?page_id=10353"]}]},{"@type":"ImageObject","inLanguage":"en-US","@id":"https:\/\/koernergabelstapler.de\/en\/?page_id=10353#primaryimage","url":"https:\/\/koernergabelstapler.de\/en\/wp-content\/uploads\/2026\/03\/slider-image-01.jpg","contentUrl":"https:\/\/koernergabelstapler.de\/en\/wp-content\/uploads\/2026\/03\/slider-image-01.jpg","width":1200,"height":675},{"@type":"BreadcrumbList","@id":"https:\/\/koernergabelstapler.de\/en\/?page_id=10353#breadcrumb","itemListElement":[{"@type":"ListItem","position":1,"name":"Home","item":"https:\/\/koernergabelstapler.de\/en\/"},{"@type":"ListItem","position":2,"name":"ABOUT US"}]},{"@type":"WebSite","@id":"https:\/\/koernergabelstapler.de\/en\/#website","url":"https:\/\/koernergabelstapler.de\/en\/","name":"W. K\u00f6rner GmbH","description":"Storage and transport systems","publisher":{"@id":"https:\/\/koernergabelstapler.de\/en\/#organization"},"potentialAction":[{"@type":"SearchAction","target":{"@type":"EntryPoint","urlTemplate":"https:\/\/koernergabelstapler.de\/en\/?s={search_term_string}"},"query-input":{"@type":"PropertyValueSpecification","valueRequired":true,"valueName":"search_term_string"}}],"inLanguage":"en-US"},{"@type":"Organization","@id":"https:\/\/koernergabelstapler.de\/en\/#organization","name":"Mustermann GmbH","url":"https:\/\/koernergabelstapler.de\/en\/","logo":{"@type":"ImageObject","inLanguage":"en-US","@id":"https:\/\/koernergabelstapler.de\/en\/#\/schema\/logo\/image\/","url":"https:\/\/koernergabelstapler.de\/en\/wp-content\/uploads\/2026\/03\/201809_LOGO-Koerner-4c-HR_200px.png","contentUrl":"https:\/\/koernergabelstapler.de\/en\/wp-content\/uploads\/2026\/03\/201809_LOGO-Koerner-4c-HR_200px.png","width":200,"height":134,"caption":"Mustermann GmbH"},"image":{"@id":"https:\/\/koernergabelstapler.de\/en\/#\/schema\/logo\/image\/"}}]}},"_links":{"self":[{"href":"https:\/\/koernergabelstapler.de\/en\/index.php?rest_route=\/wp\/v2\/pages\/10353","targetHints":{"allow":["GET"]}}],"collection":[{"href":"https:\/\/koernergabelstapler.de\/en\/index.php?rest_route=\/wp\/v2\/pages"}],"about":[{"href":"https:\/\/koernergabelstapler.de\/en\/index.php?rest_route=\/wp\/v2\/types\/page"}],"author":[{"embeddable":true,"href":"https:\/\/koernergabelstapler.de\/en\/index.php?rest_route=\/wp\/v2\/users\/1"}],"replies":[{"embeddable":true,"href":"https:\/\/koernergabelstapler.de\/en\/index.php?rest_route=%2Fwp%2Fv2%2Fcomments&post=10353"}],"version-history":[{"count":51,"href":"https:\/\/koernergabelstapler.de\/en\/index.php?rest_route=\/wp\/v2\/pages\/10353\/revisions"}],"predecessor-version":[{"id":13071,"href":"https:\/\/koernergabelstapler.de\/en\/index.php?rest_route=\/wp\/v2\/pages\/10353\/revisions\/13071"}],"wp:featuredmedia":[{"embeddable":true,"href":"https:\/\/koernergabelstapler.de\/en\/index.php?rest_route=\/wp\/v2\/media\/11119"}],"wp:attachment":[{"href":"https:\/\/koernergabelstapler.de\/en\/index.php?rest_route=%2Fwp%2Fv2%2Fmedia&parent=10353"}],"curies":[{"name":"wp","href":"https:\/\/api.w.org\/{rel}","templated":true}]}}