{"id":10939,"date":"2026-03-06T00:51:13","date_gmt":"2026-03-05T23:51:13","guid":{"rendered":"https:\/\/seobest.de\/demo02032655\/?page_id=10939"},"modified":"2026-04-28T14:45:28","modified_gmt":"2026-04-28T12:45:28","slug":"rental","status":"publish","type":"page","link":"https:\/\/koernergabelstapler.de\/en\/?page_id=10939","title":{"rendered":"RENTAL"},"content":{"rendered":"\n<h2 class=\"wp-block-heading has-text-align-center fwd_class o-typing-fast has-black-color has-text-color has-background has-link-color wp-elements-653cbc10947d9b2f66c3828e009cf1c7\" style=\"background-color:#fed03d;font-size:2.5rem\"><o-anim-typing>FORKLIFT TRUCKS FOR RENT<\/o-anim-typing><\/h2>\n\n\n\n<div style=\"height:100px\" aria-hidden=\"true\" class=\"wp-block-spacer\"><\/div>\n\n\n\n<div class=\"wp-block-columns animated fadeInLeft is-layout-flex wp-container-core-columns-is-layout-9d6595d7 wp-block-columns-is-layout-flex\">\n<div class=\"wp-block-column is-vertically-aligned-center is-layout-flow wp-block-column-is-layout-flow\" style=\"flex-basis:66%\">\n<h2 class=\"wp-block-heading\">Wide selection of forklifts<br>for Braunschweig and<\/h2>\n\n\n\n<div class=\"wp-block-columns is-layout-flex wp-container-core-columns-is-layout-9d6595d7 wp-block-columns-is-layout-flex\">\n<div class=\"wp-block-column is-vertically-aligned-top is-layout-flow wp-block-column-is-layout-flow\" style=\"flex-basis:66.66%\">\n<hr class=\"wp-block-separator has-text-color has-alpha-channel-opacity has-background is-style-wide\" style=\"background-color:#fed03d;color:#fed03d\"\/>\n<\/div>\n\n\n\n<div class=\"wp-block-column is-layout-flow wp-block-column-is-layout-flow\" style=\"flex-basis:33.33%\"><\/div>\n<\/div>\n\n\n\n<p style=\"font-size:16px\">At K\u00f6rner Gabelstapler in Gro\u00df Schw\u00fclper you will find a wide range of used rental equipment. Forklift trucks, front forklifts, telescopic forklifts, pedestrian stackers, rough terrain forklifts, sweepers, pallet trucks and many more.<\/p>\n\n\n\n<p style=\"font-size:16px\">We provide our versatile equipment to companies as well as private customers. The right solution for every project \u2013 arrange your appointment with us now!<\/p>\n\n\n\n<div style=\"height:30px\" aria-hidden=\"true\" class=\"wp-block-spacer\"><\/div>\n\n\n\n<div class=\"wp-block-buttons is-content-justification-left is-layout-flex wp-container-core-buttons-is-layout-fdcfc74e wp-block-buttons-is-layout-flex\">\n<div class=\"wp-block-button\"><a class=\"wp-block-button__link has-white-color has-text-color has-background has-link-color wp-element-button\" href=\"https:\/\/www.forklift-international.com\/externmiete\/?user=koerner\" style=\"background:linear-gradient(135deg,rgb(255,193,7) 0%,rgb(51,51,51) 86%)\" target=\"_blank\" rel=\"noreferrer noopener\">VIEW ALL RENTAL EQUIPMENT <img loading=\"lazy\" decoding=\"async\" width=\"30\" height=\"30\" class=\"wp-image-12176\" style=\"width: 30px;\" src=\"https:\/\/koernergabelstapler.de\/en\/wp-content\/uploads\/2026\/03\/arrow-circle-right-fill.png\" alt=\"\"><\/a><\/div>\n<\/div>\n<\/div>\n\n\n\n<div class=\"wp-block-column is-vertically-aligned-center icon-b is-layout-flow wp-block-column-is-layout-flow\"><div class=\"_df_thumb \" id=\"df_12168\"  _slug=\"mietpreise\" data-title=\"mietpreise\" wpoptions=\"true\" thumb=\"https:\/\/koernergabelstapler.de\/en\/wp-content\/uploads\/2026\/03\/7-144318.png\" thumbtype=\"\" >MIETPREISE<\/div><script class=\"df-shortcode-script\" nowprocket type=\"application\/javascript\">window.option_df_12168 = {\"outline\":[],\"autoEnableOutline\":\"false\",\"autoEnableThumbnail\":\"false\",\"overwritePDFOutline\":\"false\",\"direction\":\"1\",\"pageSize\":\"0\",\"source\":\"https:\\\/\\\/koernergabelstapler.de\\\/en\\\/wp-content\\\/uploads\\\/2026\\\/03\\\/MIETPREISE.pdf\",\"wpOptions\":\"true\"}; if(window.DFLIP && window.DFLIP.parseBooks){window.DFLIP.parseBooks();}<\/script>\n\n\n\n<h3 class=\"wp-block-heading has-text-align-center\">RENTAL PRICES<\/h3>\n<\/div>\n<\/div>\n\n\n\n<div style=\"height:100px\" aria-hidden=\"true\" class=\"wp-block-spacer\"><\/div>\n\n\n\n<p class=\"fwd_line\"><\/p>\n\n\n\n<div style=\"height:100px\" aria-hidden=\"true\" class=\"wp-block-spacer\"><\/div>\n\n\n<div class=\"pgc-sgb-cb wp-block-pgcsimplygalleryblock-slider \" data-gallery-id=\"e3382776\"style=&quot;min-height:400px&quot;><div class=\"sgb-preloader\" id=\"pr_e3382776\">\n\t<div class=\"sgb-square\" style=\"background:#d4d4d4\"><\/div>\n\t<div class=\"sgb-square\" style=\"background:#d4d4d4\"><\/div>\n\t<div class=\"sgb-square\" style=\"background:#d4d4d4\"><\/div>\n\t<div class=\"sgb-square\" style=\"background:#d4d4d4\"><\/div><\/div><div class=\"simply-gallery-amp pgc_sgb_slider \"><noscript><div class=\"sgb-gallery\"><div class=\"sgb-item\"><a href=\"https:\/\/koernergabelstapler.de\/en\/mieten\/mietstapler_2-600x450\/\" target=\"_blank\"><img decoding=\"async\" alt=\"\" width=\"300\" height=\"225\" loading=\"lazy\" src=\"https:\/\/koernergabelstapler.de\/en\/wp-content\/uploads\/2026\/03\/Mietstapler_2-600x450-1-300x225.jpg\" srcset=\"https:\/\/koernergabelstapler.de\/en\/wp-content\/uploads\/2026\/03\/Mietstapler_2-600x450-1-300x225.jpg 300w,https:\/\/koernergabelstapler.de\/en\/wp-content\/uploads\/2026\/03\/Mietstapler_2-600x450-1.jpg 600w\" sizes=\"auto, 250px\"\/><\/a><\/div><div class=\"sgb-item\"><a href=\"https:\/\/koernergabelstapler.de\/en\/mieten\/mietstapler_3-600x450\/\" target=\"_blank\"><img decoding=\"async\" alt=\"\" width=\"300\" height=\"225\" loading=\"lazy\" src=\"https:\/\/koernergabelstapler.de\/en\/wp-content\/uploads\/2026\/03\/Mietstapler_3-600x450-1-300x225.jpg\" srcset=\"https:\/\/koernergabelstapler.de\/en\/wp-content\/uploads\/2026\/03\/Mietstapler_3-600x450-1-300x225.jpg 300w,https:\/\/koernergabelstapler.de\/en\/wp-content\/uploads\/2026\/03\/Mietstapler_3-600x450-1.jpg 600w\" sizes=\"auto, 250px\"\/><\/a><\/div><div class=\"sgb-item\"><a href=\"https:\/\/koernergabelstapler.de\/en\/mieten\/mietstapler_4-600x450\/\" target=\"_blank\"><img decoding=\"async\" alt=\"\" width=\"300\" height=\"225\" loading=\"lazy\" src=\"https:\/\/koernergabelstapler.de\/en\/wp-content\/uploads\/2026\/03\/Mietstapler_4-600x450-1-300x225.jpg\" srcset=\"https:\/\/koernergabelstapler.de\/en\/wp-content\/uploads\/2026\/03\/Mietstapler_4-600x450-1-300x225.jpg 300w,https:\/\/koernergabelstapler.de\/en\/wp-content\/uploads\/2026\/03\/Mietstapler_4-600x450-1.jpg 600w\" sizes=\"auto, 250px\"\/><\/a><\/div><div class=\"sgb-item\"><a href=\"https:\/\/koernergabelstapler.de\/en\/mieten\/mietstapler_5-600x450\/\" target=\"_blank\"><img decoding=\"async\" alt=\"\" width=\"300\" height=\"225\" loading=\"lazy\" src=\"https:\/\/koernergabelstapler.de\/en\/wp-content\/uploads\/2026\/03\/Mietstapler_5-600x450-1-300x225.jpg\" srcset=\"https:\/\/koernergabelstapler.de\/en\/wp-content\/uploads\/2026\/03\/Mietstapler_5-600x450-1-300x225.jpg 300w,https:\/\/koernergabelstapler.de\/en\/wp-content\/uploads\/2026\/03\/Mietstapler_5-600x450-1.jpg 600w\" sizes=\"auto, 250px\"\/><\/a><\/div><div class=\"sgb-item\"><a href=\"https:\/\/koernergabelstapler.de\/en\/mieten\/mietstapler_6-600x450\/\" target=\"_blank\"><img decoding=\"async\" alt=\"\" width=\"300\" height=\"225\" loading=\"lazy\" src=\"https:\/\/koernergabelstapler.de\/en\/wp-content\/uploads\/2026\/03\/Mietstapler_6-600x450-1-300x225.jpg\" srcset=\"https:\/\/koernergabelstapler.de\/en\/wp-content\/uploads\/2026\/03\/Mietstapler_6-600x450-1-300x225.jpg 300w,https:\/\/koernergabelstapler.de\/en\/wp-content\/uploads\/2026\/03\/Mietstapler_6-600x450-1.jpg 600w\" sizes=\"auto, 250px\"\/><\/a><\/div><div class=\"sgb-item\"><a href=\"https:\/\/koernergabelstapler.de\/en\/mieten\/mietstapler-600x450\/\" target=\"_blank\"><img decoding=\"async\" alt=\"\" width=\"300\" height=\"225\" loading=\"lazy\" src=\"https:\/\/koernergabelstapler.de\/en\/wp-content\/uploads\/2026\/03\/Mietstapler-600x450-1-300x225.jpg\" srcset=\"https:\/\/koernergabelstapler.de\/en\/wp-content\/uploads\/2026\/03\/Mietstapler-600x450-1-300x225.jpg 300w,https:\/\/koernergabelstapler.de\/en\/wp-content\/uploads\/2026\/03\/Mietstapler-600x450-1.jpg 600w\" sizes=\"auto, 250px\"\/><\/a><\/div><\/div><\/noscript><\/div><script type=\"application\/json\" class=\"sgb-data\">{\"collectionthumbRoundedCorners\":20,\"collectionThumbSubMenuDownload\":false,\"collectionThumbSubMenuShare\":false,\"sliderAdminWidth\":840,\"collectionColumns\":2,\"autoPlay\":true,\"galleryType\":\"pgc_sgb_slider\",\"galleryId\":\"e3382776\",\"images\":[{\"id\":12181,\"title\":\"Mietstapler_2-600x450\",\"url\":\"https:\/\/koernergabelstapler.de\/en\/wp-content\/uploads\/2026\/03\/Mietstapler_2-600x450-1.jpg\",\"link\":\"https:\/\/koernergabelstapler.de\/en\/mieten\/mietstapler_2-600x450\/\",\"alt\":\"\",\"description\":\"\",\"caption\":\"\",\"mime\":\"image\/jpeg\",\"type\":\"image\",\"width\":600,\"height\":450,\"sizes\":{\"thumbnail\":{\"height\":150,\"width\":150,\"url\":\"https:\/\/koernergabelstapler.de\/en\/wp-content\/uploads\/2026\/03\/Mietstapler_2-600x450-1-150x150.jpg\",\"orientation\":\"landscape\"},\"medium\":{\"height\":225,\"width\":300,\"url\":\"https:\/\/koernergabelstapler.de\/en\/wp-content\/uploads\/2026\/03\/Mietstapler_2-600x450-1-300x225.jpg\",\"orientation\":\"landscape\"},\"full\":{\"url\":\"https:\/\/koernergabelstapler.de\/en\/wp-content\/uploads\/2026\/03\/Mietstapler_2-600x450-1.jpg\",\"height\":450,\"width\":600,\"orientation\":\"landscape\"}},\"imageMeta\":{\"aperture\":\"0\",\"credit\":\"\",\"camera\":\"\",\"caption\":\"\",\"created_timestamp\":\"0\",\"copyright\":\"\",\"focal_length\":\"0\",\"iso\":\"0\",\"shutter_speed\":\"0\",\"title\":\"\",\"orientation\":\"0\",\"keywords\":[]},\"meta\":false,\"postlink\":\"https:\/\/koernergabelstapler.de\/en\/mieten\/mietstapler_2-600x450\/\"},{\"id\":12182,\"title\":\"Mietstapler_3-600x450\",\"url\":\"https:\/\/koernergabelstapler.de\/en\/wp-content\/uploads\/2026\/03\/Mietstapler_3-600x450-1.jpg\",\"link\":\"https:\/\/koernergabelstapler.de\/en\/mieten\/mietstapler_3-600x450\/\",\"alt\":\"\",\"description\":\"\",\"caption\":\"\",\"mime\":\"image\/jpeg\",\"type\":\"image\",\"width\":600,\"height\":450,\"sizes\":{\"thumbnail\":{\"height\":150,\"width\":150,\"url\":\"https:\/\/koernergabelstapler.de\/en\/wp-content\/uploads\/2026\/03\/Mietstapler_3-600x450-1-150x150.jpg\",\"orientation\":\"landscape\"},\"medium\":{\"height\":225,\"width\":300,\"url\":\"https:\/\/koernergabelstapler.de\/en\/wp-content\/uploads\/2026\/03\/Mietstapler_3-600x450-1-300x225.jpg\",\"orientation\":\"landscape\"},\"full\":{\"url\":\"https:\/\/koernergabelstapler.de\/en\/wp-content\/uploads\/2026\/03\/Mietstapler_3-600x450-1.jpg\",\"height\":450,\"width\":600,\"orientation\":\"landscape\"}},\"imageMeta\":{\"aperture\":\"0\",\"credit\":\"\",\"camera\":\"\",\"caption\":\"\",\"created_timestamp\":\"0\",\"copyright\":\"\",\"focal_length\":\"0\",\"iso\":\"0\",\"shutter_speed\":\"0\",\"title\":\"\",\"orientation\":\"0\",\"keywords\":[]},\"meta\":false,\"postlink\":\"https:\/\/koernergabelstapler.de\/en\/mieten\/mietstapler_3-600x450\/\"},{\"id\":12183,\"title\":\"Mietstapler_4-600x450\",\"url\":\"https:\/\/koernergabelstapler.de\/en\/wp-content\/uploads\/2026\/03\/Mietstapler_4-600x450-1.jpg\",\"link\":\"https:\/\/koernergabelstapler.de\/en\/mieten\/mietstapler_4-600x450\/\",\"alt\":\"\",\"description\":\"\",\"caption\":\"\",\"mime\":\"image\/jpeg\",\"type\":\"image\",\"width\":600,\"height\":450,\"sizes\":{\"thumbnail\":{\"height\":150,\"width\":150,\"url\":\"https:\/\/koernergabelstapler.de\/en\/wp-content\/uploads\/2026\/03\/Mietstapler_4-600x450-1-150x150.jpg\",\"orientation\":\"landscape\"},\"medium\":{\"height\":225,\"width\":300,\"url\":\"https:\/\/koernergabelstapler.de\/en\/wp-content\/uploads\/2026\/03\/Mietstapler_4-600x450-1-300x225.jpg\",\"orientation\":\"landscape\"},\"full\":{\"url\":\"https:\/\/koernergabelstapler.de\/en\/wp-content\/uploads\/2026\/03\/Mietstapler_4-600x450-1.jpg\",\"height\":450,\"width\":600,\"orientation\":\"landscape\"}},\"imageMeta\":{\"aperture\":\"0\",\"credit\":\"\",\"camera\":\"\",\"caption\":\"\",\"created_timestamp\":\"0\",\"copyright\":\"\",\"focal_length\":\"0\",\"iso\":\"0\",\"shutter_speed\":\"0\",\"title\":\"\",\"orientation\":\"0\",\"keywords\":[]},\"meta\":false,\"postlink\":\"https:\/\/koernergabelstapler.de\/en\/mieten\/mietstapler_4-600x450\/\"},{\"id\":12184,\"title\":\"Mietstapler_5-600x450\",\"url\":\"https:\/\/koernergabelstapler.de\/en\/wp-content\/uploads\/2026\/03\/Mietstapler_5-600x450-1.jpg\",\"link\":\"https:\/\/koernergabelstapler.de\/en\/mieten\/mietstapler_5-600x450\/\",\"alt\":\"\",\"description\":\"\",\"caption\":\"\",\"mime\":\"image\/jpeg\",\"type\":\"image\",\"width\":600,\"height\":450,\"sizes\":{\"thumbnail\":{\"height\":150,\"width\":150,\"url\":\"https:\/\/koernergabelstapler.de\/en\/wp-content\/uploads\/2026\/03\/Mietstapler_5-600x450-1-150x150.jpg\",\"orientation\":\"landscape\"},\"medium\":{\"height\":225,\"width\":300,\"url\":\"https:\/\/koernergabelstapler.de\/en\/wp-content\/uploads\/2026\/03\/Mietstapler_5-600x450-1-300x225.jpg\",\"orientation\":\"landscape\"},\"full\":{\"url\":\"https:\/\/koernergabelstapler.de\/en\/wp-content\/uploads\/2026\/03\/Mietstapler_5-600x450-1.jpg\",\"height\":450,\"width\":600,\"orientation\":\"landscape\"}},\"imageMeta\":{\"aperture\":\"0\",\"credit\":\"\",\"camera\":\"\",\"caption\":\"\",\"created_timestamp\":\"0\",\"copyright\":\"\",\"focal_length\":\"0\",\"iso\":\"0\",\"shutter_speed\":\"0\",\"title\":\"\",\"orientation\":\"0\",\"keywords\":[]},\"meta\":false,\"postlink\":\"https:\/\/koernergabelstapler.de\/en\/mieten\/mietstapler_5-600x450\/\"},{\"id\":12185,\"title\":\"Mietstapler_6-600x450\",\"url\":\"https:\/\/koernergabelstapler.de\/en\/wp-content\/uploads\/2026\/03\/Mietstapler_6-600x450-1.jpg\",\"link\":\"https:\/\/koernergabelstapler.de\/en\/mieten\/mietstapler_6-600x450\/\",\"alt\":\"\",\"description\":\"\",\"caption\":\"\",\"mime\":\"image\/jpeg\",\"type\":\"image\",\"width\":600,\"height\":450,\"sizes\":{\"thumbnail\":{\"height\":150,\"width\":150,\"url\":\"https:\/\/koernergabelstapler.de\/en\/wp-content\/uploads\/2026\/03\/Mietstapler_6-600x450-1-150x150.jpg\",\"orientation\":\"landscape\"},\"medium\":{\"height\":225,\"width\":300,\"url\":\"https:\/\/koernergabelstapler.de\/en\/wp-content\/uploads\/2026\/03\/Mietstapler_6-600x450-1-300x225.jpg\",\"orientation\":\"landscape\"},\"full\":{\"url\":\"https:\/\/koernergabelstapler.de\/en\/wp-content\/uploads\/2026\/03\/Mietstapler_6-600x450-1.jpg\",\"height\":450,\"width\":600,\"orientation\":\"landscape\"}},\"imageMeta\":{\"aperture\":\"0\",\"credit\":\"\",\"camera\":\"\",\"caption\":\"\",\"created_timestamp\":\"0\",\"copyright\":\"\",\"focal_length\":\"0\",\"iso\":\"0\",\"shutter_speed\":\"0\",\"title\":\"\",\"orientation\":\"0\",\"keywords\":[]},\"meta\":false,\"postlink\":\"https:\/\/koernergabelstapler.de\/en\/mieten\/mietstapler_6-600x450\/\"},{\"id\":12186,\"title\":\"Mietstapler-600x450\",\"url\":\"https:\/\/koernergabelstapler.de\/en\/wp-content\/uploads\/2026\/03\/Mietstapler-600x450-1.jpg\",\"link\":\"https:\/\/koernergabelstapler.de\/en\/mieten\/mietstapler-600x450\/\",\"alt\":\"\",\"description\":\"\",\"caption\":\"\",\"mime\":\"image\/jpeg\",\"type\":\"image\",\"width\":600,\"height\":450,\"sizes\":{\"thumbnail\":{\"height\":150,\"width\":150,\"url\":\"https:\/\/koernergabelstapler.de\/en\/wp-content\/uploads\/2026\/03\/Mietstapler-600x450-1-150x150.jpg\",\"orientation\":\"landscape\"},\"medium\":{\"height\":225,\"width\":300,\"url\":\"https:\/\/koernergabelstapler.de\/en\/wp-content\/uploads\/2026\/03\/Mietstapler-600x450-1-300x225.jpg\",\"orientation\":\"landscape\"},\"full\":{\"url\":\"https:\/\/koernergabelstapler.de\/en\/wp-content\/uploads\/2026\/03\/Mietstapler-600x450-1.jpg\",\"height\":450,\"width\":600,\"orientation\":\"landscape\"}},\"imageMeta\":{\"aperture\":\"0\",\"credit\":\"\",\"camera\":\"\",\"caption\":\"\",\"created_timestamp\":\"0\",\"copyright\":\"\",\"focal_length\":\"0\",\"iso\":\"0\",\"shutter_speed\":\"0\",\"title\":\"\",\"orientation\":\"0\",\"keywords\":[]},\"meta\":false,\"postlink\":\"https:\/\/koernergabelstapler.de\/en\/mieten\/mietstapler-600x450\/\"}],\"itemsMetaDataCollection\":[]}<\/script><script>(function(){if(window.PGC_SGB && window.PGC_SGB.searcher){window.PGC_SGB.searcher.initBlocks()}})()<\/script><\/div>\n\n\n<div style=\"height:100px\" aria-hidden=\"true\" class=\"wp-block-spacer\"><\/div>\n\n\n\n<p class=\"fwd_line\"><\/p>\n\n\n\n<div style=\"height:100px\" aria-hidden=\"true\" class=\"wp-block-spacer\"><\/div>\n\n\n\n<div class=\"wp-block-columns is-layout-flex wp-container-core-columns-is-layout-9d6595d7 wp-block-columns-is-layout-flex\">\n<div class=\"wp-block-column is-layout-flow wp-block-column-is-layout-flow\" style=\"flex-basis:7%\"><\/div>\n\n\n\n<div class=\"wp-block-column is-layout-flow wp-block-column-is-layout-flow\">\n<figure class=\"wp-block-embed alignfull is-type-video is-provider-vimeo wp-block-embed-vimeo\"><div class=\"wp-block-embed__wrapper\">\n<iframe loading=\"lazy\" src=\"https:\/\/player.vimeo.com\/video\/292694555?dnt=1&amp;app_id=122963\" width=\"800\" height=\"453\" frameborder=\"0\" allow=\"autoplay; fullscreen; picture-in-picture; clipboard-write; encrypted-media; web-share\" referrerpolicy=\"strict-origin-when-cross-origin\"><\/iframe>\n<\/div><\/figure>\n<\/div>\n\n\n\n<div class=\"wp-block-column is-layout-flow wp-block-column-is-layout-flow\" style=\"flex-basis:7%\"><\/div>\n<\/div>\n\n\n\n<div style=\"height:100px\" aria-hidden=\"true\" class=\"wp-block-spacer\"><\/div>\n\n\n\n<div class=\"wp-block-columns animated fadeInLeft is-layout-flex wp-container-core-columns-is-layout-9d6595d7 wp-block-columns-is-layout-flex\">\n<div class=\"wp-block-column is-vertically-aligned-center icon-b is-layout-flow wp-block-column-is-layout-flow\"><div class=\"wp-block-image\">\n<figure class=\"aligncenter size-full is-resized\"><img loading=\"lazy\" decoding=\"async\" width=\"96\" height=\"96\" src=\"https:\/\/koernergabelstapler.de\/en\/wp-content\/uploads\/2026\/03\/headset-fill.png\" alt=\"\" class=\"wp-image-11000\" style=\"width:100px\"\/><\/figure>\n<\/div>\n\n\n<h3 class=\"wp-block-heading has-text-align-center\">Oliver L\u00fcbbecke<\/h3>\n\n\n\n<p class=\"has-text-align-center\" style=\"font-size:16px\">Rental vehicles and spare parts<\/p>\n\n\n\n<p class=\"has-text-align-center\"><strong>Tel: 05303 9595-15<br><\/strong>ed@koernergabelstapler.de<\/p>\n\n\n\n<p class=\"has-text-align-center\"><\/p>\n<\/div>\n\n\n\n<div class=\"wp-block-column is-layout-flow wp-block-column-is-layout-flow\" style=\"flex-basis:66%\">\n<h2 class=\"wp-block-heading o-typing-delay-100ms o-typing-fast\">Rental prices and conditions summarized<\/h2>\n\n\n\n<div class=\"wp-block-columns is-layout-flex wp-container-core-columns-is-layout-9d6595d7 wp-block-columns-is-layout-flex\">\n<div class=\"wp-block-column is-vertically-aligned-top is-layout-flow wp-block-column-is-layout-flow\" style=\"flex-basis:66.66%\">\n<hr class=\"wp-block-separator has-text-color has-alpha-channel-opacity has-background is-style-wide\" style=\"background-color:#fed03d;color:#fed03d\"\/>\n<\/div>\n\n\n\n<div class=\"wp-block-column is-layout-flow wp-block-column-is-layout-flow\" style=\"flex-basis:33.33%\"><\/div>\n<\/div>\n\n\n\n<p style=\"font-size:16px\">We provide the rental object ex warehouse at Braunschweiger Stra\u00dfe 15, 38179 Gro\u00df Schw\u00fclper for collection and availability. The general rental conditions of the lessor apply to the rental. The rental prices also apply for \u201csingle shift operation\u201d. The rent is to be paid in advance or within eight days after receipt of invoice net without deduction.<\/p>\n\n\n\n<p style=\"font-size:16px\">All prices are exclusive of statutory VAT.<\/p>\n<\/div>\n<\/div>\n\n\n\n<div style=\"height:100px\" aria-hidden=\"true\" class=\"wp-block-spacer\"><\/div>\n","protected":false},"excerpt":{"rendered":"<p>FORKLIFT TRUCKS FOR RENT Wide selection of forkliftsfor Braunschweig and At K\u00f6rner Gabelstapler in Gro\u00df Schw\u00fclper you will find a wide range of used rental equipment. Forklift trucks, front forklifts, &#8230;<\/p>\n","protected":false},"author":1,"featured_media":11119,"parent":0,"menu_order":0,"comment_status":"closed","ping_status":"closed","template":"","meta":{"_coblocks_attr":"","_coblocks_dimensions":"","_coblocks_responsive_height":"","_coblocks_accordion_ie_support":"","pgc_sgb_lightbox_settings":"","footnotes":""},"class_list":["post-10939","page","type-page","status-publish","has-post-thumbnail","hentry"],"yoast_head":"<!-- This site is optimized with the Yoast SEO plugin v27.4 - https:\/\/yoast.com\/product\/yoast-seo-wordpress\/ -->\n<title>RENTAL - W. K\u00f6rner GmbH<\/title>\n<meta name=\"robots\" content=\"index, follow, max-snippet:-1, max-image-preview:large, max-video-preview:-1\" \/>\n<link rel=\"canonical\" href=\"https:\/\/koernergabelstapler.de\/en\/?page_id=10939\" \/>\n<meta property=\"og:locale\" content=\"en_US\" \/>\n<meta property=\"og:type\" content=\"article\" \/>\n<meta property=\"og:title\" content=\"RENTAL - W. K\u00f6rner GmbH\" \/>\n<meta property=\"og:description\" content=\"FORKLIFT TRUCKS FOR RENT Wide selection of forkliftsfor Braunschweig and At K\u00f6rner Gabelstapler in Gro\u00df Schw\u00fclper you will find a wide range of used rental equipment. Forklift trucks, front forklifts, ...\" \/>\n<meta property=\"og:url\" content=\"https:\/\/koernergabelstapler.de\/en\/?page_id=10939\" \/>\n<meta property=\"og:site_name\" content=\"W. K\u00f6rner GmbH\" \/>\n<meta property=\"article:modified_time\" content=\"2026-04-28T12:45:28+00:00\" \/>\n<meta property=\"og:image\" content=\"https:\/\/koernergabelstapler.de\/en\/wp-content\/uploads\/2026\/03\/slider-image-01.jpg\" \/>\n\t<meta property=\"og:image:width\" content=\"1200\" \/>\n\t<meta property=\"og:image:height\" content=\"675\" \/>\n\t<meta property=\"og:image:type\" content=\"image\/jpeg\" \/>\n<meta name=\"twitter:card\" content=\"summary_large_image\" \/>\n<meta name=\"twitter:label1\" content=\"Est. reading time\" \/>\n\t<meta name=\"twitter:data1\" content=\"3 minutes\" \/>\n<script type=\"application\/ld+json\" class=\"yoast-schema-graph\">{\"@context\":\"https:\\\/\\\/schema.org\",\"@graph\":[{\"@type\":\"WebPage\",\"@id\":\"https:\\\/\\\/koernergabelstapler.de\\\/en\\\/?page_id=10939\",\"url\":\"https:\\\/\\\/koernergabelstapler.de\\\/en\\\/?page_id=10939\",\"name\":\"RENTAL - W. K\u00f6rner GmbH\",\"isPartOf\":{\"@id\":\"https:\\\/\\\/koernergabelstapler.de\\\/en\\\/#website\"},\"primaryImageOfPage\":{\"@id\":\"https:\\\/\\\/koernergabelstapler.de\\\/en\\\/?page_id=10939#primaryimage\"},\"image\":{\"@id\":\"https:\\\/\\\/koernergabelstapler.de\\\/en\\\/?page_id=10939#primaryimage\"},\"thumbnailUrl\":\"https:\\\/\\\/koernergabelstapler.de\\\/en\\\/wp-content\\\/uploads\\\/2026\\\/03\\\/slider-image-01.jpg\",\"datePublished\":\"2026-03-05T23:51:13+00:00\",\"dateModified\":\"2026-04-28T12:45:28+00:00\",\"breadcrumb\":{\"@id\":\"https:\\\/\\\/koernergabelstapler.de\\\/en\\\/?page_id=10939#breadcrumb\"},\"inLanguage\":\"en-US\",\"potentialAction\":[{\"@type\":\"ReadAction\",\"target\":[\"https:\\\/\\\/koernergabelstapler.de\\\/en\\\/?page_id=10939\"]}]},{\"@type\":\"ImageObject\",\"inLanguage\":\"en-US\",\"@id\":\"https:\\\/\\\/koernergabelstapler.de\\\/en\\\/?page_id=10939#primaryimage\",\"url\":\"https:\\\/\\\/koernergabelstapler.de\\\/en\\\/wp-content\\\/uploads\\\/2026\\\/03\\\/slider-image-01.jpg\",\"contentUrl\":\"https:\\\/\\\/koernergabelstapler.de\\\/en\\\/wp-content\\\/uploads\\\/2026\\\/03\\\/slider-image-01.jpg\",\"width\":1200,\"height\":675},{\"@type\":\"BreadcrumbList\",\"@id\":\"https:\\\/\\\/koernergabelstapler.de\\\/en\\\/?page_id=10939#breadcrumb\",\"itemListElement\":[{\"@type\":\"ListItem\",\"position\":1,\"name\":\"Home\",\"item\":\"https:\\\/\\\/koernergabelstapler.de\\\/en\\\/\"},{\"@type\":\"ListItem\",\"position\":2,\"name\":\"RENTAL\"}]},{\"@type\":\"WebSite\",\"@id\":\"https:\\\/\\\/koernergabelstapler.de\\\/en\\\/#website\",\"url\":\"https:\\\/\\\/koernergabelstapler.de\\\/en\\\/\",\"name\":\"W. K\u00f6rner GmbH\",\"description\":\"Storage and transport systems\",\"publisher\":{\"@id\":\"https:\\\/\\\/koernergabelstapler.de\\\/en\\\/#organization\"},\"potentialAction\":[{\"@type\":\"SearchAction\",\"target\":{\"@type\":\"EntryPoint\",\"urlTemplate\":\"https:\\\/\\\/koernergabelstapler.de\\\/en\\\/?s={search_term_string}\"},\"query-input\":{\"@type\":\"PropertyValueSpecification\",\"valueRequired\":true,\"valueName\":\"search_term_string\"}}],\"inLanguage\":\"en-US\"},{\"@type\":\"Organization\",\"@id\":\"https:\\\/\\\/koernergabelstapler.de\\\/en\\\/#organization\",\"name\":\"Mustermann GmbH\",\"url\":\"https:\\\/\\\/koernergabelstapler.de\\\/en\\\/\",\"logo\":{\"@type\":\"ImageObject\",\"inLanguage\":\"en-US\",\"@id\":\"https:\\\/\\\/koernergabelstapler.de\\\/en\\\/#\\\/schema\\\/logo\\\/image\\\/\",\"url\":\"https:\\\/\\\/koernergabelstapler.de\\\/en\\\/wp-content\\\/uploads\\\/2026\\\/03\\\/201809_LOGO-Koerner-4c-HR_200px.png\",\"contentUrl\":\"https:\\\/\\\/koernergabelstapler.de\\\/en\\\/wp-content\\\/uploads\\\/2026\\\/03\\\/201809_LOGO-Koerner-4c-HR_200px.png\",\"width\":200,\"height\":134,\"caption\":\"Mustermann GmbH\"},\"image\":{\"@id\":\"https:\\\/\\\/koernergabelstapler.de\\\/en\\\/#\\\/schema\\\/logo\\\/image\\\/\"}}]}<\/script>\n<!-- \/ Yoast SEO plugin. -->","yoast_head_json":{"title":"RENTAL - W. K\u00f6rner GmbH","robots":{"index":"index","follow":"follow","max-snippet":"max-snippet:-1","max-image-preview":"max-image-preview:large","max-video-preview":"max-video-preview:-1"},"canonical":"https:\/\/koernergabelstapler.de\/en\/?page_id=10939","og_locale":"en_US","og_type":"article","og_title":"RENTAL - W. K\u00f6rner GmbH","og_description":"FORKLIFT TRUCKS FOR RENT Wide selection of forkliftsfor Braunschweig and At K\u00f6rner Gabelstapler in Gro\u00df Schw\u00fclper you will find a wide range of used rental equipment. Forklift trucks, front forklifts, ...","og_url":"https:\/\/koernergabelstapler.de\/en\/?page_id=10939","og_site_name":"W. K\u00f6rner GmbH","article_modified_time":"2026-04-28T12:45:28+00:00","og_image":[{"width":1200,"height":675,"url":"https:\/\/koernergabelstapler.de\/en\/wp-content\/uploads\/2026\/03\/slider-image-01.jpg","type":"image\/jpeg"}],"twitter_card":"summary_large_image","twitter_misc":{"Est. reading time":"3 minutes"},"schema":{"@context":"https:\/\/schema.org","@graph":[{"@type":"WebPage","@id":"https:\/\/koernergabelstapler.de\/en\/?page_id=10939","url":"https:\/\/koernergabelstapler.de\/en\/?page_id=10939","name":"RENTAL - W. K\u00f6rner GmbH","isPartOf":{"@id":"https:\/\/koernergabelstapler.de\/en\/#website"},"primaryImageOfPage":{"@id":"https:\/\/koernergabelstapler.de\/en\/?page_id=10939#primaryimage"},"image":{"@id":"https:\/\/koernergabelstapler.de\/en\/?page_id=10939#primaryimage"},"thumbnailUrl":"https:\/\/koernergabelstapler.de\/en\/wp-content\/uploads\/2026\/03\/slider-image-01.jpg","datePublished":"2026-03-05T23:51:13+00:00","dateModified":"2026-04-28T12:45:28+00:00","breadcrumb":{"@id":"https:\/\/koernergabelstapler.de\/en\/?page_id=10939#breadcrumb"},"inLanguage":"en-US","potentialAction":[{"@type":"ReadAction","target":["https:\/\/koernergabelstapler.de\/en\/?page_id=10939"]}]},{"@type":"ImageObject","inLanguage":"en-US","@id":"https:\/\/koernergabelstapler.de\/en\/?page_id=10939#primaryimage","url":"https:\/\/koernergabelstapler.de\/en\/wp-content\/uploads\/2026\/03\/slider-image-01.jpg","contentUrl":"https:\/\/koernergabelstapler.de\/en\/wp-content\/uploads\/2026\/03\/slider-image-01.jpg","width":1200,"height":675},{"@type":"BreadcrumbList","@id":"https:\/\/koernergabelstapler.de\/en\/?page_id=10939#breadcrumb","itemListElement":[{"@type":"ListItem","position":1,"name":"Home","item":"https:\/\/koernergabelstapler.de\/en\/"},{"@type":"ListItem","position":2,"name":"RENTAL"}]},{"@type":"WebSite","@id":"https:\/\/koernergabelstapler.de\/en\/#website","url":"https:\/\/koernergabelstapler.de\/en\/","name":"W. K\u00f6rner GmbH","description":"Storage and transport systems","publisher":{"@id":"https:\/\/koernergabelstapler.de\/en\/#organization"},"potentialAction":[{"@type":"SearchAction","target":{"@type":"EntryPoint","urlTemplate":"https:\/\/koernergabelstapler.de\/en\/?s={search_term_string}"},"query-input":{"@type":"PropertyValueSpecification","valueRequired":true,"valueName":"search_term_string"}}],"inLanguage":"en-US"},{"@type":"Organization","@id":"https:\/\/koernergabelstapler.de\/en\/#organization","name":"Mustermann GmbH","url":"https:\/\/koernergabelstapler.de\/en\/","logo":{"@type":"ImageObject","inLanguage":"en-US","@id":"https:\/\/koernergabelstapler.de\/en\/#\/schema\/logo\/image\/","url":"https:\/\/koernergabelstapler.de\/en\/wp-content\/uploads\/2026\/03\/201809_LOGO-Koerner-4c-HR_200px.png","contentUrl":"https:\/\/koernergabelstapler.de\/en\/wp-content\/uploads\/2026\/03\/201809_LOGO-Koerner-4c-HR_200px.png","width":200,"height":134,"caption":"Mustermann GmbH"},"image":{"@id":"https:\/\/koernergabelstapler.de\/en\/#\/schema\/logo\/image\/"}}]}},"_links":{"self":[{"href":"https:\/\/koernergabelstapler.de\/en\/index.php?rest_route=\/wp\/v2\/pages\/10939","targetHints":{"allow":["GET"]}}],"collection":[{"href":"https:\/\/koernergabelstapler.de\/en\/index.php?rest_route=\/wp\/v2\/pages"}],"about":[{"href":"https:\/\/koernergabelstapler.de\/en\/index.php?rest_route=\/wp\/v2\/types\/page"}],"author":[{"embeddable":true,"href":"https:\/\/koernergabelstapler.de\/en\/index.php?rest_route=\/wp\/v2\/users\/1"}],"replies":[{"embeddable":true,"href":"https:\/\/koernergabelstapler.de\/en\/index.php?rest_route=%2Fwp%2Fv2%2Fcomments&post=10939"}],"version-history":[{"count":19,"href":"https:\/\/koernergabelstapler.de\/en\/index.php?rest_route=\/wp\/v2\/pages\/10939\/revisions"}],"predecessor-version":[{"id":13070,"href":"https:\/\/koernergabelstapler.de\/en\/index.php?rest_route=\/wp\/v2\/pages\/10939\/revisions\/13070"}],"wp:featuredmedia":[{"embeddable":true,"href":"https:\/\/koernergabelstapler.de\/en\/index.php?rest_route=\/wp\/v2\/media\/11119"}],"wp:attachment":[{"href":"https:\/\/koernergabelstapler.de\/en\/index.php?rest_route=%2Fwp%2Fv2%2Fmedia&parent=10939"}],"curies":[{"name":"wp","href":"https:\/\/api.w.org\/{rel}","templated":true}]}}