{"id":10948,"date":"2026-03-06T00:53:43","date_gmt":"2026-03-05T23:53:43","guid":{"rendered":"https:\/\/seobest.de\/demo02032655\/?page_id=10948"},"modified":"2026-04-28T14:46:31","modified_gmt":"2026-04-28T12:46:31","slug":"used-equipment","status":"publish","type":"page","link":"https:\/\/koernergabelstapler.de\/en\/?page_id=10948","title":{"rendered":"USED EQUIPMENT"},"content":{"rendered":"\n<h2 class=\"wp-block-heading has-text-align-center fwd_class o-typing-fast has-black-color has-text-color has-background has-link-color wp-elements-c2d413f83262b265e990204e8f801757\" style=\"background-color:#fed03d;font-size:2.5rem\"><o-anim-typing>High quality used vehicles near Braunschweig<\/o-anim-typing><\/h2>\n\n\n\n<div style=\"height:100px\" aria-hidden=\"true\" class=\"wp-block-spacer\"><\/div>\n\n\n\n<div class=\"wp-block-columns animated fadeInLeft is-layout-flex wp-container-core-columns-is-layout-9d6595d7 wp-block-columns-is-layout-flex\">\n<div class=\"wp-block-column is-vertically-aligned-center icon-b is-layout-flow wp-block-column-is-layout-flow\"><div class=\"wp-block-image\">\n<figure class=\"aligncenter size-full is-resized\"><img loading=\"lazy\" decoding=\"async\" width=\"96\" height=\"96\" src=\"https:\/\/koernergabelstapler.de\/en\/wp-content\/uploads\/2026\/03\/headset-fill.png\" alt=\"\" class=\"wp-image-11000\" style=\"width:100px\"\/><\/figure>\n<\/div>\n\n\n<h3 class=\"wp-block-heading has-text-align-center\">Karsten K\u00f6rner<\/h3>\n\n\n\n<p class=\"has-text-align-center\" style=\"font-size:16px\">New equipment &amp; used equipment<\/p>\n\n\n\n<p class=\"has-text-align-center\"><strong>Tel: 05303 9595-10<br><\/strong>vertrieb@koernergabelstapler.de<\/p>\n<\/div>\n\n\n\n<div class=\"wp-block-column is-layout-flow wp-block-column-is-layout-flow\" style=\"flex-basis:66%\">\n<h2 class=\"wp-block-heading o-typing-delay-100ms o-typing-fast\">From K\u00f6rner Gabelstapler in Gro\u00df Schw\u00fclper<\/h2>\n\n\n\n<div class=\"wp-block-columns is-layout-flex wp-container-core-columns-is-layout-9d6595d7 wp-block-columns-is-layout-flex\">\n<div class=\"wp-block-column is-vertically-aligned-top is-layout-flow wp-block-column-is-layout-flow\" style=\"flex-basis:66.66%\">\n<hr class=\"wp-block-separator has-text-color has-alpha-channel-opacity has-background is-style-wide\" style=\"background-color:#fed03d;color:#fed03d\"\/>\n<\/div>\n\n\n\n<div class=\"wp-block-column is-layout-flow wp-block-column-is-layout-flow\" style=\"flex-basis:33.33%\"><\/div>\n<\/div>\n\n\n\n<p style=\"font-size:16px\">Forklift trucks, warehouse technology, telescopic forklifts, attachments and more used equipment: At K\u00f6rner Gabelstapler you will find the right machine for every project. Different model years, types and load capacities expand our range and are available for rent and purchase. We are happy to advise you on the various models so that you find exactly the right solution for your requirements. Whether you are a private buyer or a company, our versatile range offers the ideal forklift truck, telescopic forklift or more for every need.<\/p>\n\n\n\n<p style=\"font-size:16px\">Our service team will gladly advise you in choosing the right technical equipment. Call us or use our contact form, the team at K\u00f6rner Gabelstapler looks forward to hearing from you!<\/p>\n<\/div>\n<\/div>\n\n\n\n<div style=\"height:100px\" aria-hidden=\"true\" class=\"wp-block-spacer\"><\/div>\n\n\n\n<div class=\"wp-block-group fwd_class animated fadeInLeft has-background\" style=\"background:linear-gradient(135deg,rgb(255,193,7) 0%,rgb(0,0,0) 75%)\"><div class=\"wp-block-group__inner-container is-layout-constrained wp-block-group-is-layout-constrained\">\n<div style=\"height:20px\" aria-hidden=\"true\" class=\"wp-block-spacer\"><\/div>\n\n\n\n<h2 class=\"wp-block-heading has-text-align-center has-white-color has-text-color has-link-color has-large-font-size wp-elements-5689d02c69fe2facd9836ed6da83dcb2\">Please select used equipment:<\/h2>\n\n\n\n<div style=\"height:5px\" aria-hidden=\"true\" class=\"wp-block-spacer\"><\/div>\n<\/div><\/div>\n\n\n\n<div class=\"wp-block-group fwd_class animated fadeInRight has-background\" style=\"background-color:#f5f5f1\"><div class=\"wp-block-group__inner-container is-layout-constrained wp-block-group-is-layout-constrained\">\n<div style=\"height:50px\" aria-hidden=\"true\" class=\"wp-block-spacer\"><\/div>\n\n\n\n<div class=\"wp-block-columns hmn_content is-layout-flex wp-container-core-columns-is-layout-9d6595d7 wp-block-columns-is-layout-flex\">\n<div class=\"wp-block-column is-layout-flow wp-block-column-is-layout-flow\">\n<div class=\"wp-block-buttons is-content-justification-center is-layout-flex wp-container-core-buttons-is-layout-16018d1d wp-block-buttons-is-layout-flex\">\n<div class=\"wp-block-button\"><a class=\"wp-block-button__link has-white-color has-text-color has-background has-link-color has-medium-font-size has-custom-font-size wp-element-button\" href=\"https:\/\/koernergabelstapler.de\/en\/used-equipment\/#electric\" style=\"background:linear-gradient(135deg,rgb(255,193,7) 0%,rgb(51,51,51) 86%)\">Electric<\/a><\/div>\n\n\n\n<div class=\"wp-block-button\"><a class=\"wp-block-button__link has-white-color has-text-color has-background has-link-color has-medium-font-size has-custom-font-size wp-element-button\" href=\"https:\/\/koernergabelstapler.de\/en\/used-equipment\/#diesel\" style=\"background:linear-gradient(135deg,rgb(255,193,7) 0%,rgb(51,51,51) 86%)\">Diesel<\/a><\/div>\n\n\n\n<div class=\"wp-block-button\"><a class=\"wp-block-button__link has-white-color has-text-color has-background has-link-color has-medium-font-size has-custom-font-size wp-element-button\" href=\"https:\/\/koernergabelstapler.de\/en\/used-equipment\/#lpg\" style=\"background:linear-gradient(135deg,rgb(255,193,7) 0%,rgb(51,51,51) 86%)\">LPG<\/a><\/div>\n\n\n\n<div class=\"wp-block-button\"><a class=\"wp-block-button__link has-white-color has-text-color has-background has-link-color has-medium-font-size has-custom-font-size wp-element-button\" href=\"https:\/\/koernergabelstapler.de\/en\/used-equipment\/#warehouse\" style=\"background:linear-gradient(135deg,rgb(255,193,7) 0%,rgb(51,51,51) 86%)\">Warehouse technology<\/a><\/div>\n<\/div>\n<\/div>\n<\/div>\n\n\n\n<div class=\"wp-block-columns hmn_content is-layout-flex wp-container-core-columns-is-layout-9d6595d7 wp-block-columns-is-layout-flex\">\n<div class=\"wp-block-column is-layout-flow wp-block-column-is-layout-flow\" style=\"flex-basis:100%\">\n<div class=\"wp-block-buttons is-content-justification-center is-layout-flex wp-container-core-buttons-is-layout-16018d1d wp-block-buttons-is-layout-flex\">\n<div class=\"wp-block-button\"><a class=\"wp-block-button__link has-white-color has-text-color has-background has-link-color has-medium-font-size has-custom-font-size wp-element-button\" href=\"https:\/\/koernergabelstapler.de\/en\/used-equipment\/#attachments\" style=\"background:linear-gradient(135deg,rgb(255,193,7) 0%,rgb(51,51,51) 86%)\">Attachments<\/a><\/div>\n\n\n\n<div class=\"wp-block-button\"><a class=\"wp-block-button__link has-white-color has-text-color has-background has-link-color has-medium-font-size has-custom-font-size wp-element-button\" href=\"https:\/\/koernergabelstapler.de\/en\/used-equipment\/#aerial-work\" style=\"background:linear-gradient(135deg,rgb(255,193,7) 0%,rgb(51,51,51) 86%)\">Aerial work platforms<\/a><\/div>\n\n\n\n<div class=\"wp-block-button\"><a class=\"wp-block-button__link has-white-color has-text-color has-background has-link-color has-medium-font-size has-custom-font-size wp-element-button\" href=\"https:\/\/koernergabelstapler.de\/en\/used-equipment\/#cleaning-technology\" style=\"background:linear-gradient(135deg,rgb(255,193,7) 0%,rgb(51,51,51) 86%)\">Cleaning technology<\/a><\/div>\n<\/div>\n<\/div>\n<\/div>\n\n\n\n<div style=\"height:50px\" aria-hidden=\"true\" class=\"wp-block-spacer\"><\/div>\n<\/div><\/div>\n\n\n\n<div style=\"height:150px\" aria-hidden=\"true\" class=\"wp-block-spacer\"><\/div>\n\n\n\n<h2 class=\"wp-block-heading has-x-large-font-size\" id=\"electric\">Electric<img loading=\"lazy\" decoding=\"async\" width=\"70\" height=\"70\" class=\"wp-image-12322\" style=\"width: 70px;\" src=\"https:\/\/koernergabelstapler.de\/en\/wp-content\/uploads\/2026\/03\/arrow-circle-right-fill-1.png\" alt=\"\"><\/h2>\n\n\n\n<div style=\"height:70px\" aria-hidden=\"true\" class=\"wp-block-spacer\"><\/div>\n\n\n\n<div class=\"wp-block-columns animated fadeInRight is-layout-flex wp-container-core-columns-is-layout-9d6595d7 wp-block-columns-is-layout-flex\" style=\"font-size:16px\">\n<div class=\"wp-block-column col_hmn is-layout-flow wp-block-column-is-layout-flow\"><div class=\"wp-block-image\">\n<figure class=\"aligncenter size-full\"><img loading=\"lazy\" decoding=\"async\" width=\"1024\" height=\"768\" src=\"https:\/\/koernergabelstapler.de\/en\/wp-content\/uploads\/2026\/03\/1024x320_A3126-9.jpg\" alt=\"\" class=\"wp-image-12324\" srcset=\"https:\/\/koernergabelstapler.de\/en\/wp-content\/uploads\/2026\/03\/1024x320_A3126-9.jpg 1024w, https:\/\/koernergabelstapler.de\/en\/wp-content\/uploads\/2026\/03\/1024x320_A3126-9-300x225.jpg 300w, https:\/\/koernergabelstapler.de\/en\/wp-content\/uploads\/2026\/03\/1024x320_A3126-9-768x576.jpg 768w\" sizes=\"auto, (max-width: 1024px) 100vw, 1024px\" \/><\/figure>\n<\/div>\n\n\n<div style=\"height:20px\" aria-hidden=\"true\" class=\"wp-block-spacer\"><\/div>\n\n\n\n<h4 class=\"wp-block-heading has-text-color has-link-color wp-elements-b93b0bb1b0ee892c4f7afe86c08b7da3\" style=\"color:#fed03d\">A3126 &#8211; Electric 3 wheel<\/h4>\n\n\n\n<h3 class=\"wp-block-heading has-text-align-left has-black-color has-text-color has-link-color wp-elements-669dcb2410209c9a427cc1f2540a85cd\" style=\"font-size:22px\">Artison CT FBT15.45GS New!<\/h3>\n\n\n\n<ul class=\"wp-block-list\">\n<li>Production year: unknown<\/li>\n\n\n\n<li>Load capacity: 1500 kg<\/li>\n\n\n\n<li>Operating hours: 1<\/li>\n\n\n\n<li>Lifting height: 4500 mm<\/li>\n\n\n\n<li>Mast type: Triplex<\/li>\n<\/ul>\n\n\n\n<div style=\"height:25px\" aria-hidden=\"true\" class=\"wp-block-spacer\"><\/div>\n\n\n\n<p class=\"has-text-align-center\"><\/p>\n\n\n\n<div class=\"wp-block-buttons is-content-justification-left is-layout-flex wp-container-core-buttons-is-layout-fdcfc74e wp-block-buttons-is-layout-flex\">\n<div class=\"wp-block-button\"><a class=\"wp-block-button__link has-white-color has-text-color has-background has-link-color has-medium-font-size has-custom-font-size wp-element-button\" href=\"https:\/\/www.forklift-international.com\/extern\/detail.php?id=4320150&amp;sprachid=1&amp;wid=1\" style=\"background:linear-gradient(135deg,rgb(255,193,7) 0%,rgb(51,51,51) 86%)\" target=\"_blank\" rel=\"noreferrer noopener\">Details<\/a><\/div>\n<\/div>\n<\/div>\n\n\n\n<div class=\"wp-block-column col_hmn is-layout-flow wp-block-column-is-layout-flow\"><div class=\"wp-block-image\">\n<figure class=\"aligncenter size-full\"><img loading=\"lazy\" decoding=\"async\" width=\"1024\" height=\"768\" src=\"https:\/\/koernergabelstapler.de\/en\/wp-content\/uploads\/2026\/03\/1024x320_A3085-3.jpg\" alt=\"\" class=\"wp-image-12338\" srcset=\"https:\/\/koernergabelstapler.de\/en\/wp-content\/uploads\/2026\/03\/1024x320_A3085-3.jpg 1024w, https:\/\/koernergabelstapler.de\/en\/wp-content\/uploads\/2026\/03\/1024x320_A3085-3-300x225.jpg 300w, https:\/\/koernergabelstapler.de\/en\/wp-content\/uploads\/2026\/03\/1024x320_A3085-3-768x576.jpg 768w\" sizes=\"auto, (max-width: 1024px) 100vw, 1024px\" \/><\/figure>\n<\/div>\n\n\n<div style=\"height:20px\" aria-hidden=\"true\" class=\"wp-block-spacer\"><\/div>\n\n\n\n<h4 class=\"wp-block-heading has-text-color has-link-color wp-elements-2b1e7082fb5470a5f7cfb777314caf27\" style=\"color:#fed03d\">A3085 &#8211; Electric 4 wheel<\/h4>\n\n\n\n<h3 class=\"wp-block-heading has-text-align-left has-black-color has-text-color has-link-color wp-elements-26f613f50680e5d73da4d00500bc8981\" style=\"font-size:22px\">Artison FB18.48<\/h3>\n\n\n\n<ul class=\"wp-block-list\">\n<li>Production year: 2010<\/li>\n\n\n\n<li>Load capacity: 1800 kg<\/li>\n\n\n\n<li>Operating hours: 0<\/li>\n\n\n\n<li>Lifting height: 4800 mm<\/li>\n\n\n\n<li>Mast type: Triplex<\/li>\n<\/ul>\n\n\n\n<div style=\"height:25px\" aria-hidden=\"true\" class=\"wp-block-spacer\"><\/div>\n\n\n\n<p class=\"has-text-align-center\"><\/p>\n\n\n\n<div class=\"wp-block-buttons is-content-justification-left is-layout-flex wp-container-core-buttons-is-layout-fdcfc74e wp-block-buttons-is-layout-flex\">\n<div class=\"wp-block-button\"><a class=\"wp-block-button__link has-white-color has-text-color has-background has-link-color has-medium-font-size has-custom-font-size wp-element-button\" href=\"https:\/\/www.forklift-international.com\/extern\/detail.php?id=4868729&amp;sprachid=1&amp;wid=1\" style=\"background:linear-gradient(135deg,rgb(255,193,7) 0%,rgb(51,51,51) 86%)\" target=\"_blank\" rel=\"noreferrer noopener\">Details<\/a><\/div>\n<\/div>\n<\/div>\n\n\n\n<div class=\"wp-block-column col_hmn is-layout-flow wp-block-column-is-layout-flow\"><div class=\"wp-block-image\">\n<figure class=\"aligncenter size-full\"><img loading=\"lazy\" decoding=\"async\" width=\"1002\" height=\"770\" src=\"https:\/\/koernergabelstapler.de\/en\/wp-content\/uploads\/2026\/03\/1024x320_A3040-1.jpg\" alt=\"\" class=\"wp-image-12340\" srcset=\"https:\/\/koernergabelstapler.de\/en\/wp-content\/uploads\/2026\/03\/1024x320_A3040-1.jpg 1002w, https:\/\/koernergabelstapler.de\/en\/wp-content\/uploads\/2026\/03\/1024x320_A3040-1-300x231.jpg 300w, https:\/\/koernergabelstapler.de\/en\/wp-content\/uploads\/2026\/03\/1024x320_A3040-1-768x590.jpg 768w\" sizes=\"auto, (max-width: 1002px) 100vw, 1002px\" \/><\/figure>\n<\/div>\n\n\n<div style=\"height:20px\" aria-hidden=\"true\" class=\"wp-block-spacer\"><\/div>\n\n\n\n<h4 class=\"wp-block-heading has-text-color has-link-color wp-elements-e61feb692d14f708563332baa6aac2f4\" style=\"color:#fed03d\">A3040 &#8211; Electric 4 wheel<\/h4>\n\n\n\n<h3 class=\"wp-block-heading has-text-align-left has-black-color has-text-color has-link-color wp-elements-936e2cfb9281ac92a58ec3bcbca78cd4\" style=\"font-size:22px\">Artison FB18.60<\/h3>\n\n\n\n<ul class=\"wp-block-list\">\n<li>Production year: 2004<\/li>\n\n\n\n<li>Load capacity: 1800 kg<\/li>\n\n\n\n<li>Operating hours: 0<\/li>\n\n\n\n<li>Lifting height: 6000 mm<\/li>\n\n\n\n<li>Mast type: Triplex<\/li>\n<\/ul>\n\n\n\n<div style=\"height:25px\" aria-hidden=\"true\" class=\"wp-block-spacer\"><\/div>\n\n\n\n<p class=\"has-text-align-center\"><\/p>\n\n\n\n<div class=\"wp-block-buttons is-content-justification-left is-layout-flex wp-container-core-buttons-is-layout-fdcfc74e wp-block-buttons-is-layout-flex\">\n<div class=\"wp-block-button\"><a class=\"wp-block-button__link has-white-color has-text-color has-background has-link-color has-medium-font-size has-custom-font-size wp-element-button\" href=\"https:\/\/www.forklift-international.com\/extern\/detail.php?id=4673988&amp;sprachid=1&amp;wid=1\" style=\"background:linear-gradient(135deg,rgb(255,193,7) 0%,rgb(51,51,51) 86%)\" target=\"_blank\" rel=\"noreferrer noopener\">Details<\/a><\/div>\n<\/div>\n<\/div>\n<\/div>\n\n\n\n<div style=\"height:40px\" aria-hidden=\"true\" class=\"wp-block-spacer\"><\/div>\n\n\n\n<div class=\"wp-block-columns animated fadeInRight is-layout-flex wp-container-core-columns-is-layout-9d6595d7 wp-block-columns-is-layout-flex\" style=\"font-size:16px\">\n<div class=\"wp-block-column col_hmn is-layout-flow wp-block-column-is-layout-flow\"><div class=\"wp-block-image\">\n<figure class=\"aligncenter size-full\"><img loading=\"lazy\" decoding=\"async\" width=\"1024\" height=\"768\" src=\"https:\/\/koernergabelstapler.de\/en\/wp-content\/uploads\/2026\/03\/1024x320_E7465A-1.jpg\" alt=\"\" class=\"wp-image-12372\" srcset=\"https:\/\/koernergabelstapler.de\/en\/wp-content\/uploads\/2026\/03\/1024x320_E7465A-1.jpg 1024w, https:\/\/koernergabelstapler.de\/en\/wp-content\/uploads\/2026\/03\/1024x320_E7465A-1-300x225.jpg 300w, https:\/\/koernergabelstapler.de\/en\/wp-content\/uploads\/2026\/03\/1024x320_E7465A-1-768x576.jpg 768w\" sizes=\"auto, (max-width: 1024px) 100vw, 1024px\" \/><\/figure>\n<\/div>\n\n\n<div style=\"height:20px\" aria-hidden=\"true\" class=\"wp-block-spacer\"><\/div>\n\n\n\n<h4 class=\"wp-block-heading has-text-color has-link-color wp-elements-e42f8bd96c6db86212eb3b29508ef838\" style=\"color:#fed03d\">E7465A &#8211; Electric 3 wheel<\/h4>\n\n\n\n<h3 class=\"wp-block-heading has-text-align-left has-black-color has-text-color has-link-color wp-elements-32c8bdf530570b270ae68fd7ed2f3bf5\" style=\"font-size:22px\">BYD ECB16B<\/h3>\n\n\n\n<ul class=\"wp-block-list\">\n<li>Production year: 2015<\/li>\n\n\n\n<li>Load capacity: 1600 kg<\/li>\n\n\n\n<li>Operating hours: 1650<\/li>\n\n\n\n<li>Lifting height: 3300 mm<\/li>\n\n\n\n<li>Mast type: Standard<\/li>\n<\/ul>\n\n\n\n<div style=\"height:25px\" aria-hidden=\"true\" class=\"wp-block-spacer\"><\/div>\n\n\n\n<p class=\"has-text-align-center\"><\/p>\n\n\n\n<div class=\"wp-block-buttons is-content-justification-left is-layout-flex wp-container-core-buttons-is-layout-fdcfc74e wp-block-buttons-is-layout-flex\">\n<div class=\"wp-block-button\"><a class=\"wp-block-button__link has-white-color has-text-color has-background has-link-color has-medium-font-size has-custom-font-size wp-element-button\" href=\"https:\/\/www.forklift-international.com\/extern\/detail.php?id=4705608&amp;sprachid=1&amp;wid=1\" style=\"background:linear-gradient(135deg,rgb(255,193,7) 0%,rgb(51,51,51) 86%)\" target=\"_blank\" rel=\"noreferrer noopener\">Details<\/a><\/div>\n<\/div>\n<\/div>\n\n\n\n<div class=\"wp-block-column col_hmn is-layout-flow wp-block-column-is-layout-flow\"><div class=\"wp-block-image\">\n<figure class=\"aligncenter size-full\"><img loading=\"lazy\" decoding=\"async\" width=\"1024\" height=\"768\" src=\"https:\/\/koernergabelstapler.de\/en\/wp-content\/uploads\/2026\/03\/1024x320_E7741-1.jpg\" alt=\"\" class=\"wp-image-12373\" srcset=\"https:\/\/koernergabelstapler.de\/en\/wp-content\/uploads\/2026\/03\/1024x320_E7741-1.jpg 1024w, https:\/\/koernergabelstapler.de\/en\/wp-content\/uploads\/2026\/03\/1024x320_E7741-1-300x225.jpg 300w, https:\/\/koernergabelstapler.de\/en\/wp-content\/uploads\/2026\/03\/1024x320_E7741-1-768x576.jpg 768w\" sizes=\"auto, (max-width: 1024px) 100vw, 1024px\" \/><\/figure>\n<\/div>\n\n\n<div style=\"height:20px\" aria-hidden=\"true\" class=\"wp-block-spacer\"><\/div>\n\n\n\n<h4 class=\"wp-block-heading has-text-color has-link-color wp-elements-49c9f79a1dcd5bfb43662bd5499186d6\" style=\"color:#fed03d\">E7741 &#8211; Electric 4 wheel<\/h4>\n\n\n\n<h3 class=\"wp-block-heading has-text-align-left has-black-color has-text-color has-link-color wp-elements-10d53f7d80599d9ab1d65872c5a803b9\" style=\"font-size:22px\">BYD ECB25C<\/h3>\n\n\n\n<ul class=\"wp-block-list\">\n<li>Production year: 2019<\/li>\n\n\n\n<li>Load capacity: 2500 kg<\/li>\n\n\n\n<li>Operating hours: 0<\/li>\n\n\n\n<li>Lifting height: 3300 mm<\/li>\n\n\n\n<li>Mast type: Standard<\/li>\n<\/ul>\n\n\n\n<div style=\"height:25px\" aria-hidden=\"true\" class=\"wp-block-spacer\"><\/div>\n\n\n\n<p class=\"has-text-align-center\"><\/p>\n\n\n\n<div class=\"wp-block-buttons is-content-justification-left is-layout-flex wp-container-core-buttons-is-layout-fdcfc74e wp-block-buttons-is-layout-flex\">\n<div class=\"wp-block-button\"><a class=\"wp-block-button__link has-white-color has-text-color has-background has-link-color has-medium-font-size has-custom-font-size wp-element-button\" href=\"https:\/\/www.forklift-international.com\/extern\/detail.php?id=4925755&amp;sprachid=1&amp;wid=1\" style=\"background:linear-gradient(135deg,rgb(255,193,7) 0%,rgb(51,51,51) 86%)\" target=\"_blank\" rel=\"noreferrer noopener\">Details<\/a><\/div>\n<\/div>\n<\/div>\n\n\n\n<div class=\"wp-block-column col_hmn is-layout-flow wp-block-column-is-layout-flow\"><div class=\"wp-block-image\">\n<figure class=\"aligncenter size-full\"><img loading=\"lazy\" decoding=\"async\" width=\"1024\" height=\"768\" src=\"https:\/\/koernergabelstapler.de\/en\/wp-content\/uploads\/2026\/03\/1024x320_E7668-1.jpg\" alt=\"\" class=\"wp-image-12374\" srcset=\"https:\/\/koernergabelstapler.de\/en\/wp-content\/uploads\/2026\/03\/1024x320_E7668-1.jpg 1024w, https:\/\/koernergabelstapler.de\/en\/wp-content\/uploads\/2026\/03\/1024x320_E7668-1-300x225.jpg 300w, https:\/\/koernergabelstapler.de\/en\/wp-content\/uploads\/2026\/03\/1024x320_E7668-1-768x576.jpg 768w\" sizes=\"auto, (max-width: 1024px) 100vw, 1024px\" \/><\/figure>\n<\/div>\n\n\n<div style=\"height:20px\" aria-hidden=\"true\" class=\"wp-block-spacer\"><\/div>\n\n\n\n<h4 class=\"wp-block-heading has-text-color has-link-color wp-elements-ff6b3e878dad678e7735e00f2571c9a9\" style=\"color:#fed03d\">E7668 &#8211; Electric 4 wheel<\/h4>\n\n\n\n<h3 class=\"wp-block-heading has-text-align-left has-black-color has-text-color has-link-color wp-elements-3b8d4ea12f38b5a1e3d96a3c1b347e58\" style=\"font-size:22px\">CAT Lift Trucks 2ET4000<\/h3>\n\n\n\n<ul class=\"wp-block-list\">\n<li>Production year: 2013<\/li>\n\n\n\n<li>Load capacity: 1750 kg<\/li>\n\n\n\n<li>Operating hours: 0<\/li>\n\n\n\n<li>Lifting height: 4780 mm<\/li>\n\n\n\n<li>Mast type: Triplex<\/li>\n<\/ul>\n\n\n\n<div style=\"height:25px\" aria-hidden=\"true\" class=\"wp-block-spacer\"><\/div>\n\n\n\n<p class=\"has-text-align-center\"><\/p>\n\n\n\n<div class=\"wp-block-buttons is-content-justification-left is-layout-flex wp-container-core-buttons-is-layout-fdcfc74e wp-block-buttons-is-layout-flex\">\n<div class=\"wp-block-button\"><a class=\"wp-block-button__link has-white-color has-text-color has-background has-link-color has-medium-font-size has-custom-font-size wp-element-button\" href=\"https:\/\/www.forklift-international.com\/extern\/detail.php?id=4146889&amp;sprachid=1&amp;wid=1\" style=\"background:linear-gradient(135deg,rgb(255,193,7) 0%,rgb(51,51,51) 86%)\" target=\"_blank\" rel=\"noreferrer noopener\">Details<\/a><\/div>\n<\/div>\n<\/div>\n<\/div>\n\n\n\n<div style=\"height:40px\" aria-hidden=\"true\" class=\"wp-block-spacer\"><\/div>\n\n\n\n<div class=\"wp-block-columns animated fadeInRight is-layout-flex wp-container-core-columns-is-layout-9d6595d7 wp-block-columns-is-layout-flex\" style=\"font-size:16px\">\n<div class=\"wp-block-column col_hmn is-layout-flow wp-block-column-is-layout-flow\"><div class=\"wp-block-image\">\n<figure class=\"aligncenter size-full\"><img loading=\"lazy\" decoding=\"async\" width=\"1024\" height=\"768\" src=\"https:\/\/koernergabelstapler.de\/en\/wp-content\/uploads\/2026\/03\/1024x320_E7663-2.jpg\" alt=\"\" class=\"wp-image-12377\" srcset=\"https:\/\/koernergabelstapler.de\/en\/wp-content\/uploads\/2026\/03\/1024x320_E7663-2.jpg 1024w, https:\/\/koernergabelstapler.de\/en\/wp-content\/uploads\/2026\/03\/1024x320_E7663-2-300x225.jpg 300w, https:\/\/koernergabelstapler.de\/en\/wp-content\/uploads\/2026\/03\/1024x320_E7663-2-768x576.jpg 768w\" sizes=\"auto, (max-width: 1024px) 100vw, 1024px\" \/><\/figure>\n<\/div>\n\n\n<div style=\"height:20px\" aria-hidden=\"true\" class=\"wp-block-spacer\"><\/div>\n\n\n\n<h4 class=\"wp-block-heading has-text-color has-link-color wp-elements-59e42ed84020cb248704e2bdf95f1e3a\" style=\"color:#fed03d\">E7663 &#8211; Others<\/h4>\n\n\n\n<h3 class=\"wp-block-heading has-text-align-left has-black-color has-text-color has-link-color wp-elements-59080b81bb913c3bf9eb982715f68667\" style=\"font-size:22px\">Club Car Precedent<\/h3>\n\n\n\n<ul class=\"wp-block-list\">\n<li>Production year: unknown<\/li>\n\n\n\n<li>Load capacity: 681 kg<\/li>\n\n\n\n<li>Operating hours: 0<\/li>\n\n\n\n<li>Lifting height: 0 mm<\/li>\n\n\n\n<li>Mast type: none<\/li>\n<\/ul>\n\n\n\n<div style=\"height:25px\" aria-hidden=\"true\" class=\"wp-block-spacer\"><\/div>\n\n\n\n<div class=\"wp-block-buttons is-content-justification-left is-layout-flex wp-container-core-buttons-is-layout-fdcfc74e wp-block-buttons-is-layout-flex\">\n<div class=\"wp-block-button\"><a class=\"wp-block-button__link has-white-color has-text-color has-background has-link-color has-medium-font-size has-custom-font-size wp-element-button\" href=\"https:\/\/www.forklift-international.com\/extern\/detail.php?id=4340664&amp;sprachid=1&amp;wid=1\" style=\"background:linear-gradient(135deg,rgb(255,193,7) 0%,rgb(51,51,51) 86%)\" target=\"_blank\" rel=\"noreferrer noopener\">Details<\/a><\/div>\n<\/div>\n<\/div>\n\n\n\n<div class=\"wp-block-column col_hmn is-layout-flow wp-block-column-is-layout-flow\"><div class=\"wp-block-image\">\n<figure class=\"aligncenter size-full\"><img loading=\"lazy\" decoding=\"async\" width=\"1024\" height=\"768\" src=\"https:\/\/koernergabelstapler.de\/en\/wp-content\/uploads\/2026\/03\/1024x320_E7694-1.jpg\" alt=\"\" class=\"wp-image-12378\" srcset=\"https:\/\/koernergabelstapler.de\/en\/wp-content\/uploads\/2026\/03\/1024x320_E7694-1.jpg 1024w, https:\/\/koernergabelstapler.de\/en\/wp-content\/uploads\/2026\/03\/1024x320_E7694-1-300x225.jpg 300w, https:\/\/koernergabelstapler.de\/en\/wp-content\/uploads\/2026\/03\/1024x320_E7694-1-768x576.jpg 768w\" sizes=\"auto, (max-width: 1024px) 100vw, 1024px\" \/><\/figure>\n<\/div>\n\n\n<div style=\"height:20px\" aria-hidden=\"true\" class=\"wp-block-spacer\"><\/div>\n\n\n\n<h4 class=\"wp-block-heading has-text-color has-link-color wp-elements-d924e31be32d47615ad08cd9ee775b65\" style=\"color:#fed03d\">E7694 &#8211; Electric 3 wheel<\/h4>\n\n\n\n<h3 class=\"wp-block-heading has-text-align-left has-black-color has-text-color has-link-color wp-elements-86751b9b0aad39c07c24ff61a8ce16bb\" style=\"font-size:22px\">EP Equipment CPD15TVL<\/h3>\n\n\n\n<ul class=\"wp-block-list\">\n<li>Production year: 2023<\/li>\n\n\n\n<li>Load capacity: 1500 kg<\/li>\n\n\n\n<li>Operating hours: 0<\/li>\n\n\n\n<li>Lifting height: 4800 mm<\/li>\n\n\n\n<li>Mast type: Triplex<\/li>\n<\/ul>\n\n\n\n<div style=\"height:25px\" aria-hidden=\"true\" class=\"wp-block-spacer\"><\/div>\n\n\n\n<div class=\"wp-block-buttons is-content-justification-left is-layout-flex wp-container-core-buttons-is-layout-fdcfc74e wp-block-buttons-is-layout-flex\">\n<div class=\"wp-block-button\"><a class=\"wp-block-button__link has-white-color has-text-color has-background has-link-color has-medium-font-size has-custom-font-size wp-element-button\" href=\"https:\/\/www.forklift-international.com\/extern\/detail.php?id=4340667&amp;sprachid=1&amp;wid=1\" style=\"background:linear-gradient(135deg,rgb(255,193,7) 0%,rgb(51,51,51) 86%)\" target=\"_blank\" rel=\"noreferrer noopener\">Details<\/a><\/div>\n<\/div>\n<\/div>\n\n\n\n<div class=\"wp-block-column col_hmn is-layout-flow wp-block-column-is-layout-flow\"><div class=\"wp-block-image\">\n<figure class=\"aligncenter size-full\"><img loading=\"lazy\" decoding=\"async\" width=\"1024\" height=\"768\" src=\"https:\/\/koernergabelstapler.de\/en\/wp-content\/uploads\/2026\/03\/1024x320_E6381-3.jpg\" alt=\"\" class=\"wp-image-12382\" srcset=\"https:\/\/koernergabelstapler.de\/en\/wp-content\/uploads\/2026\/03\/1024x320_E6381-3.jpg 1024w, https:\/\/koernergabelstapler.de\/en\/wp-content\/uploads\/2026\/03\/1024x320_E6381-3-300x225.jpg 300w, https:\/\/koernergabelstapler.de\/en\/wp-content\/uploads\/2026\/03\/1024x320_E6381-3-768x576.jpg 768w\" sizes=\"auto, (max-width: 1024px) 100vw, 1024px\" \/><\/figure>\n<\/div>\n\n\n<div style=\"height:20px\" aria-hidden=\"true\" class=\"wp-block-spacer\"><\/div>\n\n\n\n<h4 class=\"wp-block-heading has-text-color has-link-color wp-elements-4cecf6c060e63327f9ae935364ed2d88\" style=\"color:#fed03d\">E6381 &#8211; Electric 4 wheel<\/h4>\n\n\n\n<h3 class=\"wp-block-heading has-text-align-left has-black-color has-text-color has-link-color wp-elements-aa1a42a8845b59295f4490086f471ddf\" style=\"font-size:22px\">Fimsa ET6015<\/h3>\n\n\n\n<ul class=\"wp-block-list\">\n<li>Production year: 1996<\/li>\n\n\n\n<li>Load capacity: 6000 kg<\/li>\n\n\n\n<li>Operating hours: 5690<\/li>\n\n\n\n<li>Lifting height: 3550 mm<\/li>\n\n\n\n<li>Mast type: Standard<\/li>\n<\/ul>\n\n\n\n<div style=\"height:25px\" aria-hidden=\"true\" class=\"wp-block-spacer\"><\/div>\n\n\n\n<div class=\"wp-block-buttons is-content-justification-left is-layout-flex wp-container-core-buttons-is-layout-fdcfc74e wp-block-buttons-is-layout-flex\">\n<div class=\"wp-block-button\"><a class=\"wp-block-button__link has-white-color has-text-color has-background has-link-color has-medium-font-size has-custom-font-size wp-element-button\" href=\"https:\/\/www.forklift-international.com\/extern\/detail.php?id=3161797&amp;sprachid=1&amp;wid=1\" style=\"background:linear-gradient(135deg,rgb(255,193,7) 0%,rgb(51,51,51) 86%)\" target=\"_blank\" rel=\"noreferrer noopener\">Details<\/a><\/div>\n<\/div>\n<\/div>\n<\/div>\n\n\n\n<div style=\"height:40px\" aria-hidden=\"true\" class=\"wp-block-spacer\"><\/div>\n\n\n\n<div class=\"wp-block-columns animated fadeInRight is-layout-flex wp-container-core-columns-is-layout-9d6595d7 wp-block-columns-is-layout-flex\" style=\"font-size:16px\">\n<div class=\"wp-block-column col_hmn is-layout-flow wp-block-column-is-layout-flow\"><div class=\"wp-block-image\">\n<figure class=\"aligncenter size-full\"><img loading=\"lazy\" decoding=\"async\" width=\"1024\" height=\"768\" src=\"https:\/\/koernergabelstapler.de\/en\/wp-content\/uploads\/2026\/03\/1024x320_E7696-1.jpg\" alt=\"\" class=\"wp-image-12385\" srcset=\"https:\/\/koernergabelstapler.de\/en\/wp-content\/uploads\/2026\/03\/1024x320_E7696-1.jpg 1024w, https:\/\/koernergabelstapler.de\/en\/wp-content\/uploads\/2026\/03\/1024x320_E7696-1-300x225.jpg 300w, https:\/\/koernergabelstapler.de\/en\/wp-content\/uploads\/2026\/03\/1024x320_E7696-1-768x576.jpg 768w\" sizes=\"auto, (max-width: 1024px) 100vw, 1024px\" \/><\/figure>\n<\/div>\n\n\n<div style=\"height:20px\" aria-hidden=\"true\" class=\"wp-block-spacer\"><\/div>\n\n\n\n<h4 class=\"wp-block-heading has-text-color has-link-color wp-elements-8670d6d3ea064c1c5797cd2483550f19\" style=\"color:#fed03d\">E7696 &#8211; Electric platform truck<\/h4>\n\n\n\n<h3 class=\"wp-block-heading has-text-align-left has-black-color has-text-color has-link-color wp-elements-87ef719d28826903f7c89f68fca0de0c\" style=\"font-size:22px\">Goupil G3<\/h3>\n\n\n\n<ul class=\"wp-block-list\">\n<li>Production year: 2013<\/li>\n\n\n\n<li>Load capacity: 700 kg<\/li>\n\n\n\n<li>Operating hours: 0<\/li>\n\n\n\n<li>Lifting height: 0 mm<\/li>\n\n\n\n<li>Mast type: none<\/li>\n<\/ul>\n\n\n\n<div style=\"height:25px\" aria-hidden=\"true\" class=\"wp-block-spacer\"><\/div>\n\n\n\n<div class=\"wp-block-buttons is-content-justification-left is-layout-flex wp-container-core-buttons-is-layout-fdcfc74e wp-block-buttons-is-layout-flex\">\n<div class=\"wp-block-button\"><a class=\"wp-block-button__link has-white-color has-text-color has-background has-link-color has-medium-font-size has-custom-font-size wp-element-button\" href=\"https:\/\/www.forklift-international.com\/extern\/detail.php?id=4271135&amp;sprachid=1&amp;wid=1\" style=\"background:linear-gradient(135deg,rgb(255,193,7) 0%,rgb(51,51,51) 86%)\" target=\"_blank\" rel=\"noreferrer noopener\">Details<\/a><\/div>\n<\/div>\n<\/div>\n\n\n\n<div class=\"wp-block-column col_hmn is-layout-flow wp-block-column-is-layout-flow\"><div class=\"wp-block-image\">\n<figure class=\"aligncenter size-full\"><img loading=\"lazy\" decoding=\"async\" width=\"1024\" height=\"768\" src=\"https:\/\/koernergabelstapler.de\/en\/wp-content\/uploads\/2026\/03\/1024x320_E7682-10.jpg\" alt=\"\" class=\"wp-image-12386\" srcset=\"https:\/\/koernergabelstapler.de\/en\/wp-content\/uploads\/2026\/03\/1024x320_E7682-10.jpg 1024w, https:\/\/koernergabelstapler.de\/en\/wp-content\/uploads\/2026\/03\/1024x320_E7682-10-300x225.jpg 300w, https:\/\/koernergabelstapler.de\/en\/wp-content\/uploads\/2026\/03\/1024x320_E7682-10-768x576.jpg 768w\" sizes=\"auto, (max-width: 1024px) 100vw, 1024px\" \/><\/figure>\n<\/div>\n\n\n<div style=\"height:20px\" aria-hidden=\"true\" class=\"wp-block-spacer\"><\/div>\n\n\n\n<h4 class=\"wp-block-heading has-text-color has-link-color wp-elements-99b8d016e2ca1ea9a86586f7bee3572c\" style=\"color:#fed03d\">E7682 &#8211; Electric platform truck<\/h4>\n\n\n\n<h3 class=\"wp-block-heading has-text-align-left has-black-color has-text-color has-link-color wp-elements-87ef719d28826903f7c89f68fca0de0c\" style=\"font-size:22px\">Goupil G3<\/h3>\n\n\n\n<ul class=\"wp-block-list\">\n<li>Production year: 2013<\/li>\n\n\n\n<li>Load capacity: 700 kg<\/li>\n\n\n\n<li>Operating hours: 0<\/li>\n\n\n\n<li>Lifting height: 0 mm<\/li>\n\n\n\n<li>Mast type: none<\/li>\n<\/ul>\n\n\n\n<div style=\"height:25px\" aria-hidden=\"true\" class=\"wp-block-spacer\"><\/div>\n\n\n\n<div class=\"wp-block-buttons is-content-justification-left is-layout-flex wp-container-core-buttons-is-layout-fdcfc74e wp-block-buttons-is-layout-flex\">\n<div class=\"wp-block-button\"><a class=\"wp-block-button__link has-white-color has-text-color has-background has-link-color has-medium-font-size has-custom-font-size wp-element-button\" href=\"https:\/\/www.forklift-international.com\/extern\/detail.php?id=4217166&amp;sprachid=1&amp;wid=1\" style=\"background:linear-gradient(135deg,rgb(255,193,7) 0%,rgb(51,51,51) 86%)\" target=\"_blank\" rel=\"noreferrer noopener\">Details<\/a><\/div>\n<\/div>\n<\/div>\n\n\n\n<div class=\"wp-block-column col_hmn is-layout-flow wp-block-column-is-layout-flow\"><div class=\"wp-block-image\">\n<figure class=\"aligncenter size-full\"><img loading=\"lazy\" decoding=\"async\" width=\"1024\" height=\"768\" src=\"https:\/\/koernergabelstapler.de\/en\/wp-content\/uploads\/2026\/03\/1024x320_E7721-10.jpg\" alt=\"\" class=\"wp-image-12387\" srcset=\"https:\/\/koernergabelstapler.de\/en\/wp-content\/uploads\/2026\/03\/1024x320_E7721-10.jpg 1024w, https:\/\/koernergabelstapler.de\/en\/wp-content\/uploads\/2026\/03\/1024x320_E7721-10-300x225.jpg 300w, https:\/\/koernergabelstapler.de\/en\/wp-content\/uploads\/2026\/03\/1024x320_E7721-10-768x576.jpg 768w\" sizes=\"auto, (max-width: 1024px) 100vw, 1024px\" \/><\/figure>\n<\/div>\n\n\n<div style=\"height:20px\" aria-hidden=\"true\" class=\"wp-block-spacer\"><\/div>\n\n\n\n<h4 class=\"wp-block-heading has-text-color has-link-color wp-elements-a137ece7710b6569032698ee060d9ca1\" style=\"color:#fed03d\">E7721 &#8211; Electric platform truck<\/h4>\n\n\n\n<h3 class=\"wp-block-heading has-text-align-left has-black-color has-text-color has-link-color wp-elements-79f535e550b1282bdf0a7248f64bcc5d\" style=\"font-size:22px\">Goupil G4 tipper<\/h3>\n\n\n\n<ul class=\"wp-block-list\">\n<li>Production year: 2019<\/li>\n\n\n\n<li>Load capacity: 1000 kg<\/li>\n\n\n\n<li>Operating hours: 0<\/li>\n\n\n\n<li>Lifting height: 0 mm<\/li>\n\n\n\n<li>Mast type: none<\/li>\n<\/ul>\n\n\n\n<div style=\"height:25px\" aria-hidden=\"true\" class=\"wp-block-spacer\"><\/div>\n\n\n\n<div class=\"wp-block-buttons is-content-justification-left is-layout-flex wp-container-core-buttons-is-layout-fdcfc74e wp-block-buttons-is-layout-flex\">\n<div class=\"wp-block-button\"><a class=\"wp-block-button__link has-white-color has-text-color has-background has-link-color has-medium-font-size has-custom-font-size wp-element-button\" href=\"https:\/\/www.forklift-international.com\/extern\/detail.php?id=4524886&amp;sprachid=1&amp;wid=1\" style=\"background:linear-gradient(135deg,rgb(255,193,7) 0%,rgb(51,51,51) 86%)\" target=\"_blank\" rel=\"noreferrer noopener\">Details<\/a><\/div>\n<\/div>\n<\/div>\n<\/div>\n\n\n\n<div style=\"height:40px\" aria-hidden=\"true\" class=\"wp-block-spacer\"><\/div>\n\n\n\n<div class=\"wp-block-columns animated fadeInRight is-layout-flex wp-container-core-columns-is-layout-9d6595d7 wp-block-columns-is-layout-flex\" style=\"font-size:16px\">\n<div class=\"wp-block-column col_hmn is-layout-flow wp-block-column-is-layout-flow\"><div class=\"wp-block-image\">\n<figure class=\"aligncenter size-full\"><img loading=\"lazy\" decoding=\"async\" width=\"1024\" height=\"768\" src=\"https:\/\/koernergabelstapler.de\/en\/wp-content\/uploads\/2026\/03\/1024x320_E7502-1491216846.0402.jpg\" alt=\"\" class=\"wp-image-12390\" srcset=\"https:\/\/koernergabelstapler.de\/en\/wp-content\/uploads\/2026\/03\/1024x320_E7502-1491216846.0402.jpg 1024w, https:\/\/koernergabelstapler.de\/en\/wp-content\/uploads\/2026\/03\/1024x320_E7502-1491216846.0402-300x225.jpg 300w, https:\/\/koernergabelstapler.de\/en\/wp-content\/uploads\/2026\/03\/1024x320_E7502-1491216846.0402-768x576.jpg 768w\" sizes=\"auto, (max-width: 1024px) 100vw, 1024px\" \/><\/figure>\n<\/div>\n\n\n<div style=\"height:20px\" aria-hidden=\"true\" class=\"wp-block-spacer\"><\/div>\n\n\n\n<h4 class=\"wp-block-heading has-text-color has-link-color wp-elements-8edc8b6cbf82085e8ffb3fe5730bc61b\" style=\"color:#fed03d\">E7502 &#8211; Electric platform truck<\/h4>\n\n\n\n<h3 class=\"wp-block-heading has-text-align-left has-black-color has-text-color has-link-color wp-elements-79f535e550b1282bdf0a7248f64bcc5d\" style=\"font-size:22px\">Goupil G4 tipper<\/h3>\n\n\n\n<ul class=\"wp-block-list\">\n<li>Production year: 2017<\/li>\n\n\n\n<li>Load capacity: 1000 kg<\/li>\n\n\n\n<li>Operating hours: 0<\/li>\n\n\n\n<li>Lifting height: 0 mm<\/li>\n\n\n\n<li>Mast type: none<\/li>\n<\/ul>\n\n\n\n<div style=\"height:25px\" aria-hidden=\"true\" class=\"wp-block-spacer\"><\/div>\n\n\n\n<div class=\"wp-block-buttons is-content-justification-left is-layout-flex wp-container-core-buttons-is-layout-fdcfc74e wp-block-buttons-is-layout-flex\">\n<div class=\"wp-block-button\"><a class=\"wp-block-button__link has-white-color has-text-color has-background has-link-color has-medium-font-size has-custom-font-size wp-element-button\" href=\"https:\/\/www.forklift-international.com\/extern\/detail.php?id=3139670&amp;sprachid=1&amp;wid=1\" style=\"background:linear-gradient(135deg,rgb(255,193,7) 0%,rgb(51,51,51) 86%)\" target=\"_blank\" rel=\"noreferrer noopener\">Details<\/a><\/div>\n<\/div>\n<\/div>\n\n\n\n<div class=\"wp-block-column col_hmn is-layout-flow wp-block-column-is-layout-flow\"><div class=\"wp-block-image\">\n<figure class=\"aligncenter size-full\"><img loading=\"lazy\" decoding=\"async\" width=\"1024\" height=\"768\" src=\"https:\/\/koernergabelstapler.de\/en\/wp-content\/uploads\/2026\/03\/1024x320_9379-1.jpg\" alt=\"\" class=\"wp-image-12391\" srcset=\"https:\/\/koernergabelstapler.de\/en\/wp-content\/uploads\/2026\/03\/1024x320_9379-1.jpg 1024w, https:\/\/koernergabelstapler.de\/en\/wp-content\/uploads\/2026\/03\/1024x320_9379-1-300x225.jpg 300w, https:\/\/koernergabelstapler.de\/en\/wp-content\/uploads\/2026\/03\/1024x320_9379-1-768x576.jpg 768w\" sizes=\"auto, (max-width: 1024px) 100vw, 1024px\" \/><\/figure>\n<\/div>\n\n\n<div style=\"height:20px\" aria-hidden=\"true\" class=\"wp-block-spacer\"><\/div>\n\n\n\n<h4 class=\"wp-block-heading has-text-color has-link-color wp-elements-84d2d8a2afe162c5be96242ebc4a7719\" style=\"color:#fed03d\">9379 &#8211; Electric platform truck<\/h4>\n\n\n\n<h3 class=\"wp-block-heading has-text-align-left has-black-color has-text-color has-link-color wp-elements-a6a8d45eb486eff16dd31eb9be0f22b3\" style=\"font-size:22px\">Goupil G4 box body<\/h3>\n\n\n\n<ul class=\"wp-block-list\">\n<li>Production year: 2019<\/li>\n\n\n\n<li>Load capacity: 1000 kg<\/li>\n\n\n\n<li>Operating hours: 0<\/li>\n\n\n\n<li>Lifting height: 0 mm<\/li>\n\n\n\n<li>Mast type: none<\/li>\n<\/ul>\n\n\n\n<div style=\"height:25px\" aria-hidden=\"true\" class=\"wp-block-spacer\"><\/div>\n\n\n\n<div class=\"wp-block-buttons is-content-justification-left is-layout-flex wp-container-core-buttons-is-layout-fdcfc74e wp-block-buttons-is-layout-flex\">\n<div class=\"wp-block-button\"><a class=\"wp-block-button__link has-white-color has-text-color has-background has-link-color has-medium-font-size has-custom-font-size wp-element-button\" href=\"https:\/\/www.forklift-international.com\/extern\/detail.php?id=4675631&amp;sprachid=1&amp;wid=1\" style=\"background:linear-gradient(135deg,rgb(255,193,7) 0%,rgb(51,51,51) 86%)\" target=\"_blank\" rel=\"noreferrer noopener\">Details<\/a><\/div>\n<\/div>\n<\/div>\n\n\n\n<div class=\"wp-block-column col_hmn is-layout-flow wp-block-column-is-layout-flow\"><div class=\"wp-block-image\">\n<figure class=\"aligncenter size-full\"><img loading=\"lazy\" decoding=\"async\" width=\"1024\" height=\"768\" src=\"https:\/\/koernergabelstapler.de\/en\/wp-content\/uploads\/2026\/03\/1024x320_E7722-3.jpg\" alt=\"\" class=\"wp-image-12392\" srcset=\"https:\/\/koernergabelstapler.de\/en\/wp-content\/uploads\/2026\/03\/1024x320_E7722-3.jpg 1024w, https:\/\/koernergabelstapler.de\/en\/wp-content\/uploads\/2026\/03\/1024x320_E7722-3-300x225.jpg 300w, https:\/\/koernergabelstapler.de\/en\/wp-content\/uploads\/2026\/03\/1024x320_E7722-3-768x576.jpg 768w\" sizes=\"auto, (max-width: 1024px) 100vw, 1024px\" \/><\/figure>\n<\/div>\n\n\n<div style=\"height:20px\" aria-hidden=\"true\" class=\"wp-block-spacer\"><\/div>\n\n\n\n<h4 class=\"wp-block-heading has-text-color has-link-color wp-elements-2f57d638117dfbe12a502b916b737d21\" style=\"color:#fed03d\">E7722 &#8211; Electric platform truck<\/h4>\n\n\n\n<h3 class=\"wp-block-heading has-text-align-left has-black-color has-text-color has-link-color wp-elements-a19c50a97ee6c1dca2808b5e493c170d\" style=\"font-size:22px\">Goupil G4 Plattform<\/h3>\n\n\n\n<ul class=\"wp-block-list\">\n<li>Production year: 2018<\/li>\n\n\n\n<li>Load capacity: 1000 kg<\/li>\n\n\n\n<li>Operating hours: 0<\/li>\n\n\n\n<li>Lifting height: 0 mm<\/li>\n\n\n\n<li>Mast type: none<\/li>\n<\/ul>\n\n\n\n<div style=\"height:25px\" aria-hidden=\"true\" class=\"wp-block-spacer\"><\/div>\n\n\n\n<div class=\"wp-block-buttons is-content-justification-left is-layout-flex wp-container-core-buttons-is-layout-fdcfc74e wp-block-buttons-is-layout-flex\">\n<div class=\"wp-block-button\"><a class=\"wp-block-button__link has-white-color has-text-color has-background has-link-color has-medium-font-size has-custom-font-size wp-element-button\" href=\"https:\/\/www.forklift-international.com\/extern\/detail.php?id=4985673&amp;sprachid=1&amp;wid=1\" style=\"background:linear-gradient(135deg,rgb(255,193,7) 0%,rgb(51,51,51) 86%)\" target=\"_blank\" rel=\"noreferrer noopener\">Details<\/a><\/div>\n<\/div>\n<\/div>\n<\/div>\n\n\n\n<div style=\"height:40px\" aria-hidden=\"true\" class=\"wp-block-spacer\"><\/div>\n\n\n\n<div class=\"wp-block-columns animated fadeInRight is-layout-flex wp-container-core-columns-is-layout-9d6595d7 wp-block-columns-is-layout-flex\" style=\"font-size:16px\">\n<div class=\"wp-block-column col_hmn is-layout-flow wp-block-column-is-layout-flow\"><div class=\"wp-block-image\">\n<figure class=\"aligncenter size-full\"><img loading=\"lazy\" decoding=\"async\" width=\"1024\" height=\"768\" src=\"https:\/\/koernergabelstapler.de\/en\/wp-content\/uploads\/2026\/03\/1024x320_H7432-1.jpg\" alt=\"\" class=\"wp-image-12395\" srcset=\"https:\/\/koernergabelstapler.de\/en\/wp-content\/uploads\/2026\/03\/1024x320_H7432-1.jpg 1024w, https:\/\/koernergabelstapler.de\/en\/wp-content\/uploads\/2026\/03\/1024x320_H7432-1-300x225.jpg 300w, https:\/\/koernergabelstapler.de\/en\/wp-content\/uploads\/2026\/03\/1024x320_H7432-1-768x576.jpg 768w\" sizes=\"auto, (max-width: 1024px) 100vw, 1024px\" \/><\/figure>\n<\/div>\n\n\n<div style=\"height:20px\" aria-hidden=\"true\" class=\"wp-block-spacer\"><\/div>\n\n\n\n<h4 class=\"wp-block-heading has-text-color has-link-color wp-elements-038d2c5ab9f90424dc35a9259f13c2cc\" style=\"color:#fed03d\">H7432 &#8211; Stand on forklift<\/h4>\n\n\n\n<h3 class=\"wp-block-heading has-text-align-left has-black-color has-text-color has-link-color wp-elements-3ad7dfe216781b883e814f8901634a59\" style=\"font-size:22px\">HC (Hangcha) CDD20-AC1S<\/h3>\n\n\n\n<ul class=\"wp-block-list\">\n<li>Production year: 2014<\/li>\n\n\n\n<li>Load capacity: 2000 kg<\/li>\n\n\n\n<li>Operating hours: 0<\/li>\n\n\n\n<li>Lifting height: 2740 mm<\/li>\n\n\n\n<li>Mast type: Standard<\/li>\n<\/ul>\n\n\n\n<div style=\"height:25px\" aria-hidden=\"true\" class=\"wp-block-spacer\"><\/div>\n\n\n\n<div class=\"wp-block-buttons is-content-justification-left is-layout-flex wp-container-core-buttons-is-layout-fdcfc74e wp-block-buttons-is-layout-flex\">\n<div class=\"wp-block-button\"><a class=\"wp-block-button__link has-white-color has-text-color has-background has-link-color has-medium-font-size has-custom-font-size wp-element-button\" href=\"https:\/\/www.forklift-international.com\/extern\/detail.php?id=3412444&amp;sprachid=1&amp;wid=1\" style=\"background:linear-gradient(135deg,rgb(255,193,7) 0%,rgb(51,51,51) 86%)\" target=\"_blank\" rel=\"noreferrer noopener\">Details<\/a><\/div>\n<\/div>\n<\/div>\n\n\n\n<div class=\"wp-block-column col_hmn is-layout-flow wp-block-column-is-layout-flow\"><div class=\"wp-block-image\">\n<figure class=\"aligncenter size-full\"><img loading=\"lazy\" decoding=\"async\" width=\"1024\" height=\"768\" src=\"https:\/\/koernergabelstapler.de\/en\/wp-content\/uploads\/2026\/03\/1024x320_H7743-1.jpg\" alt=\"\" class=\"wp-image-12397\" srcset=\"https:\/\/koernergabelstapler.de\/en\/wp-content\/uploads\/2026\/03\/1024x320_H7743-1.jpg 1024w, https:\/\/koernergabelstapler.de\/en\/wp-content\/uploads\/2026\/03\/1024x320_H7743-1-300x225.jpg 300w, https:\/\/koernergabelstapler.de\/en\/wp-content\/uploads\/2026\/03\/1024x320_H7743-1-768x576.jpg 768w\" sizes=\"auto, (max-width: 1024px) 100vw, 1024px\" \/><\/figure>\n<\/div>\n\n\n<div style=\"height:20px\" aria-hidden=\"true\" class=\"wp-block-spacer\"><\/div>\n\n\n\n<h4 class=\"wp-block-heading has-text-color has-link-color wp-elements-52b87a4de03661b6ef177451ceefd56c\" style=\"color:#fed03d\">H7743 &#8211; Stand on forklift<\/h4>\n\n\n\n<h3 class=\"wp-block-heading has-text-align-left has-black-color has-text-color has-link-color wp-elements-bc3fc2fa6e316b4ae027b1260db585b4\" style=\"font-size:22px\">HC (Hangcha) CDD20-AZ3S<\/h3>\n\n\n\n<ul class=\"wp-block-list\">\n<li>Production year: 2018<\/li>\n\n\n\n<li>Load capacity: 2000 kg<\/li>\n\n\n\n<li>Operating hours: 0<\/li>\n\n\n\n<li>Lifting height: 2700 mm<\/li>\n\n\n\n<li>Mast type: Standard<\/li>\n<\/ul>\n\n\n\n<div style=\"height:25px\" aria-hidden=\"true\" class=\"wp-block-spacer\"><\/div>\n\n\n\n<div class=\"wp-block-buttons is-content-justification-left is-layout-flex wp-container-core-buttons-is-layout-fdcfc74e wp-block-buttons-is-layout-flex\">\n<div class=\"wp-block-button\"><a class=\"wp-block-button__link has-white-color has-text-color has-background has-link-color has-medium-font-size has-custom-font-size wp-element-button\" href=\"https:\/\/www.forklift-international.com\/extern\/detail.php?id=4971372&amp;sprachid=1&amp;wid=1\" style=\"background:linear-gradient(135deg,rgb(255,193,7) 0%,rgb(51,51,51) 86%)\" target=\"_blank\" rel=\"noreferrer noopener\">Details<\/a><\/div>\n<\/div>\n<\/div>\n\n\n\n<div class=\"wp-block-column col_hmn is-layout-flow wp-block-column-is-layout-flow\"><div class=\"wp-block-image\">\n<figure class=\"aligncenter size-full\"><img loading=\"lazy\" decoding=\"async\" width=\"1024\" height=\"768\" src=\"https:\/\/koernergabelstapler.de\/en\/wp-content\/uploads\/2026\/03\/1024x320_3374-2.jpg\" alt=\"\" class=\"wp-image-12401\" srcset=\"https:\/\/koernergabelstapler.de\/en\/wp-content\/uploads\/2026\/03\/1024x320_3374-2.jpg 1024w, https:\/\/koernergabelstapler.de\/en\/wp-content\/uploads\/2026\/03\/1024x320_3374-2-300x225.jpg 300w, https:\/\/koernergabelstapler.de\/en\/wp-content\/uploads\/2026\/03\/1024x320_3374-2-768x576.jpg 768w\" sizes=\"auto, (max-width: 1024px) 100vw, 1024px\" \/><\/figure>\n<\/div>\n\n\n<div style=\"height:20px\" aria-hidden=\"true\" class=\"wp-block-spacer\"><\/div>\n\n\n\n<h4 class=\"wp-block-heading has-text-color has-link-color wp-elements-eef03a649379d77a2e05a106e7890660\" style=\"color:#fed03d\">3374 &#8211; High lift pallet truck<\/h4>\n\n\n\n<h3 class=\"wp-block-heading has-text-align-left has-black-color has-text-color has-link-color wp-elements-a4c408fa4eeeaee795c8f45cfa2e1c10\" style=\"font-size:22px\">Jungheinrich EJC14<\/h3>\n\n\n\n<ul class=\"wp-block-list\">\n<li>Production year: 2002<\/li>\n\n\n\n<li>Load capacity: 1400 kg<\/li>\n\n\n\n<li>Operating hours: 2800<\/li>\n\n\n\n<li>Lifting height: 0 mm<\/li>\n\n\n\n<li>Mast type: Standard<\/li>\n<\/ul>\n\n\n\n<div style=\"height:25px\" aria-hidden=\"true\" class=\"wp-block-spacer\"><\/div>\n\n\n\n<div class=\"wp-block-buttons is-content-justification-left is-layout-flex wp-container-core-buttons-is-layout-fdcfc74e wp-block-buttons-is-layout-flex\">\n<div class=\"wp-block-button\"><a class=\"wp-block-button__link has-white-color has-text-color has-background has-link-color has-medium-font-size has-custom-font-size wp-element-button\" href=\"https:\/\/www.forklift-international.com\/extern\/detail.php?id=4306139&amp;sprachid=1&amp;wid=1\" style=\"background:linear-gradient(135deg,rgb(255,193,7) 0%,rgb(51,51,51) 86%)\" target=\"_blank\" rel=\"noreferrer noopener\">Details<\/a><\/div>\n<\/div>\n<\/div>\n<\/div>\n\n\n\n<div style=\"height:40px\" aria-hidden=\"true\" class=\"wp-block-spacer\"><\/div>\n\n\n\n<div class=\"wp-block-columns animated fadeInRight is-layout-flex wp-container-core-columns-is-layout-9d6595d7 wp-block-columns-is-layout-flex\" style=\"font-size:16px\">\n<div class=\"wp-block-column col_hmn is-layout-flow wp-block-column-is-layout-flow\"><div class=\"wp-block-image\">\n<figure class=\"aligncenter size-full\"><img loading=\"lazy\" decoding=\"async\" width=\"1024\" height=\"768\" src=\"https:\/\/koernergabelstapler.de\/en\/wp-content\/uploads\/2026\/03\/1024x320_9184-1.jpg\" alt=\"\" class=\"wp-image-12404\" srcset=\"https:\/\/koernergabelstapler.de\/en\/wp-content\/uploads\/2026\/03\/1024x320_9184-1.jpg 1024w, https:\/\/koernergabelstapler.de\/en\/wp-content\/uploads\/2026\/03\/1024x320_9184-1-300x225.jpg 300w, https:\/\/koernergabelstapler.de\/en\/wp-content\/uploads\/2026\/03\/1024x320_9184-1-768x576.jpg 768w\" sizes=\"auto, (max-width: 1024px) 100vw, 1024px\" \/><\/figure>\n<\/div>\n\n\n<div style=\"height:20px\" aria-hidden=\"true\" class=\"wp-block-spacer\"><\/div>\n\n\n\n<h4 class=\"wp-block-heading has-text-color has-link-color wp-elements-6001ec9525a8a9ca932161d047a2b226\" style=\"color:#fed03d\">9184 &#8211; High lift pallet truck<\/h4>\n\n\n\n<h3 class=\"wp-block-heading has-text-align-left has-black-color has-text-color has-link-color wp-elements-46d04b17c242563743181d6e0e0e08b0\" style=\"font-size:22px\">Jungheinrich ERC14<\/h3>\n\n\n\n<ul class=\"wp-block-list\">\n<li>Production year: 2001<\/li>\n\n\n\n<li>Load capacity: 1400 kg<\/li>\n\n\n\n<li>Operating hours: 0<\/li>\n\n\n\n<li>Lifting height: 2900 mm<\/li>\n\n\n\n<li>Mast type: Standard<\/li>\n<\/ul>\n\n\n\n<div style=\"height:25px\" aria-hidden=\"true\" class=\"wp-block-spacer\"><\/div>\n\n\n\n<div class=\"wp-block-buttons is-content-justification-left is-layout-flex wp-container-core-buttons-is-layout-fdcfc74e wp-block-buttons-is-layout-flex\">\n<div class=\"wp-block-button\"><a class=\"wp-block-button__link has-white-color has-text-color has-background has-link-color has-medium-font-size has-custom-font-size wp-element-button\" href=\"https:\/\/www.forklift-international.com\/extern\/detail.php?id=4403441&amp;sprachid=1&amp;wid=1\" style=\"background:linear-gradient(135deg,rgb(255,193,7) 0%,rgb(51,51,51) 86%)\" target=\"_blank\" rel=\"noreferrer noopener\">Details<\/a><\/div>\n<\/div>\n<\/div>\n\n\n\n<div class=\"wp-block-column col_hmn is-layout-flow wp-block-column-is-layout-flow\"><div class=\"wp-block-image\">\n<figure class=\"aligncenter size-full\"><img loading=\"lazy\" decoding=\"async\" width=\"1024\" height=\"768\" src=\"https:\/\/koernergabelstapler.de\/en\/wp-content\/uploads\/2026\/03\/1024x320_E7389.jpg\" alt=\"\" class=\"wp-image-12405\" srcset=\"https:\/\/koernergabelstapler.de\/en\/wp-content\/uploads\/2026\/03\/1024x320_E7389.jpg 1024w, https:\/\/koernergabelstapler.de\/en\/wp-content\/uploads\/2026\/03\/1024x320_E7389-300x225.jpg 300w, https:\/\/koernergabelstapler.de\/en\/wp-content\/uploads\/2026\/03\/1024x320_E7389-768x576.jpg 768w\" sizes=\"auto, (max-width: 1024px) 100vw, 1024px\" \/><\/figure>\n<\/div>\n\n\n<div style=\"height:20px\" aria-hidden=\"true\" class=\"wp-block-spacer\"><\/div>\n\n\n\n<h4 class=\"wp-block-heading has-text-color has-link-color wp-elements-777022ec89020934e277e90857f9780f\" style=\"color:#fed03d\">E7389 &#8211; Low lift pallet truck<\/h4>\n\n\n\n<h3 class=\"wp-block-heading has-text-align-left has-black-color has-text-color has-link-color wp-elements-2e23e93bd92751a3d7abab57a074bc09\" style=\"font-size:22px\">Jungheinrich ERE 22G<\/h3>\n\n\n\n<ul class=\"wp-block-list\">\n<li>Production year: 2004<\/li>\n\n\n\n<li>Load capacity: 2000 kg<\/li>\n\n\n\n<li>Operating hours: 0<\/li>\n\n\n\n<li>Lifting height: 220 mm<\/li>\n\n\n\n<li>Mast type: none<\/li>\n<\/ul>\n\n\n\n<div style=\"height:25px\" aria-hidden=\"true\" class=\"wp-block-spacer\"><\/div>\n\n\n\n<div class=\"wp-block-buttons is-content-justification-left is-layout-flex wp-container-core-buttons-is-layout-fdcfc74e wp-block-buttons-is-layout-flex\">\n<div class=\"wp-block-button\"><a class=\"wp-block-button__link has-white-color has-text-color has-background has-link-color has-medium-font-size has-custom-font-size wp-element-button\" href=\"https:\/\/www.forklift-international.com\/extern\/detail.php?id=2862564&amp;sprachid=1&amp;wid=1\" style=\"background:linear-gradient(135deg,rgb(255,193,7) 0%,rgb(51,51,51) 86%)\" target=\"_blank\" rel=\"noreferrer noopener\">Details<\/a><\/div>\n<\/div>\n<\/div>\n\n\n\n<div class=\"wp-block-column col_hmn is-layout-flow wp-block-column-is-layout-flow\"><div class=\"wp-block-image\">\n<figure class=\"aligncenter size-full\"><img loading=\"lazy\" decoding=\"async\" width=\"1024\" height=\"768\" src=\"https:\/\/koernergabelstapler.de\/en\/wp-content\/uploads\/2026\/03\/1024x320_E7745-2.jpg\" alt=\"\" class=\"wp-image-12408\" srcset=\"https:\/\/koernergabelstapler.de\/en\/wp-content\/uploads\/2026\/03\/1024x320_E7745-2.jpg 1024w, https:\/\/koernergabelstapler.de\/en\/wp-content\/uploads\/2026\/03\/1024x320_E7745-2-300x225.jpg 300w, https:\/\/koernergabelstapler.de\/en\/wp-content\/uploads\/2026\/03\/1024x320_E7745-2-768x576.jpg 768w\" sizes=\"auto, (max-width: 1024px) 100vw, 1024px\" \/><\/figure>\n<\/div>\n\n\n<div style=\"height:20px\" aria-hidden=\"true\" class=\"wp-block-spacer\"><\/div>\n\n\n\n<h4 class=\"wp-block-heading has-text-color has-link-color wp-elements-8ba58c1d2cecc401b382edcf8530b095\" style=\"color:#fed03d\">E7745 &#8211; Tow tractor<\/h4>\n\n\n\n<h3 class=\"wp-block-heading has-text-align-left has-black-color has-text-color has-link-color wp-elements-882bd8333394a8c5a77d588e037fd3e2\" style=\"font-size:22px\">Linde W20<\/h3>\n\n\n\n<ul class=\"wp-block-list\">\n<li>Production year: 2012<\/li>\n\n\n\n<li>Load capacity: 2000 kg<\/li>\n\n\n\n<li>Operating hours: 0<\/li>\n\n\n\n<li>Lifting height: 0 mm<\/li>\n\n\n\n<li>Mast type: none<\/li>\n<\/ul>\n\n\n\n<div style=\"height:25px\" aria-hidden=\"true\" class=\"wp-block-spacer\"><\/div>\n\n\n\n<div class=\"wp-block-buttons is-content-justification-left is-layout-flex wp-container-core-buttons-is-layout-fdcfc74e wp-block-buttons-is-layout-flex\">\n<div class=\"wp-block-button\"><a class=\"wp-block-button__link has-white-color has-text-color has-background has-link-color has-medium-font-size has-custom-font-size wp-element-button\" href=\"https:\/\/www.forklift-international.com\/extern\/detail.php?id=5103238&amp;sprachid=1&amp;wid=1\" style=\"background:linear-gradient(135deg,rgb(255,193,7) 0%,rgb(51,51,51) 86%)\" target=\"_blank\" rel=\"noreferrer noopener\">Details<\/a><\/div>\n<\/div>\n<\/div>\n<\/div>\n\n\n\n<div style=\"height:40px\" aria-hidden=\"true\" class=\"wp-block-spacer\"><\/div>\n\n\n\n<div class=\"wp-block-columns animated fadeInRight is-layout-flex wp-container-core-columns-is-layout-9d6595d7 wp-block-columns-is-layout-flex\" style=\"font-size:16px\">\n<div class=\"wp-block-column col_hmn is-layout-flow wp-block-column-is-layout-flow\"><div class=\"wp-block-image\">\n<figure class=\"aligncenter size-full\"><img loading=\"lazy\" decoding=\"async\" width=\"1024\" height=\"768\" src=\"https:\/\/koernergabelstapler.de\/en\/wp-content\/uploads\/2026\/03\/1024x320_E7708-3.jpg\" alt=\"\" class=\"wp-image-12411\" srcset=\"https:\/\/koernergabelstapler.de\/en\/wp-content\/uploads\/2026\/03\/1024x320_E7708-3.jpg 1024w, https:\/\/koernergabelstapler.de\/en\/wp-content\/uploads\/2026\/03\/1024x320_E7708-3-300x225.jpg 300w, https:\/\/koernergabelstapler.de\/en\/wp-content\/uploads\/2026\/03\/1024x320_E7708-3-768x576.jpg 768w\" sizes=\"auto, (max-width: 1024px) 100vw, 1024px\" \/><\/figure>\n<\/div>\n\n\n<div style=\"height:20px\" aria-hidden=\"true\" class=\"wp-block-spacer\"><\/div>\n\n\n\n<h4 class=\"wp-block-heading has-text-color has-link-color wp-elements-16cd82428ed7931c3aa57bf23c9e3244\" style=\"color:#fed03d\">E7708 &#8211; Electric platform truck<\/h4>\n\n\n\n<h3 class=\"wp-block-heading has-text-align-left has-black-color has-text-color has-link-color wp-elements-9a984a34ec142c49c5f6e4da139b77a9\" style=\"font-size:22px\">Mega E-Worker tipper<\/h3>\n\n\n\n<ul class=\"wp-block-list\">\n<li>Production year: 2013<\/li>\n\n\n\n<li>Load capacity: 650 kg<\/li>\n\n\n\n<li>Operating hours: 0<\/li>\n\n\n\n<li>Lifting height: 0 mm<\/li>\n\n\n\n<li>Mast type: none<\/li>\n<\/ul>\n\n\n\n<div style=\"height:25px\" aria-hidden=\"true\" class=\"wp-block-spacer\"><\/div>\n\n\n\n<div class=\"wp-block-buttons is-content-justification-left is-layout-flex wp-container-core-buttons-is-layout-fdcfc74e wp-block-buttons-is-layout-flex\">\n<div class=\"wp-block-button\"><a class=\"wp-block-button__link has-white-color has-text-color has-background has-link-color has-medium-font-size has-custom-font-size wp-element-button\" href=\"https:\/\/www.forklift-international.com\/extern\/detail.php?id=4453658&amp;sprachid=1&amp;wid=1\" style=\"background:linear-gradient(135deg,rgb(255,193,7) 0%,rgb(51,51,51) 86%)\" target=\"_blank\" rel=\"noreferrer noopener\">Details<\/a><\/div>\n<\/div>\n<\/div>\n\n\n\n<div class=\"wp-block-column col_hmn is-layout-flow wp-block-column-is-layout-flow\"><div class=\"wp-block-image\">\n<figure class=\"aligncenter size-full\"><img loading=\"lazy\" decoding=\"async\" width=\"1024\" height=\"768\" src=\"https:\/\/koernergabelstapler.de\/en\/wp-content\/uploads\/2026\/03\/1024x320_E7729-6.jpg\" alt=\"\" class=\"wp-image-12412\" srcset=\"https:\/\/koernergabelstapler.de\/en\/wp-content\/uploads\/2026\/03\/1024x320_E7729-6.jpg 1024w, https:\/\/koernergabelstapler.de\/en\/wp-content\/uploads\/2026\/03\/1024x320_E7729-6-300x225.jpg 300w, https:\/\/koernergabelstapler.de\/en\/wp-content\/uploads\/2026\/03\/1024x320_E7729-6-768x576.jpg 768w\" sizes=\"auto, (max-width: 1024px) 100vw, 1024px\" \/><\/figure>\n<\/div>\n\n\n<div style=\"height:20px\" aria-hidden=\"true\" class=\"wp-block-spacer\"><\/div>\n\n\n\n<h4 class=\"wp-block-heading has-text-color has-link-color wp-elements-ecd604e8d05aefffe670b6bce49c8ba2\" style=\"color:#fed03d\">E7729 &#8211; Electric platform truck<\/h4>\n\n\n\n<h3 class=\"wp-block-heading has-text-align-left has-black-color has-text-color has-link-color wp-elements-9a984a34ec142c49c5f6e4da139b77a9\" style=\"font-size:22px\">Mega E-Worker tipper<\/h3>\n\n\n\n<ul class=\"wp-block-list\">\n<li>Production year: 2014<\/li>\n\n\n\n<li>Load capacity: 650 kg<\/li>\n\n\n\n<li>Operating hours: 0<\/li>\n\n\n\n<li>Lifting height: 220 mm<\/li>\n\n\n\n<li>Mast type: none<\/li>\n<\/ul>\n\n\n\n<div style=\"height:25px\" aria-hidden=\"true\" class=\"wp-block-spacer\"><\/div>\n\n\n\n<div class=\"wp-block-buttons is-content-justification-left is-layout-flex wp-container-core-buttons-is-layout-fdcfc74e wp-block-buttons-is-layout-flex\">\n<div class=\"wp-block-button\"><a class=\"wp-block-button__link has-white-color has-text-color has-background has-link-color has-medium-font-size has-custom-font-size wp-element-button\" href=\"https:\/\/www.forklift-international.com\/extern\/detail.php?id=4726818&amp;sprachid=1&amp;wid=1\" style=\"background:linear-gradient(135deg,rgb(255,193,7) 0%,rgb(51,51,51) 86%)\" target=\"_blank\" rel=\"noreferrer noopener\">Details<\/a><\/div>\n<\/div>\n<\/div>\n\n\n\n<div class=\"wp-block-column col_hmn is-layout-flow wp-block-column-is-layout-flow\"><div class=\"wp-block-image\">\n<figure class=\"aligncenter size-full\"><img loading=\"lazy\" decoding=\"async\" width=\"1024\" height=\"768\" src=\"https:\/\/koernergabelstapler.de\/en\/wp-content\/uploads\/2026\/03\/1024x320_E7691-1.jpg\" alt=\"\" class=\"wp-image-12413\" srcset=\"https:\/\/koernergabelstapler.de\/en\/wp-content\/uploads\/2026\/03\/1024x320_E7691-1.jpg 1024w, https:\/\/koernergabelstapler.de\/en\/wp-content\/uploads\/2026\/03\/1024x320_E7691-1-300x225.jpg 300w, https:\/\/koernergabelstapler.de\/en\/wp-content\/uploads\/2026\/03\/1024x320_E7691-1-768x576.jpg 768w\" sizes=\"auto, (max-width: 1024px) 100vw, 1024px\" \/><\/figure>\n<\/div>\n\n\n<div style=\"height:20px\" aria-hidden=\"true\" class=\"wp-block-spacer\"><\/div>\n\n\n\n<h4 class=\"wp-block-heading has-text-color has-link-color wp-elements-db66a71c00fc1886ea9224b515ac3b74\" style=\"color:#fed03d\">E7691 &#8211; Electric platform truck<\/h4>\n\n\n\n<h3 class=\"wp-block-heading has-text-align-left has-black-color has-text-color has-link-color wp-elements-3d974c10b1e1ea899e9fbb70d1a7773d\" style=\"font-size:22px\">Mega E-Worker Plattform<\/h3>\n\n\n\n<ul class=\"wp-block-list\">\n<li>Production year: 2017<\/li>\n\n\n\n<li>Load capacity: 1000 kg<\/li>\n\n\n\n<li>Operating hours: 0<\/li>\n\n\n\n<li>Lifting height: 0 mm<\/li>\n\n\n\n<li>Mast type: none<\/li>\n<\/ul>\n\n\n\n<div style=\"height:25px\" aria-hidden=\"true\" class=\"wp-block-spacer\"><\/div>\n\n\n\n<div class=\"wp-block-buttons is-content-justification-left is-layout-flex wp-container-core-buttons-is-layout-fdcfc74e wp-block-buttons-is-layout-flex\">\n<div class=\"wp-block-button\"><a class=\"wp-block-button__link has-white-color has-text-color has-background has-link-color has-medium-font-size has-custom-font-size wp-element-button\" href=\"https:\/\/www.forklift-international.com\/extern\/detail.php?id=4281379&amp;sprachid=1&amp;wid=1\" style=\"background:linear-gradient(135deg,rgb(255,193,7) 0%,rgb(51,51,51) 86%)\" target=\"_blank\" rel=\"noreferrer noopener\">Details<\/a><\/div>\n<\/div>\n<\/div>\n<\/div>\n\n\n\n<div style=\"height:40px\" aria-hidden=\"true\" class=\"wp-block-spacer\"><\/div>\n\n\n\n<div class=\"wp-block-columns animated fadeInRight is-layout-flex wp-container-core-columns-is-layout-9d6595d7 wp-block-columns-is-layout-flex\" style=\"font-size:16px\">\n<div class=\"wp-block-column col_hmn is-layout-flow wp-block-column-is-layout-flow\"><div class=\"wp-block-image\">\n<figure class=\"aligncenter size-full\"><img loading=\"lazy\" decoding=\"async\" width=\"1024\" height=\"768\" src=\"https:\/\/koernergabelstapler.de\/en\/wp-content\/uploads\/2026\/03\/1024xkeinbild.jpg\" alt=\"\" class=\"wp-image-12416\" srcset=\"https:\/\/koernergabelstapler.de\/en\/wp-content\/uploads\/2026\/03\/1024xkeinbild.jpg 1024w, https:\/\/koernergabelstapler.de\/en\/wp-content\/uploads\/2026\/03\/1024xkeinbild-300x225.jpg 300w, https:\/\/koernergabelstapler.de\/en\/wp-content\/uploads\/2026\/03\/1024xkeinbild-768x576.jpg 768w\" sizes=\"auto, (max-width: 1024px) 100vw, 1024px\" \/><\/figure>\n<\/div>\n\n\n<div style=\"height:20px\" aria-hidden=\"true\" class=\"wp-block-spacer\"><\/div>\n\n\n\n<h4 class=\"wp-block-heading has-text-color has-link-color wp-elements-a7155cfe2aed1f3da70c29dbcdd53694\" style=\"color:#fed03d\">E7742 &#8211; Electric platform truck<\/h4>\n\n\n\n<h3 class=\"wp-block-heading has-text-align-left has-black-color has-text-color has-link-color wp-elements-3d974c10b1e1ea899e9fbb70d1a7773d\" style=\"font-size:22px\">Mega E-Worker Plattform<\/h3>\n\n\n\n<ul class=\"wp-block-list\">\n<li>Production year: 2012<\/li>\n\n\n\n<li>Load capacity: 900 kg<\/li>\n\n\n\n<li>Operating hours: 0<\/li>\n\n\n\n<li>Lifting height: 0 mm<\/li>\n\n\n\n<li>Mast type: none<\/li>\n<\/ul>\n\n\n\n<div style=\"height:25px\" aria-hidden=\"true\" class=\"wp-block-spacer\"><\/div>\n\n\n\n<div class=\"wp-block-buttons is-content-justification-left is-layout-flex wp-container-core-buttons-is-layout-fdcfc74e wp-block-buttons-is-layout-flex\">\n<div class=\"wp-block-button\"><a class=\"wp-block-button__link has-white-color has-text-color has-background has-link-color has-medium-font-size has-custom-font-size wp-element-button\" href=\"https:\/\/www.forklift-international.com\/extern\/detail.php?id=4971371&amp;sprachid=1&amp;wid=1\" style=\"background:linear-gradient(135deg,rgb(255,193,7) 0%,rgb(51,51,51) 86%)\" target=\"_blank\" rel=\"noreferrer noopener\">Details<\/a><\/div>\n<\/div>\n<\/div>\n\n\n\n<div class=\"wp-block-column col_hmn is-layout-flow wp-block-column-is-layout-flow\"><div class=\"wp-block-image\">\n<figure class=\"aligncenter size-full\"><img loading=\"lazy\" decoding=\"async\" width=\"1024\" height=\"768\" src=\"https:\/\/koernergabelstapler.de\/en\/wp-content\/uploads\/2026\/03\/1024x320_H7253.jpg\" alt=\"\" class=\"wp-image-12417\" srcset=\"https:\/\/koernergabelstapler.de\/en\/wp-content\/uploads\/2026\/03\/1024x320_H7253.jpg 1024w, https:\/\/koernergabelstapler.de\/en\/wp-content\/uploads\/2026\/03\/1024x320_H7253-300x225.jpg 300w, https:\/\/koernergabelstapler.de\/en\/wp-content\/uploads\/2026\/03\/1024x320_H7253-768x576.jpg 768w\" sizes=\"auto, (max-width: 1024px) 100vw, 1024px\" \/><\/figure>\n<\/div>\n\n\n<div style=\"height:20px\" aria-hidden=\"true\" class=\"wp-block-spacer\"><\/div>\n\n\n\n<h4 class=\"wp-block-heading has-text-color has-link-color wp-elements-aeebed04c02b702355caa262def6b65f\" style=\"color:#fed03d\">H7253 &#8211; High lift pallet truck<\/h4>\n\n\n\n<h3 class=\"wp-block-heading has-text-align-left has-black-color has-text-color has-link-color wp-elements-940a9d9aded1a65e2d8abf41d6ac9f6b\" style=\"font-size:22px\">OMG 715 BMK<\/h3>\n\n\n\n<ul class=\"wp-block-list\">\n<li>Production year: 1996<\/li>\n\n\n\n<li>Load capacity: 1500 kg<\/li>\n\n\n\n<li>Operating hours: 0<\/li>\n\n\n\n<li>Lifting height: 4200 mm<\/li>\n\n\n\n<li>Mast type: Triplex<\/li>\n<\/ul>\n\n\n\n<div style=\"height:25px\" aria-hidden=\"true\" class=\"wp-block-spacer\"><\/div>\n\n\n\n<div class=\"wp-block-buttons is-content-justification-left is-layout-flex wp-container-core-buttons-is-layout-fdcfc74e wp-block-buttons-is-layout-flex\">\n<div class=\"wp-block-button\"><a class=\"wp-block-button__link has-white-color has-text-color has-background has-link-color has-medium-font-size has-custom-font-size wp-element-button\" href=\"https:\/\/www.forklift-international.com\/extern\/detail.php?id=2862559&amp;sprachid=1&amp;wid=1\" style=\"background:linear-gradient(135deg,rgb(255,193,7) 0%,rgb(51,51,51) 86%)\" target=\"_blank\" rel=\"noreferrer noopener\">Details<\/a><\/div>\n<\/div>\n<\/div>\n\n\n\n<div class=\"wp-block-column col_hmn is-layout-flow wp-block-column-is-layout-flow\"><div class=\"wp-block-image\">\n<figure class=\"aligncenter size-full\"><img loading=\"lazy\" decoding=\"async\" width=\"1024\" height=\"768\" src=\"https:\/\/koernergabelstapler.de\/en\/wp-content\/uploads\/2026\/03\/1024x320_H7433-2.jpg\" alt=\"\" class=\"wp-image-12418\" srcset=\"https:\/\/koernergabelstapler.de\/en\/wp-content\/uploads\/2026\/03\/1024x320_H7433-2.jpg 1024w, https:\/\/koernergabelstapler.de\/en\/wp-content\/uploads\/2026\/03\/1024x320_H7433-2-300x225.jpg 300w, https:\/\/koernergabelstapler.de\/en\/wp-content\/uploads\/2026\/03\/1024x320_H7433-2-768x576.jpg 768w\" sizes=\"auto, (max-width: 1024px) 100vw, 1024px\" \/><\/figure>\n<\/div>\n\n\n<div style=\"height:20px\" aria-hidden=\"true\" class=\"wp-block-spacer\"><\/div>\n\n\n\n<h4 class=\"wp-block-heading has-text-color has-link-color wp-elements-9c957c3e756fb4157e9e1c711fa206b8\" style=\"color:#fed03d\">H7433 &#8211; High lift pallet truck<\/h4>\n\n\n\n<h3 class=\"wp-block-heading has-text-align-left has-black-color has-text-color has-link-color wp-elements-c9ae357a0c09225428670cd18bc40242\" style=\"font-size:22px\">Still EGV14i<\/h3>\n\n\n\n<ul class=\"wp-block-list\">\n<li>Production year: 2007<\/li>\n\n\n\n<li>Load capacity: 1400 kg<\/li>\n\n\n\n<li>Operating hours: 0<\/li>\n\n\n\n<li>Lifting height: 2344 mm<\/li>\n\n\n\n<li>Mast type: Standard<\/li>\n<\/ul>\n\n\n\n<div style=\"height:25px\" aria-hidden=\"true\" class=\"wp-block-spacer\"><\/div>\n\n\n\n<div class=\"wp-block-buttons is-content-justification-left is-layout-flex wp-container-core-buttons-is-layout-fdcfc74e wp-block-buttons-is-layout-flex\">\n<div class=\"wp-block-button\"><a class=\"wp-block-button__link has-white-color has-text-color has-background has-link-color has-medium-font-size has-custom-font-size wp-element-button\" href=\"https:\/\/www.forklift-international.com\/extern\/detail.php?id=4018353&amp;sprachid=1&amp;wid=1\" style=\"background:linear-gradient(135deg,rgb(255,193,7) 0%,rgb(51,51,51) 86%)\" target=\"_blank\" rel=\"noreferrer noopener\">Details<\/a><\/div>\n<\/div>\n<\/div>\n<\/div>\n\n\n\n<div style=\"height:40px\" aria-hidden=\"true\" class=\"wp-block-spacer\"><\/div>\n\n\n\n<div class=\"wp-block-columns animated fadeInRight is-layout-flex wp-container-core-columns-is-layout-9d6595d7 wp-block-columns-is-layout-flex\" style=\"font-size:16px\">\n<div class=\"wp-block-column col_hmn is-layout-flow wp-block-column-is-layout-flow\"><div class=\"wp-block-image\">\n<figure class=\"aligncenter size-full\"><img loading=\"lazy\" decoding=\"async\" width=\"1024\" height=\"768\" src=\"https:\/\/koernergabelstapler.de\/en\/wp-content\/uploads\/2026\/03\/1024x320_E7581-1.jpg\" alt=\"\" class=\"wp-image-12421\" srcset=\"https:\/\/koernergabelstapler.de\/en\/wp-content\/uploads\/2026\/03\/1024x320_E7581-1.jpg 1024w, https:\/\/koernergabelstapler.de\/en\/wp-content\/uploads\/2026\/03\/1024x320_E7581-1-300x225.jpg 300w, https:\/\/koernergabelstapler.de\/en\/wp-content\/uploads\/2026\/03\/1024x320_E7581-1-768x576.jpg 768w\" sizes=\"auto, (max-width: 1024px) 100vw, 1024px\" \/><\/figure>\n<\/div>\n\n\n<div style=\"height:20px\" aria-hidden=\"true\" class=\"wp-block-spacer\"><\/div>\n\n\n\n<h4 class=\"wp-block-heading has-text-color has-link-color wp-elements-2f3781cefc42b66882c8af3832caaae2\" style=\"color:#fed03d\">E7581 &#8211; Tow tractor<\/h4>\n\n\n\n<h3 class=\"wp-block-heading has-text-align-left has-black-color has-text-color has-link-color wp-elements-cf4c9364c6443e416855a855a69272b6\" style=\"font-size:22px\">Still R06-06<\/h3>\n\n\n\n<ul class=\"wp-block-list\">\n<li>Production year: 2012<\/li>\n\n\n\n<li>Load capacity: 150 kg<\/li>\n\n\n\n<li>Operating hours: 0<\/li>\n\n\n\n<li>Lifting height: 0 mm<\/li>\n\n\n\n<li>Mast type: none<\/li>\n<\/ul>\n\n\n\n<div style=\"height:25px\" aria-hidden=\"true\" class=\"wp-block-spacer\"><\/div>\n\n\n\n<div class=\"wp-block-buttons is-content-justification-left is-layout-flex wp-container-core-buttons-is-layout-fdcfc74e wp-block-buttons-is-layout-flex\">\n<div class=\"wp-block-button\"><a class=\"wp-block-button__link has-white-color has-text-color has-background has-link-color has-medium-font-size has-custom-font-size wp-element-button\" href=\"https:\/\/www.forklift-international.com\/extern\/detail.php?id=3604035&amp;sprachid=1&amp;wid=1\" style=\"background:linear-gradient(135deg,rgb(255,193,7) 0%,rgb(51,51,51) 86%)\" target=\"_blank\" rel=\"noreferrer noopener\">Details<\/a><\/div>\n<\/div>\n<\/div>\n\n\n\n<div class=\"wp-block-column col_hmn is-layout-flow wp-block-column-is-layout-flow\"><div class=\"wp-block-image\">\n<figure class=\"aligncenter size-full\"><img loading=\"lazy\" decoding=\"async\" width=\"1024\" height=\"702\" src=\"https:\/\/koernergabelstapler.de\/en\/wp-content\/uploads\/2026\/03\/1024x320_E7716-1.jpg\" alt=\"\" class=\"wp-image-12422\" style=\"aspect-ratio:4\/3;object-fit:cover\" srcset=\"https:\/\/koernergabelstapler.de\/en\/wp-content\/uploads\/2026\/03\/1024x320_E7716-1.jpg 1024w, https:\/\/koernergabelstapler.de\/en\/wp-content\/uploads\/2026\/03\/1024x320_E7716-1-300x206.jpg 300w, https:\/\/koernergabelstapler.de\/en\/wp-content\/uploads\/2026\/03\/1024x320_E7716-1-768x527.jpg 768w\" sizes=\"auto, (max-width: 1024px) 100vw, 1024px\" \/><\/figure>\n<\/div>\n\n\n<div style=\"height:20px\" aria-hidden=\"true\" class=\"wp-block-spacer\"><\/div>\n\n\n\n<h4 class=\"wp-block-heading has-text-color has-link-color wp-elements-630b07be23bffb28cce06aa667a9ea73\" style=\"color:#fed03d\">E7716 &#8211; Electric 4 wheel<\/h4>\n\n\n\n<h3 class=\"wp-block-heading has-text-align-left has-black-color has-text-color has-link-color wp-elements-b4117dd636916b85e1742f40f97a54ed\" style=\"font-size:22px\">Still R60-25<\/h3>\n\n\n\n<ul class=\"wp-block-list\">\n<li>Production year: 1996<\/li>\n\n\n\n<li>Load capacity: 1500 kg<\/li>\n\n\n\n<li>Operating hours: 0<\/li>\n\n\n\n<li>Lifting height: 4200 mm<\/li>\n\n\n\n<li>Mast type: Triplex<\/li>\n<\/ul>\n\n\n\n<div style=\"height:25px\" aria-hidden=\"true\" class=\"wp-block-spacer\"><\/div>\n\n\n\n<div class=\"wp-block-buttons is-content-justification-left is-layout-flex wp-container-core-buttons-is-layout-fdcfc74e wp-block-buttons-is-layout-flex\">\n<div class=\"wp-block-button\"><a class=\"wp-block-button__link has-white-color has-text-color has-background has-link-color has-medium-font-size has-custom-font-size wp-element-button\" href=\"https:\/\/www.forklift-international.com\/extern\/detail.php?id=4412438&amp;sprachid=1&amp;wid=1\" style=\"background:linear-gradient(135deg,rgb(255,193,7) 0%,rgb(51,51,51) 86%)\" target=\"_blank\" rel=\"noreferrer noopener\">Details<\/a><\/div>\n<\/div>\n<\/div>\n\n\n\n<div class=\"wp-block-column col_hmn is-layout-flow wp-block-column-is-layout-flow\"><div class=\"wp-block-image\">\n<figure class=\"aligncenter size-full\"><img loading=\"lazy\" decoding=\"async\" width=\"1024\" height=\"768\" src=\"https:\/\/koernergabelstapler.de\/en\/wp-content\/uploads\/2026\/03\/1024x320_E7035-2.jpg\" alt=\"\" class=\"wp-image-12423\" srcset=\"https:\/\/koernergabelstapler.de\/en\/wp-content\/uploads\/2026\/03\/1024x320_E7035-2.jpg 1024w, https:\/\/koernergabelstapler.de\/en\/wp-content\/uploads\/2026\/03\/1024x320_E7035-2-300x225.jpg 300w, https:\/\/koernergabelstapler.de\/en\/wp-content\/uploads\/2026\/03\/1024x320_E7035-2-768x576.jpg 768w\" sizes=\"auto, (max-width: 1024px) 100vw, 1024px\" \/><\/figure>\n<\/div>\n\n\n<div style=\"height:20px\" aria-hidden=\"true\" class=\"wp-block-spacer\"><\/div>\n\n\n\n<h4 class=\"wp-block-heading has-text-color has-link-color wp-elements-cf7562778ac5fefd1bc1fc66d66c2d50\" style=\"color:#fed03d\">E7035 &#8211; Electric 4 wheel<\/h4>\n\n\n\n<h3 class=\"wp-block-heading has-text-align-left has-black-color has-text-color has-link-color wp-elements-d6873e61a9bba95d59a40790fbdeb5b2\" style=\"font-size:22px\">Still R60-40<\/h3>\n\n\n\n<ul class=\"wp-block-list\">\n<li>Production year: 2007<\/li>\n\n\n\n<li>Load capacity: 1400 kg<\/li>\n\n\n\n<li>Operating hours: 0<\/li>\n\n\n\n<li>Lifting height: 2344 mm<\/li>\n\n\n\n<li>Mast type: Standard<\/li>\n<\/ul>\n\n\n\n<div style=\"height:25px\" aria-hidden=\"true\" class=\"wp-block-spacer\"><\/div>\n\n\n\n<div class=\"wp-block-buttons is-content-justification-left is-layout-flex wp-container-core-buttons-is-layout-fdcfc74e wp-block-buttons-is-layout-flex\">\n<div class=\"wp-block-button\"><a class=\"wp-block-button__link has-white-color has-text-color has-background has-link-color has-medium-font-size has-custom-font-size wp-element-button\" href=\"https:\/\/www.forklift-international.com\/extern\/detail.php?id=4609621&amp;sprachid=1&amp;wid=1\" style=\"background:linear-gradient(135deg,rgb(255,193,7) 0%,rgb(51,51,51) 86%)\" target=\"_blank\" rel=\"noreferrer noopener\">Details<\/a><\/div>\n<\/div>\n<\/div>\n<\/div>\n\n\n\n<div style=\"height:40px\" aria-hidden=\"true\" class=\"wp-block-spacer\"><\/div>\n\n\n\n<div class=\"wp-block-columns animated fadeInRight is-layout-flex wp-container-core-columns-is-layout-9d6595d7 wp-block-columns-is-layout-flex\" style=\"font-size:16px\">\n<div class=\"wp-block-column col_hmn is-layout-flow wp-block-column-is-layout-flow\"><div class=\"wp-block-image\">\n<figure class=\"aligncenter size-full\"><img loading=\"lazy\" decoding=\"async\" width=\"1024\" height=\"768\" src=\"https:\/\/koernergabelstapler.de\/en\/wp-content\/uploads\/2026\/03\/1024x320_E7611-2.jpg\" alt=\"\" class=\"wp-image-12426\" srcset=\"https:\/\/koernergabelstapler.de\/en\/wp-content\/uploads\/2026\/03\/1024x320_E7611-2.jpg 1024w, https:\/\/koernergabelstapler.de\/en\/wp-content\/uploads\/2026\/03\/1024x320_E7611-2-300x225.jpg 300w, https:\/\/koernergabelstapler.de\/en\/wp-content\/uploads\/2026\/03\/1024x320_E7611-2-768x576.jpg 768w\" sizes=\"auto, (max-width: 1024px) 100vw, 1024px\" \/><\/figure>\n<\/div>\n\n\n<div style=\"height:20px\" aria-hidden=\"true\" class=\"wp-block-spacer\"><\/div>\n\n\n\n<h4 class=\"wp-block-heading has-text-color has-link-color wp-elements-5059e5bc57675909c9da7cc448c7f8ec\" style=\"color:#fed03d\">E7611- Electric 4 wheel<\/h4>\n\n\n\n<h3 class=\"wp-block-heading has-text-align-left has-black-color has-text-color has-link-color wp-elements-cf4c9364c6443e416855a855a69272b6\" style=\"font-size:22px\">Still R06-06<\/h3>\n\n\n\n<ul class=\"wp-block-list\">\n<li>Production year: 2009<\/li>\n\n\n\n<li>Load capacity: 3500 kg<\/li>\n\n\n\n<li>Operating hours: 0<\/li>\n\n\n\n<li>Lifting height: 3240 mm<\/li>\n\n\n\n<li>Mast type: Standard<\/li>\n<\/ul>\n\n\n\n<div style=\"height:25px\" aria-hidden=\"true\" class=\"wp-block-spacer\"><\/div>\n\n\n\n<div class=\"wp-block-buttons is-content-justification-left is-layout-flex wp-container-core-buttons-is-layout-fdcfc74e wp-block-buttons-is-layout-flex\">\n<div class=\"wp-block-button\"><a class=\"wp-block-button__link has-white-color has-text-color has-background has-link-color has-medium-font-size has-custom-font-size wp-element-button\" href=\"https:\/\/www.forklift-international.com\/extern\/detail.php?id=3836599&amp;sprachid=1&amp;wid=1\" style=\"background:linear-gradient(135deg,rgb(255,193,7) 0%,rgb(51,51,51) 86%)\" target=\"_blank\" rel=\"noreferrer noopener\">Details<\/a><\/div>\n<\/div>\n<\/div>\n\n\n\n<div class=\"wp-block-column col_hmn is-layout-flow wp-block-column-is-layout-flow\"><div class=\"wp-block-image\">\n<figure class=\"aligncenter size-full\"><img loading=\"lazy\" decoding=\"async\" width=\"1024\" height=\"768\" src=\"https:\/\/koernergabelstapler.de\/en\/wp-content\/uploads\/2026\/03\/1024x320_E7473-2.jpg\" alt=\"\" class=\"wp-image-12427\" srcset=\"https:\/\/koernergabelstapler.de\/en\/wp-content\/uploads\/2026\/03\/1024x320_E7473-2.jpg 1024w, https:\/\/koernergabelstapler.de\/en\/wp-content\/uploads\/2026\/03\/1024x320_E7473-2-300x225.jpg 300w, https:\/\/koernergabelstapler.de\/en\/wp-content\/uploads\/2026\/03\/1024x320_E7473-2-768x576.jpg 768w\" sizes=\"auto, (max-width: 1024px) 100vw, 1024px\" \/><\/figure>\n<\/div>\n\n\n<div style=\"height:20px\" aria-hidden=\"true\" class=\"wp-block-spacer\"><\/div>\n\n\n\n<h4 class=\"wp-block-heading has-text-color has-link-color wp-elements-5e05268f40166e1c5d151992257c2fe9\" style=\"color:#fed03d\">3823145 &#8211; Tow tractor<\/h4>\n\n\n\n<h3 class=\"wp-block-heading has-text-align-left has-black-color has-text-color has-link-color wp-elements-f9f797e5759f07446348277ac36f19ca\" style=\"font-size:22px\">Tecna VT7A<\/h3>\n\n\n\n<ul class=\"wp-block-list\">\n<li>Production year: 2016<\/li>\n\n\n\n<li>Load capacity: 7000 kg<\/li>\n\n\n\n<li>Operating hours: 0<\/li>\n\n\n\n<li>Lifting height: 0 mm<\/li>\n\n\n\n<li>Mast type: none<\/li>\n<\/ul>\n\n\n\n<div style=\"height:25px\" aria-hidden=\"true\" class=\"wp-block-spacer\"><\/div>\n\n\n\n<div class=\"wp-block-buttons is-content-justification-left is-layout-flex wp-container-core-buttons-is-layout-fdcfc74e wp-block-buttons-is-layout-flex\">\n<div class=\"wp-block-button\"><a class=\"wp-block-button__link has-white-color has-text-color has-background has-link-color has-medium-font-size has-custom-font-size wp-element-button\" href=\"https:\/\/www.forklift-international.com\/extern\/detail.php?id=3823145&amp;sprachid=1&amp;wid=1\" style=\"background:linear-gradient(135deg,rgb(255,193,7) 0%,rgb(51,51,51) 86%)\" target=\"_blank\" rel=\"noreferrer noopener\">Details<\/a><\/div>\n<\/div>\n<\/div>\n\n\n\n<div class=\"wp-block-column col_hmn is-layout-flow wp-block-column-is-layout-flow\"><div class=\"wp-block-image\">\n<figure class=\"aligncenter size-full\"><img loading=\"lazy\" decoding=\"async\" width=\"1024\" height=\"768\" src=\"https:\/\/koernergabelstapler.de\/en\/wp-content\/uploads\/2026\/03\/1024x320_E7550-2.jpg\" alt=\"\" class=\"wp-image-12428\" srcset=\"https:\/\/koernergabelstapler.de\/en\/wp-content\/uploads\/2026\/03\/1024x320_E7550-2.jpg 1024w, https:\/\/koernergabelstapler.de\/en\/wp-content\/uploads\/2026\/03\/1024x320_E7550-2-300x225.jpg 300w, https:\/\/koernergabelstapler.de\/en\/wp-content\/uploads\/2026\/03\/1024x320_E7550-2-768x576.jpg 768w\" sizes=\"auto, (max-width: 1024px) 100vw, 1024px\" \/><\/figure>\n<\/div>\n\n\n<div style=\"height:20px\" aria-hidden=\"true\" class=\"wp-block-spacer\"><\/div>\n\n\n\n<h4 class=\"wp-block-heading has-text-color has-link-color wp-elements-4cc8d13fc77c6ab195d533c5f696d8d3\" style=\"color:#fed03d\">E7550 &#8211; Electric platform truck<\/h4>\n\n\n\n<h3 class=\"wp-block-heading has-text-align-left has-black-color has-text-color has-link-color wp-elements-14073d6e8de326d7596335574063f737\" style=\"font-size:22px\">[div] City Spirit mit Stvzo<\/h3>\n\n\n\n<ul class=\"wp-block-list\">\n<li>Production year: 2019<\/li>\n\n\n\n<li>Load capacity: 300 kg<\/li>\n\n\n\n<li>Operating hours: 0<\/li>\n\n\n\n<li>Lifting height: 0 mm<\/li>\n\n\n\n<li>Mast type: none<\/li>\n<\/ul>\n\n\n\n<div style=\"height:25px\" aria-hidden=\"true\" class=\"wp-block-spacer\"><\/div>\n\n\n\n<div class=\"wp-block-buttons is-content-justification-left is-layout-flex wp-container-core-buttons-is-layout-fdcfc74e wp-block-buttons-is-layout-flex\">\n<div class=\"wp-block-button\"><a class=\"wp-block-button__link has-white-color has-text-color has-background has-link-color has-medium-font-size has-custom-font-size wp-element-button\" href=\"https:\/\/www.forklift-international.com\/extern\/detail.php?id=3476388&amp;sprachid=1&amp;wid=1\" style=\"background:linear-gradient(135deg,rgb(255,193,7) 0%,rgb(51,51,51) 86%)\" target=\"_blank\" rel=\"noreferrer noopener\">Details<\/a><\/div>\n<\/div>\n<\/div>\n<\/div>\n\n\n\n<div style=\"height:40px\" aria-hidden=\"true\" class=\"wp-block-spacer\"><\/div>\n\n\n\n<div class=\"wp-block-columns animated fadeInRight is-layout-flex wp-container-core-columns-is-layout-9d6595d7 wp-block-columns-is-layout-flex\" style=\"font-size:16px\">\n<div class=\"wp-block-column col_hmn is-layout-flow wp-block-column-is-layout-flow\"><div class=\"wp-block-image\">\n<figure class=\"aligncenter size-full\"><img loading=\"lazy\" decoding=\"async\" width=\"1024\" height=\"768\" src=\"https:\/\/koernergabelstapler.de\/en\/wp-content\/uploads\/2026\/03\/1024x320_7986-1.jpg\" alt=\"\" class=\"wp-image-12431\" srcset=\"https:\/\/koernergabelstapler.de\/en\/wp-content\/uploads\/2026\/03\/1024x320_7986-1.jpg 1024w, https:\/\/koernergabelstapler.de\/en\/wp-content\/uploads\/2026\/03\/1024x320_7986-1-300x225.jpg 300w, https:\/\/koernergabelstapler.de\/en\/wp-content\/uploads\/2026\/03\/1024x320_7986-1-768x576.jpg 768w\" sizes=\"auto, (max-width: 1024px) 100vw, 1024px\" \/><\/figure>\n<\/div>\n\n\n<div style=\"height:20px\" aria-hidden=\"true\" class=\"wp-block-spacer\"><\/div>\n\n\n\n<h4 class=\"wp-block-heading has-text-color has-link-color wp-elements-8be8816adda3015426fe59dce957901e\" style=\"color:#fed03d\">7986- Electric platform truck<\/h4>\n\n\n\n<h3 class=\"wp-block-heading has-text-align-left has-black-color has-text-color has-link-color wp-elements-3b0f5de4ea487aa5c38a0564e3fb37dc\" style=\"font-size:22px\">[div] City Spirit Pickup<\/h3>\n\n\n\n<ul class=\"wp-block-list\">\n<li>Production year: 2018<\/li>\n\n\n\n<li>Load capacity: 300 kg<\/li>\n\n\n\n<li>Operating hours: 0<\/li>\n\n\n\n<li>Lifting height: 0 mm<\/li>\n\n\n\n<li>Mast type: none<\/li>\n<\/ul>\n\n\n\n<div style=\"height:45px\" aria-hidden=\"true\" class=\"wp-block-spacer\"><\/div>\n\n\n\n<div class=\"wp-block-buttons is-content-justification-left is-layout-flex wp-container-core-buttons-is-layout-fdcfc74e wp-block-buttons-is-layout-flex\">\n<div class=\"wp-block-button\"><a class=\"wp-block-button__link has-white-color has-text-color has-background has-link-color has-medium-font-size has-custom-font-size wp-element-button\" href=\"https:\/\/www.forklift-international.com\/extern\/detail.php?id=3522007&amp;sprachid=1&amp;wid=1\" style=\"background:linear-gradient(135deg,rgb(255,193,7) 0%,rgb(51,51,51) 86%)\" target=\"_blank\" rel=\"noreferrer noopener\">Details<\/a><\/div>\n<\/div>\n<\/div>\n\n\n\n<div class=\"wp-block-column col_hmn is-layout-flow wp-block-column-is-layout-flow\"><div class=\"wp-block-image\">\n<figure class=\"aligncenter size-full\"><img loading=\"lazy\" decoding=\"async\" width=\"1024\" height=\"768\" src=\"https:\/\/koernergabelstapler.de\/en\/wp-content\/uploads\/2026\/03\/1024x320_4347403-1.jpg\" alt=\"\" class=\"wp-image-12432\" srcset=\"https:\/\/koernergabelstapler.de\/en\/wp-content\/uploads\/2026\/03\/1024x320_4347403-1.jpg 1024w, https:\/\/koernergabelstapler.de\/en\/wp-content\/uploads\/2026\/03\/1024x320_4347403-1-300x225.jpg 300w, https:\/\/koernergabelstapler.de\/en\/wp-content\/uploads\/2026\/03\/1024x320_4347403-1-768x576.jpg 768w\" sizes=\"auto, (max-width: 1024px) 100vw, 1024px\" \/><\/figure>\n<\/div>\n\n\n<div style=\"height:20px\" aria-hidden=\"true\" class=\"wp-block-spacer\"><\/div>\n\n\n\n<h4 class=\"wp-block-heading has-text-color has-link-color wp-elements-aa031c8a836288ef559282928e8c5db2\" style=\"color:#fed03d\">4347403 &#8211; Scissor lift pallet truck<\/h4>\n\n\n\n<h3 class=\"wp-block-heading has-text-align-left has-black-color has-text-color has-link-color wp-elements-e71e6902cbccebf17e30034b3cd9401b\" style=\"font-size:22px\">[div] Scissor lift pallet truck EHP100<\/h3>\n\n\n\n<ul class=\"wp-block-list\">\n<li>Production year: unknown<\/li>\n\n\n\n<li>Load capacity: 1000 kg<\/li>\n\n\n\n<li>Operating hours: 0<\/li>\n\n\n\n<li>Lifting height: 800 mm<\/li>\n\n\n\n<li>Mast type: none<\/li>\n<\/ul>\n\n\n\n<div style=\"height:25px\" aria-hidden=\"true\" class=\"wp-block-spacer\"><\/div>\n\n\n\n<div class=\"wp-block-buttons is-content-justification-left is-layout-flex wp-container-core-buttons-is-layout-fdcfc74e wp-block-buttons-is-layout-flex\">\n<div class=\"wp-block-button\"><a class=\"wp-block-button__link has-white-color has-text-color has-background has-link-color has-medium-font-size has-custom-font-size wp-element-button\" href=\"https:\/\/www.forklift-international.com\/extern\/detail.php?id=4347403&amp;sprachid=1&amp;wid=1\" style=\"background:linear-gradient(135deg,rgb(255,193,7) 0%,rgb(51,51,51) 86%)\" target=\"_blank\" rel=\"noreferrer noopener\">Details<\/a><\/div>\n<\/div>\n<\/div>\n\n\n\n<div class=\"wp-block-column col_hmn is-layout-flow wp-block-column-is-layout-flow\"><div class=\"wp-block-image\">\n<figure class=\"aligncenter size-full\"><img loading=\"lazy\" decoding=\"async\" width=\"1024\" height=\"766\" src=\"https:\/\/koernergabelstapler.de\/en\/wp-content\/uploads\/2026\/03\/1024x320_8423-1.jpg\" alt=\"\" class=\"wp-image-12433\" srcset=\"https:\/\/koernergabelstapler.de\/en\/wp-content\/uploads\/2026\/03\/1024x320_8423-1.jpg 1024w, https:\/\/koernergabelstapler.de\/en\/wp-content\/uploads\/2026\/03\/1024x320_8423-1-300x224.jpg 300w, https:\/\/koernergabelstapler.de\/en\/wp-content\/uploads\/2026\/03\/1024x320_8423-1-768x575.jpg 768w\" sizes=\"auto, (max-width: 1024px) 100vw, 1024px\" \/><\/figure>\n<\/div>\n\n\n<div style=\"height:20px\" aria-hidden=\"true\" class=\"wp-block-spacer\"><\/div>\n\n\n\n<h4 class=\"wp-block-heading has-text-color has-link-color wp-elements-35482a8e05be80b4b4c19cfb6f974388\" style=\"color:#fed03d\">8423 &#8211; Electric platform truck<\/h4>\n\n\n\n<h3 class=\"wp-block-heading has-text-align-left has-black-color has-text-color has-link-color wp-elements-0939d07d8ad938b8ec32a36f2e7ea598\" style=\"font-size:22px\">[div] Sevic V500<\/h3>\n\n\n\n<ul class=\"wp-block-list\">\n<li>Production year: 2020<\/li>\n\n\n\n<li>Load capacity: 300 kg<\/li>\n\n\n\n<li>Operating hours: 0<\/li>\n\n\n\n<li>Lifting height: 0 mm<\/li>\n\n\n\n<li>Mast type: none<\/li>\n<\/ul>\n\n\n\n<div style=\"height:45px\" aria-hidden=\"true\" class=\"wp-block-spacer\"><\/div>\n\n\n\n<div class=\"wp-block-buttons is-content-justification-left is-layout-flex wp-container-core-buttons-is-layout-fdcfc74e wp-block-buttons-is-layout-flex\">\n<div class=\"wp-block-button\"><a class=\"wp-block-button__link has-white-color has-text-color has-background has-link-color has-medium-font-size has-custom-font-size wp-element-button\" href=\"https:\/\/www.forklift-international.com\/extern\/detail.php?id=4423458&amp;sprachid=1&amp;wid=1\" style=\"background:linear-gradient(135deg,rgb(255,193,7) 0%,rgb(51,51,51) 86%)\" target=\"_blank\" rel=\"noreferrer noopener\">Details<\/a><\/div>\n<\/div>\n<\/div>\n<\/div>\n\n\n\n<div style=\"height:150px\" aria-hidden=\"true\" class=\"wp-block-spacer\"><\/div>\n\n\n\n<h2 class=\"wp-block-heading has-x-large-font-size\" id=\"diesel\">Diesel <img loading=\"lazy\" decoding=\"async\" width=\"70\" height=\"70\" class=\"wp-image-12322\" style=\"width: 70px;\" src=\"https:\/\/koernergabelstapler.de\/en\/wp-content\/uploads\/2026\/03\/arrow-circle-right-fill-1.png\" alt=\"\"><\/h2>\n\n\n\n<div style=\"height:70px\" aria-hidden=\"true\" class=\"wp-block-spacer\"><\/div>\n\n\n\n<div class=\"wp-block-columns animated fadeInRight is-layout-flex wp-container-core-columns-is-layout-9d6595d7 wp-block-columns-is-layout-flex\" style=\"font-size:16px\">\n<div class=\"wp-block-column col_hmn is-layout-flow wp-block-column-is-layout-flow\"><div class=\"wp-block-image\">\n<figure class=\"aligncenter size-full\"><img loading=\"lazy\" decoding=\"async\" width=\"1024\" height=\"768\" src=\"https:\/\/koernergabelstapler.de\/en\/wp-content\/uploads\/2026\/03\/1024x320_A1451-1.jpg\" alt=\"\" class=\"wp-image-12360\" srcset=\"https:\/\/koernergabelstapler.de\/en\/wp-content\/uploads\/2026\/03\/1024x320_A1451-1.jpg 1024w, https:\/\/koernergabelstapler.de\/en\/wp-content\/uploads\/2026\/03\/1024x320_A1451-1-300x225.jpg 300w, https:\/\/koernergabelstapler.de\/en\/wp-content\/uploads\/2026\/03\/1024x320_A1451-1-768x576.jpg 768w\" sizes=\"auto, (max-width: 1024px) 100vw, 1024px\" \/><\/figure>\n<\/div>\n\n\n<div style=\"height:20px\" aria-hidden=\"true\" class=\"wp-block-spacer\"><\/div>\n\n\n\n<h4 class=\"wp-block-heading has-text-color has-link-color wp-elements-f3659f6fb9439e2873e8aea3d6fbab3e\" style=\"color:#fed03d\">A1451 &#8211; Diesel forklift<\/h4>\n\n\n\n<h3 class=\"wp-block-heading has-text-align-left has-black-color has-text-color has-link-color wp-elements-fbf032b67536908d7ca0c00336f5bce1\" style=\"font-size:22px\">Artison FD25.33<\/h3>\n\n\n\n<ul class=\"wp-block-list\">\n<li>Production year: 2014<\/li>\n\n\n\n<li>Load capacity: 2500 kg<\/li>\n\n\n\n<li>Operating hours: 0<\/li>\n\n\n\n<li>Lifting height: 3300 mm<\/li>\n\n\n\n<li>Mast type: Duplex<\/li>\n<\/ul>\n\n\n\n<div style=\"height:25px\" aria-hidden=\"true\" class=\"wp-block-spacer\"><\/div>\n\n\n\n<p class=\"has-text-align-center\"><\/p>\n\n\n\n<div class=\"wp-block-buttons is-content-justification-left is-layout-flex wp-container-core-buttons-is-layout-fdcfc74e wp-block-buttons-is-layout-flex\">\n<div class=\"wp-block-button\"><a class=\"wp-block-button__link has-white-color has-text-color has-background has-link-color has-medium-font-size has-custom-font-size wp-element-button\" href=\"https:\/\/www.forklift-international.com\/extern\/detail.php?id=5037628&amp;sprachid=1&amp;wid=1\" style=\"background:linear-gradient(135deg,rgb(255,193,7) 0%,rgb(51,51,51) 86%)\" target=\"_blank\" rel=\"noreferrer noopener\">Details<\/a><\/div>\n<\/div>\n<\/div>\n\n\n\n<div class=\"wp-block-column col_hmn is-layout-flow wp-block-column-is-layout-flow\"><div class=\"wp-block-image\">\n<figure class=\"aligncenter size-full\"><img loading=\"lazy\" decoding=\"async\" width=\"1024\" height=\"768\" src=\"https:\/\/koernergabelstapler.de\/en\/wp-content\/uploads\/2026\/03\/1024x320_D7732-5.jpg\" alt=\"\" class=\"wp-image-12361\" srcset=\"https:\/\/koernergabelstapler.de\/en\/wp-content\/uploads\/2026\/03\/1024x320_D7732-5.jpg 1024w, https:\/\/koernergabelstapler.de\/en\/wp-content\/uploads\/2026\/03\/1024x320_D7732-5-300x225.jpg 300w, https:\/\/koernergabelstapler.de\/en\/wp-content\/uploads\/2026\/03\/1024x320_D7732-5-768x576.jpg 768w\" sizes=\"auto, (max-width: 1024px) 100vw, 1024px\" \/><\/figure>\n<\/div>\n\n\n<div style=\"height:20px\" aria-hidden=\"true\" class=\"wp-block-spacer\"><\/div>\n\n\n\n<h4 class=\"wp-block-heading has-text-color has-link-color wp-elements-fe5af41c8fd7d833e4ea19c12bdcae07\" style=\"color:#fed03d\">D7732- Diesel forklift<\/h4>\n\n\n\n<h3 class=\"wp-block-heading has-text-align-left has-black-color has-text-color has-link-color wp-elements-faccbabfbf0d9620eb7c12b1f9ad122f\" style=\"font-size:22px\">Artison FD35.48<\/h3>\n\n\n\n<ul class=\"wp-block-list\">\n<li>Production year: 2013<\/li>\n\n\n\n<li>Load capacity: 3500 kg<\/li>\n\n\n\n<li>Operating hours: 0<\/li>\n\n\n\n<li>Lifting height: 4800 mm<\/li>\n\n\n\n<li>Mast type: Triplex<\/li>\n<\/ul>\n\n\n\n<div style=\"height:25px\" aria-hidden=\"true\" class=\"wp-block-spacer\"><\/div>\n\n\n\n<p class=\"has-text-align-center\"><\/p>\n\n\n\n<div class=\"wp-block-buttons is-content-justification-left is-layout-flex wp-container-core-buttons-is-layout-fdcfc74e wp-block-buttons-is-layout-flex\">\n<div class=\"wp-block-button\"><a class=\"wp-block-button__link has-white-color has-text-color has-background has-link-color has-medium-font-size has-custom-font-size wp-element-button\" href=\"https:\/\/www.forklift-international.com\/extern\/detail.php?id=4871693&amp;sprachid=1&amp;wid=1\" style=\"background:linear-gradient(135deg,rgb(255,193,7) 0%,rgb(51,51,51) 86%)\" target=\"_blank\" rel=\"noreferrer noopener\">Details<\/a><\/div>\n<\/div>\n<\/div>\n\n\n\n<div class=\"wp-block-column col_hmn is-layout-flow wp-block-column-is-layout-flow\"><div class=\"wp-block-image\">\n<figure class=\"aligncenter size-full\"><img loading=\"lazy\" decoding=\"async\" width=\"1024\" height=\"768\" src=\"https:\/\/koernergabelstapler.de\/en\/wp-content\/uploads\/2026\/03\/1024x320_D7733-1.jpg\" alt=\"\" class=\"wp-image-12363\" srcset=\"https:\/\/koernergabelstapler.de\/en\/wp-content\/uploads\/2026\/03\/1024x320_D7733-1.jpg 1024w, https:\/\/koernergabelstapler.de\/en\/wp-content\/uploads\/2026\/03\/1024x320_D7733-1-300x225.jpg 300w, https:\/\/koernergabelstapler.de\/en\/wp-content\/uploads\/2026\/03\/1024x320_D7733-1-768x576.jpg 768w\" sizes=\"auto, (max-width: 1024px) 100vw, 1024px\" \/><\/figure>\n<\/div>\n\n\n<div style=\"height:20px\" aria-hidden=\"true\" class=\"wp-block-spacer\"><\/div>\n\n\n\n<h4 class=\"wp-block-heading has-text-color has-link-color wp-elements-0d37746a4945441810221352f4aa9b6e\" style=\"color:#fed03d\">D7733 &#8211; Diesel forklift<\/h4>\n\n\n\n<h3 class=\"wp-block-heading has-text-align-left has-black-color has-text-color has-link-color wp-elements-faccbabfbf0d9620eb7c12b1f9ad122f\" style=\"font-size:22px\">Artison FD35.48<\/h3>\n\n\n\n<ul class=\"wp-block-list\">\n<li>Production year: 2014<\/li>\n\n\n\n<li>Load capacity: 3500 kg<\/li>\n\n\n\n<li>Operating hours: 0<\/li>\n\n\n\n<li>Lifting height: 4800 mm<\/li>\n\n\n\n<li>Mast type: Triplex<\/li>\n<\/ul>\n\n\n\n<div style=\"height:25px\" aria-hidden=\"true\" class=\"wp-block-spacer\"><\/div>\n\n\n\n<p class=\"has-text-align-center\"><\/p>\n\n\n\n<div class=\"wp-block-buttons is-content-justification-left is-layout-flex wp-container-core-buttons-is-layout-fdcfc74e wp-block-buttons-is-layout-flex\">\n<div class=\"wp-block-button\"><a class=\"wp-block-button__link has-white-color has-text-color has-background has-link-color has-medium-font-size has-custom-font-size wp-element-button\" href=\"https:\/\/www.forklift-international.com\/extern\/detail.php?id=4849502&amp;sprachid=1&amp;wid=1\" style=\"background:linear-gradient(135deg,rgb(255,193,7) 0%,rgb(51,51,51) 86%)\" target=\"_blank\" rel=\"noreferrer noopener\">Details<\/a><\/div>\n<\/div>\n<\/div>\n<\/div>\n\n\n\n<div style=\"height:40px\" aria-hidden=\"true\" class=\"wp-block-spacer\"><\/div>\n\n\n\n<div class=\"wp-block-columns animated fadeInRight is-layout-flex wp-container-core-columns-is-layout-9d6595d7 wp-block-columns-is-layout-flex\" style=\"font-size:16px\">\n<div class=\"wp-block-column col_hmn is-layout-flow wp-block-column-is-layout-flow\"><div class=\"wp-block-image\">\n<figure class=\"aligncenter size-full\"><img loading=\"lazy\" decoding=\"async\" width=\"1024\" height=\"768\" src=\"https:\/\/koernergabelstapler.de\/en\/wp-content\/uploads\/2026\/03\/1024x320_D7734-1.jpg\" alt=\"\" class=\"wp-image-12440\" srcset=\"https:\/\/koernergabelstapler.de\/en\/wp-content\/uploads\/2026\/03\/1024x320_D7734-1.jpg 1024w, https:\/\/koernergabelstapler.de\/en\/wp-content\/uploads\/2026\/03\/1024x320_D7734-1-300x225.jpg 300w, https:\/\/koernergabelstapler.de\/en\/wp-content\/uploads\/2026\/03\/1024x320_D7734-1-768x576.jpg 768w\" sizes=\"auto, (max-width: 1024px) 100vw, 1024px\" \/><\/figure>\n<\/div>\n\n\n<div style=\"height:20px\" aria-hidden=\"true\" class=\"wp-block-spacer\"><\/div>\n\n\n\n<h4 class=\"wp-block-heading has-text-color has-link-color wp-elements-030eab096b1bbbe215f3d313165fc20c\" style=\"color:#fed03d\">D7734 &#8211; Diesel forklift<\/h4>\n\n\n\n<h3 class=\"wp-block-heading has-text-align-left has-black-color has-text-color has-link-color wp-elements-faccbabfbf0d9620eb7c12b1f9ad122f\" style=\"font-size:22px\">Artison FD35.48<\/h3>\n\n\n\n<ul class=\"wp-block-list\">\n<li>Production year: 2015<\/li>\n\n\n\n<li>Load capacity: 3500 kg<\/li>\n\n\n\n<li>Operating hours: 0<\/li>\n\n\n\n<li>Lifting height: 4800 mm<\/li>\n\n\n\n<li>Mast type: Triplex<\/li>\n<\/ul>\n\n\n\n<div style=\"height:50px\" aria-hidden=\"true\" class=\"wp-block-spacer\"><\/div>\n\n\n\n<div class=\"wp-block-buttons is-content-justification-left is-layout-flex wp-container-core-buttons-is-layout-fdcfc74e wp-block-buttons-is-layout-flex\">\n<div class=\"wp-block-button\"><a class=\"wp-block-button__link has-white-color has-text-color has-background has-link-color has-medium-font-size has-custom-font-size wp-element-button\" href=\"https:\/\/www.forklift-international.com\/extern\/detail.php?id=4779053&amp;sprachid=1&amp;wid=1\" style=\"background:linear-gradient(135deg,rgb(255,193,7) 0%,rgb(51,51,51) 86%)\" target=\"_blank\" rel=\"noreferrer noopener\">Details<\/a><\/div>\n<\/div>\n<\/div>\n\n\n\n<div class=\"wp-block-column col_hmn is-layout-flow wp-block-column-is-layout-flow\"><div class=\"wp-block-image\">\n<figure class=\"aligncenter size-full\"><img loading=\"lazy\" decoding=\"async\" width=\"1024\" height=\"768\" src=\"https:\/\/koernergabelstapler.de\/en\/wp-content\/uploads\/2026\/03\/1024x320_A1607A-7.jpg\" alt=\"\" class=\"wp-image-12443\" srcset=\"https:\/\/koernergabelstapler.de\/en\/wp-content\/uploads\/2026\/03\/1024x320_A1607A-7.jpg 1024w, https:\/\/koernergabelstapler.de\/en\/wp-content\/uploads\/2026\/03\/1024x320_A1607A-7-300x225.jpg 300w, https:\/\/koernergabelstapler.de\/en\/wp-content\/uploads\/2026\/03\/1024x320_A1607A-7-768x576.jpg 768w\" sizes=\"auto, (max-width: 1024px) 100vw, 1024px\" \/><\/figure>\n<\/div>\n\n\n<div style=\"height:20px\" aria-hidden=\"true\" class=\"wp-block-spacer\"><\/div>\n\n\n\n<h4 class=\"wp-block-heading has-text-color has-link-color wp-elements-5d8f6c23a295db3875a9f2ecc5465ec5\" style=\"color:#fed03d\">A1607A &#8211; Diesel forklift<\/h4>\n\n\n\n<h3 class=\"wp-block-heading has-text-align-left has-black-color has-text-color has-link-color wp-elements-bd271ea81bd6a3cf52e85d43f87975b6\" style=\"font-size:22px\">Artison PFD25.33 9L -II<\/h3>\n\n\n\n<ul class=\"wp-block-list\">\n<li>Production year: 2022<\/li>\n\n\n\n<li>Load capacity: 2500 kg<\/li>\n\n\n\n<li>Operating hours: 0<\/li>\n\n\n\n<li>Lifting height: 3300 mm<\/li>\n\n\n\n<li>Mast type: Standard<\/li>\n<\/ul>\n\n\n\n<div style=\"height:50px\" aria-hidden=\"true\" class=\"wp-block-spacer\"><\/div>\n\n\n\n<div class=\"wp-block-buttons is-content-justification-left is-layout-flex wp-container-core-buttons-is-layout-fdcfc74e wp-block-buttons-is-layout-flex\">\n<div class=\"wp-block-button\"><a class=\"wp-block-button__link has-white-color has-text-color has-background has-link-color has-medium-font-size has-custom-font-size wp-element-button\" href=\"https:\/\/www.forklift-international.com\/extern\/detail.php?id=4673979&amp;sprachid=1&amp;wid=1\" style=\"background:linear-gradient(135deg,rgb(255,193,7) 0%,rgb(51,51,51) 86%)\" target=\"_blank\" rel=\"noreferrer noopener\">Details<\/a><\/div>\n<\/div>\n<\/div>\n\n\n\n<div class=\"wp-block-column col_hmn is-layout-flow wp-block-column-is-layout-flow\"><div class=\"wp-block-image\">\n<figure class=\"aligncenter size-full\"><img loading=\"lazy\" decoding=\"async\" width=\"1024\" height=\"768\" src=\"https:\/\/koernergabelstapler.de\/en\/wp-content\/uploads\/2026\/03\/1024x320_A1609-1.jpg\" alt=\"\" class=\"wp-image-12445\" srcset=\"https:\/\/koernergabelstapler.de\/en\/wp-content\/uploads\/2026\/03\/1024x320_A1609-1.jpg 1024w, https:\/\/koernergabelstapler.de\/en\/wp-content\/uploads\/2026\/03\/1024x320_A1609-1-300x225.jpg 300w, https:\/\/koernergabelstapler.de\/en\/wp-content\/uploads\/2026\/03\/1024x320_A1609-1-768x576.jpg 768w\" sizes=\"auto, (max-width: 1024px) 100vw, 1024px\" \/><\/figure>\n<\/div>\n\n\n<div style=\"height:20px\" aria-hidden=\"true\" class=\"wp-block-spacer\"><\/div>\n\n\n\n<h4 class=\"wp-block-heading has-text-color has-link-color wp-elements-eb8dc4c0160886b56dedbae5e79e7cef\" style=\"color:#fed03d\">A1609 &#8211; Diesel forklift<\/h4>\n\n\n\n<h3 class=\"wp-block-heading has-text-align-left has-black-color has-text-color has-link-color wp-elements-a838ad0c2974833e3ae6de152461937a\" style=\"font-size:22px\">Artison PFD25.40 9L -II Vorf\u00fchrger\u00e4t<\/h3>\n\n\n\n<ul class=\"wp-block-list\">\n<li>Production year: 2023<\/li>\n\n\n\n<li>Load capacity: 2500 kg<\/li>\n\n\n\n<li>Operating hours: 0<\/li>\n\n\n\n<li>Lifting height: 4000 mm<\/li>\n\n\n\n<li>Mast type: Duplex<\/li>\n<\/ul>\n\n\n\n<div style=\"height:25px\" aria-hidden=\"true\" class=\"wp-block-spacer\"><\/div>\n\n\n\n<div class=\"wp-block-buttons is-content-justification-left is-layout-flex wp-container-core-buttons-is-layout-fdcfc74e wp-block-buttons-is-layout-flex\">\n<div class=\"wp-block-button\"><a class=\"wp-block-button__link has-white-color has-text-color has-background has-link-color has-medium-font-size has-custom-font-size wp-element-button\" href=\"https:\/\/www.forklift-international.com\/extern\/detail.php?id=4928222&amp;sprachid=1&amp;wid=1\" style=\"background:linear-gradient(135deg,rgb(255,193,7) 0%,rgb(51,51,51) 86%)\" target=\"_blank\" rel=\"noreferrer noopener\">Details<\/a><\/div>\n<\/div>\n<\/div>\n<\/div>\n\n\n\n<div style=\"height:40px\" aria-hidden=\"true\" class=\"wp-block-spacer\"><\/div>\n\n\n\n<div class=\"wp-block-columns animated fadeInRight is-layout-flex wp-container-core-columns-is-layout-9d6595d7 wp-block-columns-is-layout-flex\" style=\"font-size:16px\">\n<div class=\"wp-block-column col_hmn is-layout-flow wp-block-column-is-layout-flow\"><div class=\"wp-block-image\">\n<figure class=\"aligncenter size-full\"><img loading=\"lazy\" decoding=\"async\" width=\"1024\" height=\"768\" src=\"https:\/\/koernergabelstapler.de\/en\/wp-content\/uploads\/2026\/03\/1024x320_D7470-3.jpg\" alt=\"\" class=\"wp-image-12448\" srcset=\"https:\/\/koernergabelstapler.de\/en\/wp-content\/uploads\/2026\/03\/1024x320_D7470-3.jpg 1024w, https:\/\/koernergabelstapler.de\/en\/wp-content\/uploads\/2026\/03\/1024x320_D7470-3-300x225.jpg 300w, https:\/\/koernergabelstapler.de\/en\/wp-content\/uploads\/2026\/03\/1024x320_D7470-3-768x576.jpg 768w\" sizes=\"auto, (max-width: 1024px) 100vw, 1024px\" \/><\/figure>\n<\/div>\n\n\n<div style=\"height:20px\" aria-hidden=\"true\" class=\"wp-block-spacer\"><\/div>\n\n\n\n<h4 class=\"wp-block-heading has-text-color has-link-color wp-elements-49b66d18cdef13f363847e203ea82283\" style=\"color:#fed03d\">D7470 &#8211; Rigid telescopic handler<\/h4>\n\n\n\n<h3 class=\"wp-block-heading has-text-align-left has-black-color has-text-color has-link-color wp-elements-05896ae010325d371f2c59ea23781d47\" style=\"font-size:22px\">Dieci Agri Max 65.8 VS EV2<\/h3>\n\n\n\n<ul class=\"wp-block-list\">\n<li>Production year: 2016<\/li>\n\n\n\n<li>Load capacity: 6500 kg<\/li>\n\n\n\n<li>Operating hours: 0<\/li>\n\n\n\n<li>Lifting height: 7700 mm<\/li>\n\n\n\n<li>Mast type: Teleskop<\/li>\n<\/ul>\n\n\n\n<div style=\"height:50px\" aria-hidden=\"true\" class=\"wp-block-spacer\"><\/div>\n\n\n\n<div class=\"wp-block-buttons is-content-justification-left is-layout-flex wp-container-core-buttons-is-layout-fdcfc74e wp-block-buttons-is-layout-flex\">\n<div class=\"wp-block-button\"><a class=\"wp-block-button__link has-white-color has-text-color has-background has-link-color has-medium-font-size has-custom-font-size wp-element-button\" href=\"https:\/\/www.forklift-international.com\/extern\/detail.php?id=4994965&amp;sprachid=1&amp;wid=1\" style=\"background:linear-gradient(135deg,rgb(255,193,7) 0%,rgb(51,51,51) 86%)\" target=\"_blank\" rel=\"noreferrer noopener\">Details<\/a><\/div>\n<\/div>\n<\/div>\n\n\n\n<div class=\"wp-block-column col_hmn is-layout-flow wp-block-column-is-layout-flow\"><div class=\"wp-block-image\">\n<figure class=\"aligncenter size-full is-resized\"><img loading=\"lazy\" decoding=\"async\" width=\"1024\" height=\"683\" src=\"https:\/\/koernergabelstapler.de\/en\/wp-content\/uploads\/2026\/03\/1024x320_D7712-1.jpg\" alt=\"\" class=\"wp-image-12449\" style=\"object-fit:cover;width:308px;height:231px\" srcset=\"https:\/\/koernergabelstapler.de\/en\/wp-content\/uploads\/2026\/03\/1024x320_D7712-1.jpg 1024w, https:\/\/koernergabelstapler.de\/en\/wp-content\/uploads\/2026\/03\/1024x320_D7712-1-300x200.jpg 300w, https:\/\/koernergabelstapler.de\/en\/wp-content\/uploads\/2026\/03\/1024x320_D7712-1-768x512.jpg 768w\" sizes=\"auto, (max-width: 1024px) 100vw, 1024px\" \/><\/figure>\n<\/div>\n\n\n<div style=\"height:20px\" aria-hidden=\"true\" class=\"wp-block-spacer\"><\/div>\n\n\n\n<h4 class=\"wp-block-heading has-text-color has-link-color wp-elements-c0065e017c6592adbb66bb1afcc401d1\" style=\"color:#fed03d\">D7712 &#8211; Rigid telescopic handler<\/h4>\n\n\n\n<h3 class=\"wp-block-heading has-text-align-left has-black-color has-text-color has-link-color wp-elements-5c940c656d275377663fc8054f3d49ad\" style=\"font-size:22px\">Dieci Apollo 26.6 Yanmar Stage V<\/h3>\n\n\n\n<ul class=\"wp-block-list\">\n<li>Production year: 2023<\/li>\n\n\n\n<li>Load capacity: 2600 kg<\/li>\n\n\n\n<li>Operating hours: 0<\/li>\n\n\n\n<li>Lifting height: 5680 mm<\/li>\n\n\n\n<li>Mast type: Teleskop<\/li>\n<\/ul>\n\n\n\n<div style=\"height:25px\" aria-hidden=\"true\" class=\"wp-block-spacer\"><\/div>\n\n\n\n<div class=\"wp-block-buttons is-content-justification-left is-layout-flex wp-container-core-buttons-is-layout-fdcfc74e wp-block-buttons-is-layout-flex\">\n<div class=\"wp-block-button\"><a class=\"wp-block-button__link has-white-color has-text-color has-background has-link-color has-medium-font-size has-custom-font-size wp-element-button\" href=\"https:\/\/www.forklift-international.com\/extern\/detail.php?id=4369269&amp;sprachid=1&amp;wid=1\" style=\"background:linear-gradient(135deg,rgb(255,193,7) 0%,rgb(51,51,51) 86%)\" target=\"_blank\" rel=\"noreferrer noopener\">Details<\/a><\/div>\n<\/div>\n<\/div>\n\n\n\n<div class=\"wp-block-column col_hmn is-layout-flow wp-block-column-is-layout-flow\"><div class=\"wp-block-image\">\n<figure class=\"aligncenter size-full is-resized\"><img loading=\"lazy\" decoding=\"async\" width=\"1024\" height=\"512\" src=\"https:\/\/koernergabelstapler.de\/en\/wp-content\/uploads\/2026\/03\/1024x320_D7527-1.jpg\" alt=\"\" class=\"wp-image-12454\" style=\"object-fit:cover;width:308px;height:231px\" srcset=\"https:\/\/koernergabelstapler.de\/en\/wp-content\/uploads\/2026\/03\/1024x320_D7527-1.jpg 1024w, https:\/\/koernergabelstapler.de\/en\/wp-content\/uploads\/2026\/03\/1024x320_D7527-1-300x150.jpg 300w, https:\/\/koernergabelstapler.de\/en\/wp-content\/uploads\/2026\/03\/1024x320_D7527-1-768x384.jpg 768w\" sizes=\"auto, (max-width: 1024px) 100vw, 1024px\" \/><\/figure>\n<\/div>\n\n\n<div style=\"height:20px\" aria-hidden=\"true\" class=\"wp-block-spacer\"><\/div>\n\n\n\n<h4 class=\"wp-block-heading has-text-color has-link-color wp-elements-22c3d4e9807bbec5b7579bcd300f7f5b\" style=\"color:#fed03d\">D7527 &#8211; Rigid telescopic handler<\/h4>\n\n\n\n<h3 class=\"wp-block-heading has-text-align-left has-black-color has-text-color has-link-color wp-elements-252f3c6a2c899687405bfe3d03f1bd48\" style=\"font-size:22px\">Dieci Icarus 40.17<\/h3>\n\n\n\n<ul class=\"wp-block-list\">\n<li>Production year: 2017<\/li>\n\n\n\n<li>Load capacity: 4000 kg<\/li>\n\n\n\n<li>Operating hours: 0<\/li>\n\n\n\n<li>Lifting height: 16900 mm<\/li>\n\n\n\n<li>Mast type: Teleskop<\/li>\n<\/ul>\n\n\n\n<div style=\"height:50px\" aria-hidden=\"true\" class=\"wp-block-spacer\"><\/div>\n\n\n\n<div class=\"wp-block-buttons is-content-justification-left is-layout-flex wp-container-core-buttons-is-layout-fdcfc74e wp-block-buttons-is-layout-flex\">\n<div class=\"wp-block-button\"><a class=\"wp-block-button__link has-white-color has-text-color has-background has-link-color has-medium-font-size has-custom-font-size wp-element-button\" href=\"https:\/\/www.forklift-international.com\/extern\/detail.php?id=4971584&amp;sprachid=1&amp;wid=1\" style=\"background:linear-gradient(135deg,rgb(255,193,7) 0%,rgb(51,51,51) 86%)\" target=\"_blank\" rel=\"noreferrer noopener\">Details<\/a><\/div>\n<\/div>\n<\/div>\n<\/div>\n\n\n\n<div style=\"height:40px\" aria-hidden=\"true\" class=\"wp-block-spacer\"><\/div>\n\n\n\n<div class=\"wp-block-columns animated fadeInRight is-layout-flex wp-container-core-columns-is-layout-9d6595d7 wp-block-columns-is-layout-flex\" style=\"font-size:16px\">\n<div class=\"wp-block-column col_hmn is-layout-flow wp-block-column-is-layout-flow\"><div class=\"wp-block-image\">\n<figure class=\"aligncenter size-full\"><img loading=\"lazy\" decoding=\"async\" width=\"1024\" height=\"768\" src=\"https:\/\/koernergabelstapler.de\/en\/wp-content\/uploads\/2026\/03\/1024xkeinbild.jpg\" alt=\"\" class=\"wp-image-12416\" srcset=\"https:\/\/koernergabelstapler.de\/en\/wp-content\/uploads\/2026\/03\/1024xkeinbild.jpg 1024w, https:\/\/koernergabelstapler.de\/en\/wp-content\/uploads\/2026\/03\/1024xkeinbild-300x225.jpg 300w, https:\/\/koernergabelstapler.de\/en\/wp-content\/uploads\/2026\/03\/1024xkeinbild-768x576.jpg 768w\" sizes=\"auto, (max-width: 1024px) 100vw, 1024px\" \/><\/figure>\n<\/div>\n\n\n<div style=\"height:20px\" aria-hidden=\"true\" class=\"wp-block-spacer\"><\/div>\n\n\n\n<h4 class=\"wp-block-heading has-text-color has-link-color wp-elements-a3bde1ff543c0b35f08930725e10fae2\" style=\"color:#fed03d\">D7662 &#8211; Rigid telescopic handler<\/h4>\n\n\n\n<h3 class=\"wp-block-heading has-text-align-left has-black-color has-text-color has-link-color wp-elements-252f3c6a2c899687405bfe3d03f1bd48\" style=\"font-size:22px\">Dieci Icarus 40.17<\/h3>\n\n\n\n<ul class=\"wp-block-list\">\n<li>Production year: 2022<\/li>\n\n\n\n<li>Load capacity: 4000 kg<\/li>\n\n\n\n<li>Operating hours: 0<\/li>\n\n\n\n<li>Lifting height: 16900 mm<\/li>\n\n\n\n<li>Mast type: Teleskop<\/li>\n<\/ul>\n\n\n\n<div style=\"height:50px\" aria-hidden=\"true\" class=\"wp-block-spacer\"><\/div>\n\n\n\n<div class=\"wp-block-buttons is-content-justification-left is-layout-flex wp-container-core-buttons-is-layout-fdcfc74e wp-block-buttons-is-layout-flex\">\n<div class=\"wp-block-button\"><a class=\"wp-block-button__link has-white-color has-text-color has-background has-link-color has-medium-font-size has-custom-font-size wp-element-button\" href=\"https:\/\/www.forklift-international.com\/extern\/detail.php?id=4971788&amp;sprachid=1&amp;wid=1\" style=\"background:linear-gradient(135deg,rgb(255,193,7) 0%,rgb(51,51,51) 86%)\" target=\"_blank\" rel=\"noreferrer noopener\">Details<\/a><\/div>\n<\/div>\n<\/div>\n\n\n\n<div class=\"wp-block-column col_hmn is-layout-flow wp-block-column-is-layout-flow\"><div class=\"wp-block-image\">\n<figure class=\"aligncenter size-full\"><img loading=\"lazy\" decoding=\"async\" width=\"1024\" height=\"768\" src=\"https:\/\/koernergabelstapler.de\/en\/wp-content\/uploads\/2026\/03\/1024x320_D7718A-4.jpg\" alt=\"\" class=\"wp-image-12458\" style=\"object-fit:cover\" srcset=\"https:\/\/koernergabelstapler.de\/en\/wp-content\/uploads\/2026\/03\/1024x320_D7718A-4.jpg 1024w, https:\/\/koernergabelstapler.de\/en\/wp-content\/uploads\/2026\/03\/1024x320_D7718A-4-300x225.jpg 300w, https:\/\/koernergabelstapler.de\/en\/wp-content\/uploads\/2026\/03\/1024x320_D7718A-4-768x576.jpg 768w\" sizes=\"auto, (max-width: 1024px) 100vw, 1024px\" \/><\/figure>\n<\/div>\n\n\n<div style=\"height:20px\" aria-hidden=\"true\" class=\"wp-block-spacer\"><\/div>\n\n\n\n<h4 class=\"wp-block-heading has-text-color has-link-color wp-elements-c0065e017c6592adbb66bb1afcc401d1\" style=\"color:#fed03d\">D7712 &#8211; Rigid telescopic handler<\/h4>\n\n\n\n<h3 class=\"wp-block-heading has-text-align-left has-black-color has-text-color has-link-color wp-elements-f69695226e6a3b62c4e4aa195def6c48\" style=\"font-size:22px\">Dieci Mini Agri 20.4 Smart<\/h3>\n\n\n\n<ul class=\"wp-block-list\">\n<li>Production year: 2023<\/li>\n\n\n\n<li>Load capacity: 2000 kg<\/li>\n\n\n\n<li>Operating hours: 0<\/li>\n\n\n\n<li>Lifting height: 4350 mm<\/li>\n\n\n\n<li>Mast type: Teleskop<\/li>\n<\/ul>\n\n\n\n<div style=\"height:25px\" aria-hidden=\"true\" class=\"wp-block-spacer\"><\/div>\n\n\n\n<div class=\"wp-block-buttons is-content-justification-left is-layout-flex wp-container-core-buttons-is-layout-fdcfc74e wp-block-buttons-is-layout-flex\">\n<div class=\"wp-block-button\"><a class=\"wp-block-button__link has-white-color has-text-color has-background has-link-color has-medium-font-size has-custom-font-size wp-element-button\" href=\"https:\/\/www.forklift-international.com\/extern\/detail.php?id=4672466&amp;sprachid=1&amp;wid=1\" style=\"background:linear-gradient(135deg,rgb(255,193,7) 0%,rgb(51,51,51) 86%)\" target=\"_blank\" rel=\"noreferrer noopener\">Details<\/a><\/div>\n<\/div>\n<\/div>\n\n\n\n<div class=\"wp-block-column col_hmn is-layout-flow wp-block-column-is-layout-flow\"><div class=\"wp-block-image\">\n<figure class=\"aligncenter size-full\"><img loading=\"lazy\" decoding=\"async\" width=\"1024\" height=\"768\" src=\"https:\/\/koernergabelstapler.de\/en\/wp-content\/uploads\/2026\/03\/1024x320_D7735-2.jpg\" alt=\"\" class=\"wp-image-12459\" style=\"object-fit:cover\" srcset=\"https:\/\/koernergabelstapler.de\/en\/wp-content\/uploads\/2026\/03\/1024x320_D7735-2.jpg 1024w, https:\/\/koernergabelstapler.de\/en\/wp-content\/uploads\/2026\/03\/1024x320_D7735-2-300x225.jpg 300w, https:\/\/koernergabelstapler.de\/en\/wp-content\/uploads\/2026\/03\/1024x320_D7735-2-768x576.jpg 768w\" sizes=\"auto, (max-width: 1024px) 100vw, 1024px\" \/><\/figure>\n<\/div>\n\n\n<div style=\"height:20px\" aria-hidden=\"true\" class=\"wp-block-spacer\"><\/div>\n\n\n\n<h4 class=\"wp-block-heading has-text-color has-link-color wp-elements-7da443989359bc8854fea1d105438f03\" style=\"color:#fed03d\">D7527 &#8211; Side loader<\/h4>\n\n\n\n<h3 class=\"wp-block-heading has-text-align-left has-black-color has-text-color has-link-color wp-elements-86bfec95b7a6dba1eabb4a812db6de56\" style=\"font-size:22px\">Fantuzzi SF30<\/h3>\n\n\n\n<ul class=\"wp-block-list\">\n<li>Production year: 1996<\/li>\n\n\n\n<li>Load capacity: 3000 kg<\/li>\n\n\n\n<li>Operating hours: 0<\/li>\n\n\n\n<li>Lifting height: 4500 mm<\/li>\n\n\n\n<li>Mast type: Standard<\/li>\n<\/ul>\n\n\n\n<div style=\"height:50px\" aria-hidden=\"true\" class=\"wp-block-spacer\"><\/div>\n\n\n\n<div class=\"wp-block-buttons is-content-justification-left is-layout-flex wp-container-core-buttons-is-layout-fdcfc74e wp-block-buttons-is-layout-flex\">\n<div class=\"wp-block-button\"><a class=\"wp-block-button__link has-white-color has-text-color has-background has-link-color has-medium-font-size has-custom-font-size wp-element-button\" href=\"https:\/\/www.forklift-international.com\/extern\/detail.php?id=4814783&amp;sprachid=1&amp;wid=1\" style=\"background:linear-gradient(135deg,rgb(255,193,7) 0%,rgb(51,51,51) 86%)\" target=\"_blank\" rel=\"noreferrer noopener\">Details<\/a><\/div>\n<\/div>\n<\/div>\n<\/div>\n\n\n\n<div style=\"height:40px\" aria-hidden=\"true\" class=\"wp-block-spacer\"><\/div>\n\n\n\n<div class=\"wp-block-columns animated fadeInRight is-layout-flex wp-container-core-columns-is-layout-9d6595d7 wp-block-columns-is-layout-flex\" style=\"font-size:16px\">\n<div class=\"wp-block-column col_hmn is-layout-flow wp-block-column-is-layout-flow\" style=\"flex-basis:32%\"><div class=\"wp-block-image\">\n<figure class=\"aligncenter size-full\"><img loading=\"lazy\" decoding=\"async\" width=\"1024\" height=\"768\" src=\"https:\/\/koernergabelstapler.de\/en\/wp-content\/uploads\/2026\/03\/1024x320_D7698-1.jpg\" alt=\"\" class=\"wp-image-12464\" srcset=\"https:\/\/koernergabelstapler.de\/en\/wp-content\/uploads\/2026\/03\/1024x320_D7698-1.jpg 1024w, https:\/\/koernergabelstapler.de\/en\/wp-content\/uploads\/2026\/03\/1024x320_D7698-1-300x225.jpg 300w, https:\/\/koernergabelstapler.de\/en\/wp-content\/uploads\/2026\/03\/1024x320_D7698-1-768x576.jpg 768w\" sizes=\"auto, (max-width: 1024px) 100vw, 1024px\" \/><\/figure>\n<\/div>\n\n\n<div style=\"height:20px\" aria-hidden=\"true\" class=\"wp-block-spacer\"><\/div>\n\n\n\n<h4 class=\"wp-block-heading has-text-color has-link-color wp-elements-082e8bc81f2fac5e28c5cac83a8a02d7\" style=\"color:#fed03d\">D7698 &#8211; Diesel forklift<\/h4>\n\n\n\n<h3 class=\"wp-block-heading has-text-align-left has-black-color has-text-color has-link-color wp-elements-28c541c66e55785ba93e1f0c0f9728f8\" style=\"font-size:22px\">Still RC42-50<\/h3>\n\n\n\n<ul class=\"wp-block-list\">\n<li>Production year: 2021<\/li>\n\n\n\n<li>Load capacity: 5000 kg<\/li>\n\n\n\n<li>Operating hours: 0<\/li>\n\n\n\n<li>Lifting height: 5490 mm<\/li>\n\n\n\n<li>Mast type: Triplex<\/li>\n<\/ul>\n\n\n\n<div style=\"height:25px\" aria-hidden=\"true\" class=\"wp-block-spacer\"><\/div>\n\n\n\n<div class=\"wp-block-buttons is-content-justification-left is-layout-flex wp-container-core-buttons-is-layout-fdcfc74e wp-block-buttons-is-layout-flex\">\n<div class=\"wp-block-button\"><a class=\"wp-block-button__link has-white-color has-text-color has-background has-link-color has-medium-font-size has-custom-font-size wp-element-button\" href=\"https:\/\/www.forklift-international.com\/extern\/detail.php?id=4282824&amp;sprachid=1&amp;wid=1\" style=\"background:linear-gradient(135deg,rgb(255,193,7) 0%,rgb(51,51,51) 86%)\" target=\"_blank\" rel=\"noreferrer noopener\">Details<\/a><\/div>\n<\/div>\n<\/div>\n\n\n\n<div class=\"wp-block-column col_hmn is-layout-flow wp-block-column-is-layout-flow\" style=\"flex-basis:32%\"><div class=\"wp-block-image\">\n<figure class=\"aligncenter size-full\"><img loading=\"lazy\" decoding=\"async\" width=\"1024\" height=\"768\" src=\"https:\/\/koernergabelstapler.de\/en\/wp-content\/uploads\/2026\/03\/1024x320_D7726-1.jpg\" alt=\"\" class=\"wp-image-12465\" style=\"object-fit:cover\" srcset=\"https:\/\/koernergabelstapler.de\/en\/wp-content\/uploads\/2026\/03\/1024x320_D7726-1.jpg 1024w, https:\/\/koernergabelstapler.de\/en\/wp-content\/uploads\/2026\/03\/1024x320_D7726-1-300x225.jpg 300w, https:\/\/koernergabelstapler.de\/en\/wp-content\/uploads\/2026\/03\/1024x320_D7726-1-768x576.jpg 768w\" sizes=\"auto, (max-width: 1024px) 100vw, 1024px\" \/><\/figure>\n<\/div>\n\n\n<div style=\"height:20px\" aria-hidden=\"true\" class=\"wp-block-spacer\"><\/div>\n\n\n\n<h4 class=\"wp-block-heading has-text-color has-link-color wp-elements-7ac28c8154b35138f2f6ef0c0817503c\" style=\"color:#fed03d\">D7726 &#8211; Diesel forklift<\/h4>\n\n\n\n<h3 class=\"wp-block-heading has-text-align-left has-black-color has-text-color has-link-color wp-elements-faae77582c1456d9ad1e047575527dd8\" style=\"font-size:22px\">Yang FD25.33<\/h3>\n\n\n\n<ul class=\"wp-block-list\">\n<li>Production year: 1999<\/li>\n\n\n\n<li>Load capacity: 2500 kg<\/li>\n\n\n\n<li>Operating hours: 0<\/li>\n\n\n\n<li>Lifting height: 3300 mm<\/li>\n\n\n\n<li>Mast type: Standard<\/li>\n<\/ul>\n\n\n\n<div style=\"height:25px\" aria-hidden=\"true\" class=\"wp-block-spacer\"><\/div>\n\n\n\n<div class=\"wp-block-buttons is-content-justification-left is-layout-flex wp-container-core-buttons-is-layout-fdcfc74e wp-block-buttons-is-layout-flex\">\n<div class=\"wp-block-button\"><a class=\"wp-block-button__link has-white-color has-text-color has-background has-link-color has-medium-font-size has-custom-font-size wp-element-button\" href=\"https:\/\/www.forklift-international.com\/extern\/detail.php?id=4611071&amp;sprachid=1&amp;wid=1\" style=\"background:linear-gradient(135deg,rgb(255,193,7) 0%,rgb(51,51,51) 86%)\" target=\"_blank\" rel=\"noreferrer noopener\">Details<\/a><\/div>\n<\/div>\n<\/div>\n\n\n\n<div class=\"wp-block-column is-layout-flow wp-block-column-is-layout-flow\"><\/div>\n<\/div>\n\n\n\n<div style=\"height:150px\" aria-hidden=\"true\" class=\"wp-block-spacer\"><\/div>\n\n\n\n<h2 class=\"wp-block-heading has-x-large-font-size\" id=\"lpg\">LPG<img loading=\"lazy\" decoding=\"async\" width=\"70\" height=\"70\" class=\"wp-image-12322\" style=\"width: 70px;\" src=\"https:\/\/koernergabelstapler.de\/en\/wp-content\/uploads\/2026\/03\/arrow-circle-right-fill-1.png\" alt=\"\"><\/h2>\n\n\n\n<div style=\"height:70px\" aria-hidden=\"true\" class=\"wp-block-spacer\"><\/div>\n\n\n\n<div class=\"wp-block-columns animated fadeInRight is-layout-flex wp-container-core-columns-is-layout-9d6595d7 wp-block-columns-is-layout-flex\" style=\"font-size:16px\">\n<div class=\"wp-block-column col_hmn is-layout-flow wp-block-column-is-layout-flow\"><div class=\"wp-block-image\">\n<figure class=\"aligncenter size-full\"><img loading=\"lazy\" decoding=\"async\" width=\"1024\" height=\"768\" src=\"https:\/\/koernergabelstapler.de\/en\/wp-content\/uploads\/2026\/03\/1024x320_A2300-1.jpg\" alt=\"\" class=\"wp-image-12469\" srcset=\"https:\/\/koernergabelstapler.de\/en\/wp-content\/uploads\/2026\/03\/1024x320_A2300-1.jpg 1024w, https:\/\/koernergabelstapler.de\/en\/wp-content\/uploads\/2026\/03\/1024x320_A2300-1-300x225.jpg 300w, https:\/\/koernergabelstapler.de\/en\/wp-content\/uploads\/2026\/03\/1024x320_A2300-1-768x576.jpg 768w\" sizes=\"auto, (max-width: 1024px) 100vw, 1024px\" \/><\/figure>\n<\/div>\n\n\n<div style=\"height:20px\" aria-hidden=\"true\" class=\"wp-block-spacer\"><\/div>\n\n\n\n<h4 class=\"wp-block-heading has-text-color has-link-color wp-elements-2b2dc71a102779faf0e7cfebc25f6d47\" style=\"color:#fed03d\">A2300 &#8211; LPG forklift<\/h4>\n\n\n\n<h3 class=\"wp-block-heading has-text-align-left has-black-color has-text-color has-link-color wp-elements-8854583c9ee4619ef15cca21764eab4d\" style=\"font-size:22px\">Artison EFG25.48-ECO<\/h3>\n\n\n\n<ul class=\"wp-block-list\">\n<li>Production year: 2015<\/li>\n\n\n\n<li>Load capacity: 2500 kg<\/li>\n\n\n\n<li>Operating hours: 0<\/li>\n\n\n\n<li>Lifting height: 4800 mm<\/li>\n\n\n\n<li>Mast type: Triplex<\/li>\n<\/ul>\n\n\n\n<div style=\"height:25px\" aria-hidden=\"true\" class=\"wp-block-spacer\"><\/div>\n\n\n\n<div class=\"wp-block-buttons is-content-justification-left is-layout-flex wp-container-core-buttons-is-layout-fdcfc74e wp-block-buttons-is-layout-flex\">\n<div class=\"wp-block-button\"><a class=\"wp-block-button__link has-white-color has-text-color has-background has-link-color has-medium-font-size has-custom-font-size wp-element-button\" href=\"https:\/\/www.forklift-international.com\/extern\/detail.php?id=4836604&amp;sprachid=1&amp;wid=1\" style=\"background:linear-gradient(135deg,rgb(255,193,7) 0%,rgb(51,51,51) 86%)\" target=\"_blank\" rel=\"noreferrer noopener\">Details<\/a><\/div>\n<\/div>\n<\/div>\n\n\n\n<div class=\"wp-block-column col_hmn is-layout-flow wp-block-column-is-layout-flow\"><div class=\"wp-block-image\">\n<figure class=\"aligncenter size-full\"><img loading=\"lazy\" decoding=\"async\" width=\"1024\" height=\"768\" src=\"https:\/\/koernergabelstapler.de\/en\/wp-content\/uploads\/2026\/03\/1024x320_A2212a-1.jpg\" alt=\"\" class=\"wp-image-12470\" srcset=\"https:\/\/koernergabelstapler.de\/en\/wp-content\/uploads\/2026\/03\/1024x320_A2212a-1.jpg 1024w, https:\/\/koernergabelstapler.de\/en\/wp-content\/uploads\/2026\/03\/1024x320_A2212a-1-300x225.jpg 300w, https:\/\/koernergabelstapler.de\/en\/wp-content\/uploads\/2026\/03\/1024x320_A2212a-1-768x576.jpg 768w\" sizes=\"auto, (max-width: 1024px) 100vw, 1024px\" \/><\/figure>\n<\/div>\n\n\n<div style=\"height:20px\" aria-hidden=\"true\" class=\"wp-block-spacer\"><\/div>\n\n\n\n<h4 class=\"wp-block-heading has-text-color has-link-color wp-elements-18cc0f13eb84d556f846f253d894ede9\" style=\"color:#fed03d\">A2212a &#8211; LPG forklift<\/h4>\n\n\n\n<h3 class=\"wp-block-heading has-text-align-left has-black-color has-text-color has-link-color wp-elements-bd9183515b88e3163d50f820bdf238e1\" style=\"font-size:22px\">Artison FG25.48<\/h3>\n\n\n\n<ul class=\"wp-block-list\">\n<li>Production year: 2011<\/li>\n\n\n\n<li>Load capacity: 2500 kg<\/li>\n\n\n\n<li>Operating hours: 0<\/li>\n\n\n\n<li>Lifting height: 4800 mm<\/li>\n\n\n\n<li>Mast type: Triplex<\/li>\n<\/ul>\n\n\n\n<div style=\"height:25px\" aria-hidden=\"true\" class=\"wp-block-spacer\"><\/div>\n\n\n\n<div class=\"wp-block-buttons is-content-justification-left is-layout-flex wp-container-core-buttons-is-layout-fdcfc74e wp-block-buttons-is-layout-flex\">\n<div class=\"wp-block-button\"><a class=\"wp-block-button__link has-white-color has-text-color has-background has-link-color has-medium-font-size has-custom-font-size wp-element-button\" href=\"https:\/\/www.forklift-international.com\/extern\/detail.php?id=4810509&amp;sprachid=1&amp;wid=1\" style=\"background:linear-gradient(135deg,rgb(255,193,7) 0%,rgb(51,51,51) 86%)\" target=\"_blank\" rel=\"noreferrer noopener\">Details<\/a><\/div>\n<\/div>\n<\/div>\n\n\n\n<div class=\"wp-block-column col_hmn is-layout-flow wp-block-column-is-layout-flow\"><div class=\"wp-block-image\">\n<figure class=\"aligncenter size-full\"><img loading=\"lazy\" decoding=\"async\" width=\"1024\" height=\"768\" src=\"https:\/\/koernergabelstapler.de\/en\/wp-content\/uploads\/2026\/03\/1024x320_G7623-2.jpg\" alt=\"\" class=\"wp-image-12471\" srcset=\"https:\/\/koernergabelstapler.de\/en\/wp-content\/uploads\/2026\/03\/1024x320_G7623-2.jpg 1024w, https:\/\/koernergabelstapler.de\/en\/wp-content\/uploads\/2026\/03\/1024x320_G7623-2-300x225.jpg 300w, https:\/\/koernergabelstapler.de\/en\/wp-content\/uploads\/2026\/03\/1024x320_G7623-2-768x576.jpg 768w\" sizes=\"auto, (max-width: 1024px) 100vw, 1024px\" \/><\/figure>\n<\/div>\n\n\n<div style=\"height:20px\" aria-hidden=\"true\" class=\"wp-block-spacer\"><\/div>\n\n\n\n<h4 class=\"wp-block-heading has-text-color has-link-color wp-elements-e7956902ed9bf7b98c976909147e1871\" style=\"color:#fed03d\">G7623 &#8211; LPG forklift<\/h4>\n\n\n\n<h3 class=\"wp-block-heading has-text-align-left has-black-color has-text-color has-link-color wp-elements-846192f8579f6c28d9d0bad6c1e8a91e\" style=\"font-size:22px\">Artison FG70.33<\/h3>\n\n\n\n<ul class=\"wp-block-list\">\n<li>Production year: 2021<\/li>\n\n\n\n<li>Load capacity: 7000 kg<\/li>\n\n\n\n<li>Operating hours: 0<\/li>\n\n\n\n<li>Lifting height: 3300 mm<\/li>\n\n\n\n<li>Mast type: Duplex<\/li>\n<\/ul>\n\n\n\n<div style=\"height:25px\" aria-hidden=\"true\" class=\"wp-block-spacer\"><\/div>\n\n\n\n<div class=\"wp-block-buttons is-content-justification-left is-layout-flex wp-container-core-buttons-is-layout-fdcfc74e wp-block-buttons-is-layout-flex\">\n<div class=\"wp-block-button\"><a class=\"wp-block-button__link has-white-color has-text-color has-background has-link-color has-medium-font-size has-custom-font-size wp-element-button\" href=\"https:\/\/www.forklift-international.com\/extern\/detail.php?id=3918044&amp;sprachid=1&amp;wid=1\" style=\"background:linear-gradient(135deg,rgb(255,193,7) 0%,rgb(51,51,51) 86%)\" target=\"_blank\" rel=\"noreferrer noopener\">Details<\/a><\/div>\n<\/div>\n<\/div>\n<\/div>\n\n\n\n<div style=\"height:40px\" aria-hidden=\"true\" class=\"wp-block-spacer\"><\/div>\n\n\n\n<div class=\"wp-block-columns animated fadeInRight is-layout-flex wp-container-core-columns-is-layout-9d6595d7 wp-block-columns-is-layout-flex\" style=\"font-size:16px\">\n<div class=\"wp-block-column col_hmn is-layout-flow wp-block-column-is-layout-flow\" style=\"flex-basis:32%\"><div class=\"wp-block-image\">\n<figure class=\"aligncenter size-full\"><img loading=\"lazy\" decoding=\"async\" width=\"1024\" height=\"768\" src=\"https:\/\/koernergabelstapler.de\/en\/wp-content\/uploads\/2026\/03\/1024x320_A2347-4.jpg\" alt=\"\" class=\"wp-image-12474\" srcset=\"https:\/\/koernergabelstapler.de\/en\/wp-content\/uploads\/2026\/03\/1024x320_A2347-4.jpg 1024w, https:\/\/koernergabelstapler.de\/en\/wp-content\/uploads\/2026\/03\/1024x320_A2347-4-300x225.jpg 300w, https:\/\/koernergabelstapler.de\/en\/wp-content\/uploads\/2026\/03\/1024x320_A2347-4-768x576.jpg 768w\" sizes=\"auto, (max-width: 1024px) 100vw, 1024px\" \/><\/figure>\n<\/div>\n\n\n<div style=\"height:20px\" aria-hidden=\"true\" class=\"wp-block-spacer\"><\/div>\n\n\n\n<h4 class=\"wp-block-heading has-text-color has-link-color wp-elements-0613b4c3b75b36cccae63c1713c7842a\" style=\"color:#fed03d\">A2347 &#8211; LPG forklift<\/h4>\n\n\n\n<h3 class=\"wp-block-heading has-text-align-left has-black-color has-text-color has-link-color wp-elements-5b4a5f484f9e49a840a629e56d2b9525\" style=\"font-size:22px\">Artison PFG25.48-II, Neu<\/h3>\n\n\n\n<ul class=\"wp-block-list\">\n<li>Production year: 2021<\/li>\n\n\n\n<li>Load capacity: 2500 kg<\/li>\n\n\n\n<li>Operating hours: 0<\/li>\n\n\n\n<li>Lifting height: 4800 mm<\/li>\n\n\n\n<li>Mast type: Triplex<\/li>\n<\/ul>\n\n\n\n<div style=\"height:25px\" aria-hidden=\"true\" class=\"wp-block-spacer\"><\/div>\n\n\n\n<div class=\"wp-block-buttons is-content-justification-left is-layout-flex wp-container-core-buttons-is-layout-fdcfc74e wp-block-buttons-is-layout-flex\">\n<div class=\"wp-block-button\"><a class=\"wp-block-button__link has-white-color has-text-color has-background has-link-color has-medium-font-size has-custom-font-size wp-element-button\" href=\"https:\/\/www.forklift-international.com\/extern\/detail.php?id=4054233&amp;sprachid=1&amp;wid=1\" style=\"background:linear-gradient(135deg,rgb(255,193,7) 0%,rgb(51,51,51) 86%)\" target=\"_blank\" rel=\"noreferrer noopener\">Details<\/a><\/div>\n<\/div>\n<\/div>\n\n\n\n<div class=\"wp-block-column col_hmn is-layout-flow wp-block-column-is-layout-flow\" style=\"flex-basis:32%\"><div class=\"wp-block-image\">\n<figure class=\"aligncenter size-full\"><img loading=\"lazy\" decoding=\"async\" width=\"1024\" height=\"768\" src=\"https:\/\/koernergabelstapler.de\/en\/wp-content\/uploads\/2026\/03\/1024x320_G7136.jpg\" alt=\"\" class=\"wp-image-12475\" style=\"object-fit:cover\" srcset=\"https:\/\/koernergabelstapler.de\/en\/wp-content\/uploads\/2026\/03\/1024x320_G7136.jpg 1024w, https:\/\/koernergabelstapler.de\/en\/wp-content\/uploads\/2026\/03\/1024x320_G7136-300x225.jpg 300w, https:\/\/koernergabelstapler.de\/en\/wp-content\/uploads\/2026\/03\/1024x320_G7136-768x576.jpg 768w\" sizes=\"auto, (max-width: 1024px) 100vw, 1024px\" \/><\/figure>\n<\/div>\n\n\n<div style=\"height:20px\" aria-hidden=\"true\" class=\"wp-block-spacer\"><\/div>\n\n\n\n<h4 class=\"wp-block-heading has-text-color has-link-color wp-elements-34e33c78a226d93a7f6cf9422f000a9c\" style=\"color:#fed03d\">G7136 &#8211; LPG forklift<\/h4>\n\n\n\n<h3 class=\"wp-block-heading has-text-align-left has-black-color has-text-color has-link-color wp-elements-599419cae3a35a7e0ee4be7b834f8ea5\" style=\"font-size:22px\">Komatsu FG30ST-12<\/h3>\n\n\n\n<ul class=\"wp-block-list\">\n<li>Production year: 1998<\/li>\n\n\n\n<li>Load capacity: 3000 kg<\/li>\n\n\n\n<li>Operating hours: 8391<\/li>\n\n\n\n<li>Lifting height: 7000 mm<\/li>\n\n\n\n<li>Mast type: Triplex<\/li>\n<\/ul>\n\n\n\n<div style=\"height:25px\" aria-hidden=\"true\" class=\"wp-block-spacer\"><\/div>\n\n\n\n<div class=\"wp-block-buttons is-content-justification-left is-layout-flex wp-container-core-buttons-is-layout-fdcfc74e wp-block-buttons-is-layout-flex\">\n<div class=\"wp-block-button\"><a class=\"wp-block-button__link has-white-color has-text-color has-background has-link-color has-medium-font-size has-custom-font-size wp-element-button\" href=\"https:\/\/www.forklift-international.com\/extern\/detail.php?id=2862543&amp;sprachid=1&amp;wid=1\" style=\"background:linear-gradient(135deg,rgb(255,193,7) 0%,rgb(51,51,51) 86%)\" target=\"_blank\" rel=\"noreferrer noopener\">Details<\/a><\/div>\n<\/div>\n<\/div>\n\n\n\n<div class=\"wp-block-column is-layout-flow wp-block-column-is-layout-flow\"><\/div>\n<\/div>\n\n\n\n<div style=\"height:150px\" aria-hidden=\"true\" class=\"wp-block-spacer\"><\/div>\n\n\n\n<h2 class=\"wp-block-heading has-x-large-font-size\" id=\"warenhouse\">Warehouse technology\/transportation <img loading=\"lazy\" decoding=\"async\" width=\"70\" height=\"70\" class=\"wp-image-12322\" style=\"width: 70px;\" src=\"https:\/\/koernergabelstapler.de\/en\/wp-content\/uploads\/2026\/03\/arrow-circle-right-fill-1.png\" alt=\"\"><\/h2>\n\n\n\n<div style=\"height:70px\" aria-hidden=\"true\" class=\"wp-block-spacer\"><\/div>\n\n\n\n<div class=\"wp-block-columns animated fadeInRight is-layout-flex wp-container-core-columns-is-layout-9d6595d7 wp-block-columns-is-layout-flex\" style=\"font-size:16px\">\n<div class=\"wp-block-column col_hmn is-layout-flow wp-block-column-is-layout-flow\"><div class=\"wp-block-image\">\n<figure class=\"aligncenter size-full\"><img loading=\"lazy\" decoding=\"async\" width=\"1024\" height=\"768\" src=\"https:\/\/koernergabelstapler.de\/en\/wp-content\/uploads\/2026\/03\/1024x320_E7389-1.jpg\" alt=\"\" class=\"wp-image-12478\" srcset=\"https:\/\/koernergabelstapler.de\/en\/wp-content\/uploads\/2026\/03\/1024x320_E7389-1.jpg 1024w, https:\/\/koernergabelstapler.de\/en\/wp-content\/uploads\/2026\/03\/1024x320_E7389-1-300x225.jpg 300w, https:\/\/koernergabelstapler.de\/en\/wp-content\/uploads\/2026\/03\/1024x320_E7389-1-768x576.jpg 768w\" sizes=\"auto, (max-width: 1024px) 100vw, 1024px\" \/><\/figure>\n<\/div>\n\n\n<div style=\"height:20px\" aria-hidden=\"true\" class=\"wp-block-spacer\"><\/div>\n\n\n\n<h4 class=\"wp-block-heading has-text-color has-link-color wp-elements-777022ec89020934e277e90857f9780f\" style=\"color:#fed03d\">E7389 &#8211; Low lift pallet truck<\/h4>\n\n\n\n<h3 class=\"wp-block-heading has-text-align-left has-black-color has-text-color has-link-color wp-elements-2e23e93bd92751a3d7abab57a074bc09\" style=\"font-size:22px\">Jungheinrich ERE 22G<\/h3>\n\n\n\n<ul class=\"wp-block-list\">\n<li>Production year: 2004<\/li>\n\n\n\n<li>Load capacity: 2000 kg<\/li>\n\n\n\n<li>Operating hours: 0<\/li>\n\n\n\n<li>Lifting height: 220 mm<\/li>\n\n\n\n<li>Mast type: none<\/li>\n<\/ul>\n\n\n\n<div style=\"height:50px\" aria-hidden=\"true\" class=\"wp-block-spacer\"><\/div>\n\n\n\n<div class=\"wp-block-buttons is-content-justification-left is-layout-flex wp-container-core-buttons-is-layout-fdcfc74e wp-block-buttons-is-layout-flex\">\n<div class=\"wp-block-button\"><a class=\"wp-block-button__link has-white-color has-text-color has-background has-link-color has-medium-font-size has-custom-font-size wp-element-button\" href=\"https:\/\/www.forklift-international.com\/extern\/detail.php?id=2862564&amp;sprachid=1&amp;wid=1\" style=\"background:linear-gradient(135deg,rgb(255,193,7) 0%,rgb(51,51,51) 86%)\" target=\"_blank\" rel=\"noreferrer noopener\">Details<\/a><\/div>\n<\/div>\n<\/div>\n\n\n\n<div class=\"wp-block-column col_hmn is-layout-flow wp-block-column-is-layout-flow\"><div class=\"wp-block-image\">\n<figure class=\"aligncenter size-full\"><img loading=\"lazy\" decoding=\"async\" width=\"770\" height=\"770\" src=\"https:\/\/koernergabelstapler.de\/en\/wp-content\/uploads\/2026\/03\/1024x320_OSE-2.jpg\" alt=\"\" class=\"wp-image-12479\" style=\"aspect-ratio:4\/3;object-fit:cover\" srcset=\"https:\/\/koernergabelstapler.de\/en\/wp-content\/uploads\/2026\/03\/1024x320_OSE-2.jpg 770w, https:\/\/koernergabelstapler.de\/en\/wp-content\/uploads\/2026\/03\/1024x320_OSE-2-300x300.jpg 300w, https:\/\/koernergabelstapler.de\/en\/wp-content\/uploads\/2026\/03\/1024x320_OSE-2-150x150.jpg 150w, https:\/\/koernergabelstapler.de\/en\/wp-content\/uploads\/2026\/03\/1024x320_OSE-2-768x768.jpg 768w\" sizes=\"auto, (max-width: 770px) 100vw, 770px\" \/><\/figure>\n<\/div>\n\n\n<div style=\"height:20px\" aria-hidden=\"true\" class=\"wp-block-spacer\"><\/div>\n\n\n\n<h4 class=\"wp-block-heading has-text-color has-link-color wp-elements-7b034471b859f01ff6c3cc0bf8878b61\" style=\"color:#fed03d\">OSE &#8211; Hand pallet truck<\/h4>\n\n\n\n<h3 class=\"wp-block-heading has-text-align-left has-black-color has-text-color has-link-color wp-elements-f95da853546c7124c04f01e8cc8a6acf\" style=\"font-size:22px\">[div] Forklift pallet truck 2t, neu<\/h3>\n\n\n\n<ul class=\"wp-block-list\">\n<li>Production year: unknown<\/li>\n\n\n\n<li>Load capacity: 2000 kg<\/li>\n\n\n\n<li>Operating hours: 0<\/li>\n\n\n\n<li>Lifting height: 200 mm<\/li>\n\n\n\n<li>Mast type: none<\/li>\n<\/ul>\n\n\n\n<div style=\"height:50px\" aria-hidden=\"true\" class=\"wp-block-spacer\"><\/div>\n\n\n\n<div class=\"wp-block-buttons is-content-justification-left is-layout-flex wp-container-core-buttons-is-layout-fdcfc74e wp-block-buttons-is-layout-flex\">\n<div class=\"wp-block-button\"><a class=\"wp-block-button__link has-white-color has-text-color has-background has-link-color has-medium-font-size has-custom-font-size wp-element-button\" href=\"https:\/\/www.forklift-international.com\/extern\/detail.php?id=3029400&amp;sprachid=1&amp;wid=1\" style=\"background:linear-gradient(135deg,rgb(255,193,7) 0%,rgb(51,51,51) 86%)\" target=\"_blank\" rel=\"noreferrer noopener\">Details<\/a><\/div>\n<\/div>\n<\/div>\n\n\n\n<div class=\"wp-block-column col_hmn is-layout-flow wp-block-column-is-layout-flow\"><div class=\"wp-block-image\">\n<figure class=\"aligncenter size-full\"><img loading=\"lazy\" decoding=\"async\" width=\"1024\" height=\"768\" src=\"https:\/\/koernergabelstapler.de\/en\/wp-content\/uploads\/2026\/03\/1024x320_4347403-1-1.jpg\" alt=\"\" class=\"wp-image-12480\" srcset=\"https:\/\/koernergabelstapler.de\/en\/wp-content\/uploads\/2026\/03\/1024x320_4347403-1-1.jpg 1024w, https:\/\/koernergabelstapler.de\/en\/wp-content\/uploads\/2026\/03\/1024x320_4347403-1-1-300x225.jpg 300w, https:\/\/koernergabelstapler.de\/en\/wp-content\/uploads\/2026\/03\/1024x320_4347403-1-1-768x576.jpg 768w\" sizes=\"auto, (max-width: 1024px) 100vw, 1024px\" \/><\/figure>\n<\/div>\n\n\n<div style=\"height:20px\" aria-hidden=\"true\" class=\"wp-block-spacer\"><\/div>\n\n\n\n<h4 class=\"wp-block-heading has-text-color has-link-color wp-elements-aa031c8a836288ef559282928e8c5db2\" style=\"color:#fed03d\">4347403 &#8211; Scissor lift pallet truck<\/h4>\n\n\n\n<h3 class=\"wp-block-heading has-text-align-left has-black-color has-text-color has-link-color wp-elements-e71e6902cbccebf17e30034b3cd9401b\" style=\"font-size:22px\">[div] Scissor lift pallet truck EHP100<\/h3>\n\n\n\n<ul class=\"wp-block-list\">\n<li>Production year: unknown<\/li>\n\n\n\n<li>Load capacity: 1000 kg<\/li>\n\n\n\n<li>Operating hours: 0<\/li>\n\n\n\n<li>Lifting height: 800 mm<\/li>\n\n\n\n<li>Mast type: none<\/li>\n<\/ul>\n\n\n\n<div style=\"height:25px\" aria-hidden=\"true\" class=\"wp-block-spacer\"><\/div>\n\n\n\n<div class=\"wp-block-buttons is-content-justification-left is-layout-flex wp-container-core-buttons-is-layout-fdcfc74e wp-block-buttons-is-layout-flex\">\n<div class=\"wp-block-button\"><a class=\"wp-block-button__link has-white-color has-text-color has-background has-link-color has-medium-font-size has-custom-font-size wp-element-button\" href=\"https:\/\/www.forklift-international.com\/extern\/detail.php?id=4347403&amp;sprachid=1&amp;wid=1\" style=\"background:linear-gradient(135deg,rgb(255,193,7) 0%,rgb(51,51,51) 86%)\" target=\"_blank\" rel=\"noreferrer noopener\">Details<\/a><\/div>\n<\/div>\n<\/div>\n<\/div>\n\n\n\n<div style=\"height:150px\" aria-hidden=\"true\" class=\"wp-block-spacer\"><\/div>\n\n\n\n<h2 class=\"wp-block-heading has-x-large-font-size\" id=\"warenhouse\">Warehouse technology\/order picking <img loading=\"lazy\" decoding=\"async\" width=\"70\" height=\"70\" class=\"wp-image-12322\" style=\"width: 70px;\" src=\"https:\/\/koernergabelstapler.de\/en\/wp-content\/uploads\/2026\/03\/arrow-circle-right-fill-1.png\" alt=\"\"><\/h2>\n\n\n\n<div style=\"height:70px\" aria-hidden=\"true\" class=\"wp-block-spacer\"><\/div>\n\n\n\n<div class=\"wp-block-columns animated fadeInRight is-layout-flex wp-container-core-columns-is-layout-9d6595d7 wp-block-columns-is-layout-flex\" style=\"font-size:16px\">\n<div class=\"wp-block-column col_hmn is-layout-flow wp-block-column-is-layout-flow\"><div class=\"wp-block-image\">\n<figure class=\"aligncenter size-full\"><img loading=\"lazy\" decoding=\"async\" width=\"1024\" height=\"768\" src=\"https:\/\/koernergabelstapler.de\/en\/wp-content\/uploads\/2026\/03\/1024x320_E7745-2-1.jpg\" alt=\"\" class=\"wp-image-12486\" srcset=\"https:\/\/koernergabelstapler.de\/en\/wp-content\/uploads\/2026\/03\/1024x320_E7745-2-1.jpg 1024w, https:\/\/koernergabelstapler.de\/en\/wp-content\/uploads\/2026\/03\/1024x320_E7745-2-1-300x225.jpg 300w, https:\/\/koernergabelstapler.de\/en\/wp-content\/uploads\/2026\/03\/1024x320_E7745-2-1-768x576.jpg 768w\" sizes=\"auto, (max-width: 1024px) 100vw, 1024px\" \/><\/figure>\n<\/div>\n\n\n<div style=\"height:20px\" aria-hidden=\"true\" class=\"wp-block-spacer\"><\/div>\n\n\n\n<h4 class=\"wp-block-heading has-text-color has-link-color wp-elements-8ba58c1d2cecc401b382edcf8530b095\" style=\"color:#fed03d\">E7745 &#8211; Tow tractor<\/h4>\n\n\n\n<h3 class=\"wp-block-heading has-text-align-left has-black-color has-text-color has-link-color wp-elements-882bd8333394a8c5a77d588e037fd3e2\" style=\"font-size:22px\">Linde W20<\/h3>\n\n\n\n<ul class=\"wp-block-list\">\n<li>Production year: 2012<\/li>\n\n\n\n<li>Load capacity: 2000 kg<\/li>\n\n\n\n<li>Operating hours: 0<\/li>\n\n\n\n<li>Lifting height: 0 mm<\/li>\n\n\n\n<li>Mast type: none<\/li>\n<\/ul>\n\n\n\n<div style=\"height:25px\" aria-hidden=\"true\" class=\"wp-block-spacer\"><\/div>\n\n\n\n<div class=\"wp-block-buttons is-content-justification-left is-layout-flex wp-container-core-buttons-is-layout-fdcfc74e wp-block-buttons-is-layout-flex\">\n<div class=\"wp-block-button\"><a class=\"wp-block-button__link has-white-color has-text-color has-background has-link-color has-medium-font-size has-custom-font-size wp-element-button\" href=\"https:\/\/www.forklift-international.com\/extern\/detail.php?id=5103238&amp;sprachid=1&amp;wid=1\" style=\"background:linear-gradient(135deg,rgb(255,193,7) 0%,rgb(51,51,51) 86%)\" target=\"_blank\" rel=\"noreferrer noopener\">Details<\/a><\/div>\n<\/div>\n<\/div>\n\n\n\n<div class=\"wp-block-column col_hmn is-layout-flow wp-block-column-is-layout-flow\"><div class=\"wp-block-image\">\n<figure class=\"aligncenter size-full\"><img loading=\"lazy\" decoding=\"async\" width=\"1024\" height=\"768\" src=\"https:\/\/koernergabelstapler.de\/en\/wp-content\/uploads\/2026\/03\/1024x320_E7581-1-1.jpg\" alt=\"\" class=\"wp-image-12487\" style=\"aspect-ratio:4\/3;object-fit:cover\" srcset=\"https:\/\/koernergabelstapler.de\/en\/wp-content\/uploads\/2026\/03\/1024x320_E7581-1-1.jpg 1024w, https:\/\/koernergabelstapler.de\/en\/wp-content\/uploads\/2026\/03\/1024x320_E7581-1-1-300x225.jpg 300w, https:\/\/koernergabelstapler.de\/en\/wp-content\/uploads\/2026\/03\/1024x320_E7581-1-1-768x576.jpg 768w\" sizes=\"auto, (max-width: 1024px) 100vw, 1024px\" \/><\/figure>\n<\/div>\n\n\n<div style=\"height:20px\" aria-hidden=\"true\" class=\"wp-block-spacer\"><\/div>\n\n\n\n<h4 class=\"wp-block-heading has-text-color has-link-color wp-elements-2f3781cefc42b66882c8af3832caaae2\" style=\"color:#fed03d\">E7581 &#8211; Tow tractor<\/h4>\n\n\n\n<h3 class=\"wp-block-heading has-text-align-left has-black-color has-text-color has-link-color wp-elements-cf4c9364c6443e416855a855a69272b6\" style=\"font-size:22px\">Still R06-06<\/h3>\n\n\n\n<ul class=\"wp-block-list\">\n<li>Production year: 2012<\/li>\n\n\n\n<li>Load capacity: 150 kg<\/li>\n\n\n\n<li>Operating hours: 0<\/li>\n\n\n\n<li>Lifting height: 0 mm<\/li>\n\n\n\n<li>Mast type: none<\/li>\n<\/ul>\n\n\n\n<div style=\"height:25px\" aria-hidden=\"true\" class=\"wp-block-spacer\"><\/div>\n\n\n\n<div class=\"wp-block-buttons is-content-justification-left is-layout-flex wp-container-core-buttons-is-layout-fdcfc74e wp-block-buttons-is-layout-flex\">\n<div class=\"wp-block-button\"><a class=\"wp-block-button__link has-white-color has-text-color has-background has-link-color has-medium-font-size has-custom-font-size wp-element-button\" href=\"https:\/\/www.forklift-international.com\/extern\/detail.php?id=3604035&amp;sprachid=1&amp;wid=1\" style=\"background:linear-gradient(135deg,rgb(255,193,7) 0%,rgb(51,51,51) 86%)\" target=\"_blank\" rel=\"noreferrer noopener\">Details<\/a><\/div>\n<\/div>\n<\/div>\n\n\n\n<div class=\"wp-block-column col_hmn is-layout-flow wp-block-column-is-layout-flow\"><div class=\"wp-block-image\">\n<figure class=\"aligncenter size-full\"><img loading=\"lazy\" decoding=\"async\" width=\"1024\" height=\"768\" src=\"https:\/\/koernergabelstapler.de\/en\/wp-content\/uploads\/2026\/03\/1024x320_E7473-2-.jpg\" alt=\"\" class=\"wp-image-12488\" srcset=\"https:\/\/koernergabelstapler.de\/en\/wp-content\/uploads\/2026\/03\/1024x320_E7473-2-.jpg 1024w, https:\/\/koernergabelstapler.de\/en\/wp-content\/uploads\/2026\/03\/1024x320_E7473-2--300x225.jpg 300w, https:\/\/koernergabelstapler.de\/en\/wp-content\/uploads\/2026\/03\/1024x320_E7473-2--768x576.jpg 768w\" sizes=\"auto, (max-width: 1024px) 100vw, 1024px\" \/><\/figure>\n<\/div>\n\n\n<div style=\"height:20px\" aria-hidden=\"true\" class=\"wp-block-spacer\"><\/div>\n\n\n\n<h4 class=\"wp-block-heading has-text-color has-link-color wp-elements-5e05268f40166e1c5d151992257c2fe9\" style=\"color:#fed03d\">3823145 &#8211; Tow tractor<\/h4>\n\n\n\n<h3 class=\"wp-block-heading has-text-align-left has-black-color has-text-color has-link-color wp-elements-f9f797e5759f07446348277ac36f19ca\" style=\"font-size:22px\">Tecna VT7A<\/h3>\n\n\n\n<ul class=\"wp-block-list\">\n<li>Production year: 2016<\/li>\n\n\n\n<li>Load capacity: 7000 kg<\/li>\n\n\n\n<li>Operating hours: 0<\/li>\n\n\n\n<li>Lifting height: 0 mm<\/li>\n\n\n\n<li>Mast type: none<\/li>\n<\/ul>\n\n\n\n<div style=\"height:25px\" aria-hidden=\"true\" class=\"wp-block-spacer\"><\/div>\n\n\n\n<div class=\"wp-block-buttons is-content-justification-left is-layout-flex wp-container-core-buttons-is-layout-fdcfc74e wp-block-buttons-is-layout-flex\">\n<div class=\"wp-block-button\"><a class=\"wp-block-button__link has-white-color has-text-color has-background has-link-color has-medium-font-size has-custom-font-size wp-element-button\" href=\"https:\/\/www.forklift-international.com\/extern\/detail.php?id=3823145&amp;sprachid=1&amp;wid=1\" style=\"background:linear-gradient(135deg,rgb(255,193,7) 0%,rgb(51,51,51) 86%)\" target=\"_blank\" rel=\"noreferrer noopener\">Details<\/a><\/div>\n<\/div>\n<\/div>\n<\/div>\n\n\n\n<div style=\"height:150px\" aria-hidden=\"true\" class=\"wp-block-spacer\"><\/div>\n\n\n\n<h2 class=\"wp-block-heading has-x-large-font-size\" id=\"warenhouse\">Warehouse technology\/stacking <img loading=\"lazy\" decoding=\"async\" width=\"70\" height=\"70\" class=\"wp-image-12322\" style=\"width: 70px;\" src=\"https:\/\/koernergabelstapler.de\/en\/wp-content\/uploads\/2026\/03\/arrow-circle-right-fill-1.png\" alt=\"\"><\/h2>\n\n\n\n<div style=\"height:70px\" aria-hidden=\"true\" class=\"wp-block-spacer\"><\/div>\n\n\n\n<div class=\"wp-block-columns animated fadeInRight is-layout-flex wp-container-core-columns-is-layout-9d6595d7 wp-block-columns-is-layout-flex\" style=\"font-size:16px\">\n<div class=\"wp-block-column col_hmn is-layout-flow wp-block-column-is-layout-flow\"><div class=\"wp-block-image\">\n<figure class=\"aligncenter size-full\"><img loading=\"lazy\" decoding=\"async\" width=\"1024\" height=\"768\" src=\"https:\/\/koernergabelstapler.de\/en\/wp-content\/uploads\/2026\/03\/1024x320_H7432-1.jpg\" alt=\"\" class=\"wp-image-12395\" srcset=\"https:\/\/koernergabelstapler.de\/en\/wp-content\/uploads\/2026\/03\/1024x320_H7432-1.jpg 1024w, https:\/\/koernergabelstapler.de\/en\/wp-content\/uploads\/2026\/03\/1024x320_H7432-1-300x225.jpg 300w, https:\/\/koernergabelstapler.de\/en\/wp-content\/uploads\/2026\/03\/1024x320_H7432-1-768x576.jpg 768w\" sizes=\"auto, (max-width: 1024px) 100vw, 1024px\" \/><\/figure>\n<\/div>\n\n\n<div style=\"height:20px\" aria-hidden=\"true\" class=\"wp-block-spacer\"><\/div>\n\n\n\n<h4 class=\"wp-block-heading has-text-color has-link-color wp-elements-038d2c5ab9f90424dc35a9259f13c2cc\" style=\"color:#fed03d\">H7432 &#8211; Stand on forklift<\/h4>\n\n\n\n<h3 class=\"wp-block-heading has-text-align-left has-black-color has-text-color has-link-color wp-elements-3ad7dfe216781b883e814f8901634a59\" style=\"font-size:22px\">HC (Hangcha) CDD20-AC1S<\/h3>\n\n\n\n<ul class=\"wp-block-list\">\n<li>Production year: 2014<\/li>\n\n\n\n<li>Load capacity: 2000 kg<\/li>\n\n\n\n<li>Operating hours: 0<\/li>\n\n\n\n<li>Lifting height: 2740 mm<\/li>\n\n\n\n<li>Mast type: Standard<\/li>\n<\/ul>\n\n\n\n<div style=\"height:25px\" aria-hidden=\"true\" class=\"wp-block-spacer\"><\/div>\n\n\n\n<div class=\"wp-block-buttons is-content-justification-left is-layout-flex wp-container-core-buttons-is-layout-fdcfc74e wp-block-buttons-is-layout-flex\">\n<div class=\"wp-block-button\"><a class=\"wp-block-button__link has-white-color has-text-color has-background has-link-color has-medium-font-size has-custom-font-size wp-element-button\" href=\"https:\/\/www.forklift-international.com\/extern\/detail.php?id=3412444&amp;sprachid=1&amp;wid=1\" style=\"background:linear-gradient(135deg,rgb(255,193,7) 0%,rgb(51,51,51) 86%)\" target=\"_blank\" rel=\"noreferrer noopener\">Details<\/a><\/div>\n<\/div>\n<\/div>\n\n\n\n<div class=\"wp-block-column col_hmn is-layout-flow wp-block-column-is-layout-flow\"><div class=\"wp-block-image\">\n<figure class=\"aligncenter size-full\"><img loading=\"lazy\" decoding=\"async\" width=\"1024\" height=\"768\" src=\"https:\/\/koernergabelstapler.de\/en\/wp-content\/uploads\/2026\/03\/1024x320_H7743-1.jpg\" alt=\"\" class=\"wp-image-12397\" srcset=\"https:\/\/koernergabelstapler.de\/en\/wp-content\/uploads\/2026\/03\/1024x320_H7743-1.jpg 1024w, https:\/\/koernergabelstapler.de\/en\/wp-content\/uploads\/2026\/03\/1024x320_H7743-1-300x225.jpg 300w, https:\/\/koernergabelstapler.de\/en\/wp-content\/uploads\/2026\/03\/1024x320_H7743-1-768x576.jpg 768w\" sizes=\"auto, (max-width: 1024px) 100vw, 1024px\" \/><\/figure>\n<\/div>\n\n\n<div style=\"height:20px\" aria-hidden=\"true\" class=\"wp-block-spacer\"><\/div>\n\n\n\n<h4 class=\"wp-block-heading has-text-color has-link-color wp-elements-52b87a4de03661b6ef177451ceefd56c\" style=\"color:#fed03d\">H7743 &#8211; Stand on forklift<\/h4>\n\n\n\n<h3 class=\"wp-block-heading has-text-align-left has-black-color has-text-color has-link-color wp-elements-bc3fc2fa6e316b4ae027b1260db585b4\" style=\"font-size:22px\">HC (Hangcha) CDD20-AZ3S<\/h3>\n\n\n\n<ul class=\"wp-block-list\">\n<li>Production year: 2018<\/li>\n\n\n\n<li>Load capacity: 2000 kg<\/li>\n\n\n\n<li>Operating hours: 0<\/li>\n\n\n\n<li>Lifting height: 2700 mm<\/li>\n\n\n\n<li>Mast type: Standard<\/li>\n<\/ul>\n\n\n\n<div style=\"height:25px\" aria-hidden=\"true\" class=\"wp-block-spacer\"><\/div>\n\n\n\n<div class=\"wp-block-buttons is-content-justification-left is-layout-flex wp-container-core-buttons-is-layout-fdcfc74e wp-block-buttons-is-layout-flex\">\n<div class=\"wp-block-button\"><a class=\"wp-block-button__link has-white-color has-text-color has-background has-link-color has-medium-font-size has-custom-font-size wp-element-button\" href=\"https:\/\/www.forklift-international.com\/extern\/detail.php?id=4971372&amp;sprachid=1&amp;wid=1\" style=\"background:linear-gradient(135deg,rgb(255,193,7) 0%,rgb(51,51,51) 86%)\" target=\"_blank\" rel=\"noreferrer noopener\">Details<\/a><\/div>\n<\/div>\n<\/div>\n\n\n\n<div class=\"wp-block-column col_hmn is-layout-flow wp-block-column-is-layout-flow\"><div class=\"wp-block-image\">\n<figure class=\"aligncenter size-full\"><img loading=\"lazy\" decoding=\"async\" width=\"1024\" height=\"768\" src=\"https:\/\/koernergabelstapler.de\/en\/wp-content\/uploads\/2026\/03\/1024x320_3374-2.jpg\" alt=\"\" class=\"wp-image-12401\" srcset=\"https:\/\/koernergabelstapler.de\/en\/wp-content\/uploads\/2026\/03\/1024x320_3374-2.jpg 1024w, https:\/\/koernergabelstapler.de\/en\/wp-content\/uploads\/2026\/03\/1024x320_3374-2-300x225.jpg 300w, https:\/\/koernergabelstapler.de\/en\/wp-content\/uploads\/2026\/03\/1024x320_3374-2-768x576.jpg 768w\" sizes=\"auto, (max-width: 1024px) 100vw, 1024px\" \/><\/figure>\n<\/div>\n\n\n<div style=\"height:20px\" aria-hidden=\"true\" class=\"wp-block-spacer\"><\/div>\n\n\n\n<h4 class=\"wp-block-heading has-text-color has-link-color wp-elements-eef03a649379d77a2e05a106e7890660\" style=\"color:#fed03d\">3374 &#8211; High lift pallet truck<\/h4>\n\n\n\n<h3 class=\"wp-block-heading has-text-align-left has-black-color has-text-color has-link-color wp-elements-a4c408fa4eeeaee795c8f45cfa2e1c10\" style=\"font-size:22px\">Jungheinrich EJC14<\/h3>\n\n\n\n<ul class=\"wp-block-list\">\n<li>Production year: 2002<\/li>\n\n\n\n<li>Load capacity: 1400 kg<\/li>\n\n\n\n<li>Operating hours: 2800<\/li>\n\n\n\n<li>Lifting height: 0 mm<\/li>\n\n\n\n<li>Mast type: Standard<\/li>\n<\/ul>\n\n\n\n<div style=\"height:25px\" aria-hidden=\"true\" class=\"wp-block-spacer\"><\/div>\n\n\n\n<div class=\"wp-block-buttons is-content-justification-left is-layout-flex wp-container-core-buttons-is-layout-fdcfc74e wp-block-buttons-is-layout-flex\">\n<div class=\"wp-block-button\"><a class=\"wp-block-button__link has-white-color has-text-color has-background has-link-color has-medium-font-size has-custom-font-size wp-element-button\" href=\"https:\/\/www.forklift-international.com\/extern\/detail.php?id=4306139&amp;sprachid=1&amp;wid=1\" style=\"background:linear-gradient(135deg,rgb(255,193,7) 0%,rgb(51,51,51) 86%)\" target=\"_blank\" rel=\"noreferrer noopener\">Details<\/a><\/div>\n<\/div>\n<\/div>\n<\/div>\n\n\n\n<div style=\"height:40px\" aria-hidden=\"true\" class=\"wp-block-spacer\"><\/div>\n\n\n\n<div class=\"wp-block-columns animated fadeInRight is-layout-flex wp-container-core-columns-is-layout-9d6595d7 wp-block-columns-is-layout-flex\" style=\"font-size:16px\">\n<div class=\"wp-block-column col_hmn is-layout-flow wp-block-column-is-layout-flow\"><div class=\"wp-block-image\">\n<figure class=\"aligncenter size-full\"><img loading=\"lazy\" decoding=\"async\" width=\"1024\" height=\"768\" src=\"https:\/\/koernergabelstapler.de\/en\/wp-content\/uploads\/2026\/03\/1024x320_9184-1.jpg\" alt=\"\" class=\"wp-image-12404\" srcset=\"https:\/\/koernergabelstapler.de\/en\/wp-content\/uploads\/2026\/03\/1024x320_9184-1.jpg 1024w, https:\/\/koernergabelstapler.de\/en\/wp-content\/uploads\/2026\/03\/1024x320_9184-1-300x225.jpg 300w, https:\/\/koernergabelstapler.de\/en\/wp-content\/uploads\/2026\/03\/1024x320_9184-1-768x576.jpg 768w\" sizes=\"auto, (max-width: 1024px) 100vw, 1024px\" \/><\/figure>\n<\/div>\n\n\n<div style=\"height:20px\" aria-hidden=\"true\" class=\"wp-block-spacer\"><\/div>\n\n\n\n<h4 class=\"wp-block-heading has-text-color has-link-color wp-elements-6001ec9525a8a9ca932161d047a2b226\" style=\"color:#fed03d\">9184 &#8211; High lift pallet truck<\/h4>\n\n\n\n<h3 class=\"wp-block-heading has-text-align-left has-black-color has-text-color has-link-color wp-elements-46d04b17c242563743181d6e0e0e08b0\" style=\"font-size:22px\">Jungheinrich ERC14<\/h3>\n\n\n\n<ul class=\"wp-block-list\">\n<li>Production year: 2001<\/li>\n\n\n\n<li>Load capacity: 1400 kg<\/li>\n\n\n\n<li>Operating hours: 0<\/li>\n\n\n\n<li>Lifting height: 2900 mm<\/li>\n\n\n\n<li>Mast type: Standard<\/li>\n<\/ul>\n\n\n\n<div style=\"height:25px\" aria-hidden=\"true\" class=\"wp-block-spacer\"><\/div>\n\n\n\n<div class=\"wp-block-buttons is-content-justification-left is-layout-flex wp-container-core-buttons-is-layout-fdcfc74e wp-block-buttons-is-layout-flex\">\n<div class=\"wp-block-button\"><a class=\"wp-block-button__link has-white-color has-text-color has-background has-link-color has-medium-font-size has-custom-font-size wp-element-button\" href=\"https:\/\/www.forklift-international.com\/extern\/detail.php?id=4403441&amp;sprachid=1&amp;wid=1\" style=\"background:linear-gradient(135deg,rgb(255,193,7) 0%,rgb(51,51,51) 86%)\" target=\"_blank\" rel=\"noreferrer noopener\">Details<\/a><\/div>\n<\/div>\n<\/div>\n\n\n\n<div class=\"wp-block-column col_hmn is-layout-flow wp-block-column-is-layout-flow\"><div class=\"wp-block-image\">\n<figure class=\"aligncenter size-full\"><img loading=\"lazy\" decoding=\"async\" width=\"1024\" height=\"768\" src=\"https:\/\/koernergabelstapler.de\/en\/wp-content\/uploads\/2026\/03\/1024x320_H7253.jpg\" alt=\"\" class=\"wp-image-12417\" srcset=\"https:\/\/koernergabelstapler.de\/en\/wp-content\/uploads\/2026\/03\/1024x320_H7253.jpg 1024w, https:\/\/koernergabelstapler.de\/en\/wp-content\/uploads\/2026\/03\/1024x320_H7253-300x225.jpg 300w, https:\/\/koernergabelstapler.de\/en\/wp-content\/uploads\/2026\/03\/1024x320_H7253-768x576.jpg 768w\" sizes=\"auto, (max-width: 1024px) 100vw, 1024px\" \/><\/figure>\n<\/div>\n\n\n<div style=\"height:20px\" aria-hidden=\"true\" class=\"wp-block-spacer\"><\/div>\n\n\n\n<h4 class=\"wp-block-heading has-text-color has-link-color wp-elements-aeebed04c02b702355caa262def6b65f\" style=\"color:#fed03d\">H7253 &#8211; High lift pallet truck<\/h4>\n\n\n\n<h3 class=\"wp-block-heading has-text-align-left has-black-color has-text-color has-link-color wp-elements-940a9d9aded1a65e2d8abf41d6ac9f6b\" style=\"font-size:22px\">OMG 715 BMK<\/h3>\n\n\n\n<ul class=\"wp-block-list\">\n<li>Production year: 1996<\/li>\n\n\n\n<li>Load capacity: 1500 kg<\/li>\n\n\n\n<li>Operating hours: 0<\/li>\n\n\n\n<li>Lifting height: 4200 mm<\/li>\n\n\n\n<li>Mast type: Triplex<\/li>\n<\/ul>\n\n\n\n<div style=\"height:25px\" aria-hidden=\"true\" class=\"wp-block-spacer\"><\/div>\n\n\n\n<div class=\"wp-block-buttons is-content-justification-left is-layout-flex wp-container-core-buttons-is-layout-fdcfc74e wp-block-buttons-is-layout-flex\">\n<div class=\"wp-block-button\"><a class=\"wp-block-button__link has-white-color has-text-color has-background has-link-color has-medium-font-size has-custom-font-size wp-element-button\" href=\"https:\/\/www.forklift-international.com\/extern\/detail.php?id=2862559&amp;sprachid=1&amp;wid=1\" style=\"background:linear-gradient(135deg,rgb(255,193,7) 0%,rgb(51,51,51) 86%)\" target=\"_blank\" rel=\"noreferrer noopener\">Details<\/a><\/div>\n<\/div>\n<\/div>\n\n\n\n<div class=\"wp-block-column col_hmn is-layout-flow wp-block-column-is-layout-flow\"><div class=\"wp-block-image\">\n<figure class=\"aligncenter size-full\"><img loading=\"lazy\" decoding=\"async\" width=\"1024\" height=\"768\" src=\"https:\/\/koernergabelstapler.de\/en\/wp-content\/uploads\/2026\/03\/1024x320_H7433-2.jpg\" alt=\"\" class=\"wp-image-12418\" srcset=\"https:\/\/koernergabelstapler.de\/en\/wp-content\/uploads\/2026\/03\/1024x320_H7433-2.jpg 1024w, https:\/\/koernergabelstapler.de\/en\/wp-content\/uploads\/2026\/03\/1024x320_H7433-2-300x225.jpg 300w, https:\/\/koernergabelstapler.de\/en\/wp-content\/uploads\/2026\/03\/1024x320_H7433-2-768x576.jpg 768w\" sizes=\"auto, (max-width: 1024px) 100vw, 1024px\" \/><\/figure>\n<\/div>\n\n\n<div style=\"height:20px\" aria-hidden=\"true\" class=\"wp-block-spacer\"><\/div>\n\n\n\n<h4 class=\"wp-block-heading has-text-color has-link-color wp-elements-9c957c3e756fb4157e9e1c711fa206b8\" style=\"color:#fed03d\">H7433 &#8211; High lift pallet truck<\/h4>\n\n\n\n<h3 class=\"wp-block-heading has-text-align-left has-black-color has-text-color has-link-color wp-elements-c9ae357a0c09225428670cd18bc40242\" style=\"font-size:22px\">Still EGV14i<\/h3>\n\n\n\n<ul class=\"wp-block-list\">\n<li>Production year: 2007<\/li>\n\n\n\n<li>Load capacity: 1400 kg<\/li>\n\n\n\n<li>Operating hours: 0<\/li>\n\n\n\n<li>Lifting height: 2344 mm<\/li>\n\n\n\n<li>Mast type: Standard<\/li>\n<\/ul>\n\n\n\n<div style=\"height:25px\" aria-hidden=\"true\" class=\"wp-block-spacer\"><\/div>\n\n\n\n<div class=\"wp-block-buttons is-content-justification-left is-layout-flex wp-container-core-buttons-is-layout-fdcfc74e wp-block-buttons-is-layout-flex\">\n<div class=\"wp-block-button\"><a class=\"wp-block-button__link has-white-color has-text-color has-background has-link-color has-medium-font-size has-custom-font-size wp-element-button\" href=\"https:\/\/www.forklift-international.com\/extern\/detail.php?id=4018353&amp;sprachid=1&amp;wid=1\" style=\"background:linear-gradient(135deg,rgb(255,193,7) 0%,rgb(51,51,51) 86%)\" target=\"_blank\" rel=\"noreferrer noopener\">Details<\/a><\/div>\n<\/div>\n<\/div>\n<\/div>\n\n\n\n<div style=\"height:150px\" aria-hidden=\"true\" class=\"wp-block-spacer\"><\/div>\n\n\n\n<h2 class=\"wp-block-heading has-x-large-font-size\" id=\"attachments\">Attachments <img loading=\"lazy\" decoding=\"async\" width=\"70\" height=\"70\" class=\"wp-image-12322\" style=\"width: 70px;\" src=\"https:\/\/koernergabelstapler.de\/en\/wp-content\/uploads\/2026\/03\/arrow-circle-right-fill-1.png\" alt=\"\"><\/h2>\n\n\n\n<div style=\"height:70px\" aria-hidden=\"true\" class=\"wp-block-spacer\"><\/div>\n\n\n\n<div class=\"wp-block-columns animated fadeInRight is-layout-flex wp-container-core-columns-is-layout-9d6595d7 wp-block-columns-is-layout-flex\" style=\"font-size:16px\">\n<div class=\"wp-block-column col_hmn is-layout-flow wp-block-column-is-layout-flow\"><div class=\"wp-block-image\">\n<figure class=\"aligncenter size-full\"><img loading=\"lazy\" decoding=\"async\" width=\"1024\" height=\"768\" src=\"https:\/\/koernergabelstapler.de\/en\/wp-content\/uploads\/2026\/03\/a1024x320_A6970-1.jpg\" alt=\"\" class=\"wp-image-12497\" srcset=\"https:\/\/koernergabelstapler.de\/en\/wp-content\/uploads\/2026\/03\/a1024x320_A6970-1.jpg 1024w, https:\/\/koernergabelstapler.de\/en\/wp-content\/uploads\/2026\/03\/a1024x320_A6970-1-300x225.jpg 300w, https:\/\/koernergabelstapler.de\/en\/wp-content\/uploads\/2026\/03\/a1024x320_A6970-1-768x576.jpg 768w\" sizes=\"auto, (max-width: 1024px) 100vw, 1024px\" \/><\/figure>\n<\/div>\n\n\n<div style=\"height:20px\" aria-hidden=\"true\" class=\"wp-block-spacer\"><\/div>\n\n\n\n<h4 class=\"wp-block-heading has-text-color has-link-color wp-elements-acd855cb427247193a56cc17be2782ea\" style=\"color:#fed03d\">A6970 &#8211; Fork positioner<\/h4>\n\n\n\n<h3 class=\"wp-block-heading has-text-align-left has-black-color has-text-color has-link-color wp-elements-ad3bac50a1cc55b8adea66cb96e79353\" style=\"font-size:22px\">Bolzoni EX3511B<\/h3>\n\n\n\n<ul class=\"wp-block-list\">\n<li>Production year: 1998<\/li>\n\n\n\n<li>Load capacity: 3500 kg<\/li>\n<\/ul>\n\n\n\n<div style=\"height:50px\" aria-hidden=\"true\" class=\"wp-block-spacer\"><\/div>\n\n\n\n<div class=\"wp-block-buttons is-content-justification-left is-layout-flex wp-container-core-buttons-is-layout-fdcfc74e wp-block-buttons-is-layout-flex\">\n<div class=\"wp-block-button\"><a class=\"wp-block-button__link has-white-color has-text-color has-background has-link-color has-medium-font-size has-custom-font-size wp-element-button\" href=\"https:\/\/www.forklift-international.com\/extern\/detailabg.php?id=309171&amp;sprachid=1&amp;wid=1\" style=\"background:linear-gradient(135deg,rgb(255,193,7) 0%,rgb(51,51,51) 86%)\" target=\"_blank\" rel=\"noreferrer noopener\">Details<\/a><\/div>\n<\/div>\n<\/div>\n\n\n\n<div class=\"wp-block-column col_hmn is-layout-flow wp-block-column-is-layout-flow\"><div class=\"wp-block-image\">\n<figure class=\"aligncenter size-full\"><img loading=\"lazy\" decoding=\"async\" width=\"1024\" height=\"768\" src=\"https:\/\/koernergabelstapler.de\/en\/wp-content\/uploads\/2026\/03\/a1024x320_A7027-11426775148.7535.jpg\" alt=\"\" class=\"wp-image-12498\" srcset=\"https:\/\/koernergabelstapler.de\/en\/wp-content\/uploads\/2026\/03\/a1024x320_A7027-11426775148.7535.jpg 1024w, https:\/\/koernergabelstapler.de\/en\/wp-content\/uploads\/2026\/03\/a1024x320_A7027-11426775148.7535-300x225.jpg 300w, https:\/\/koernergabelstapler.de\/en\/wp-content\/uploads\/2026\/03\/a1024x320_A7027-11426775148.7535-768x576.jpg 768w\" sizes=\"auto, (max-width: 1024px) 100vw, 1024px\" \/><\/figure>\n<\/div>\n\n\n<div style=\"height:20px\" aria-hidden=\"true\" class=\"wp-block-spacer\"><\/div>\n\n\n\n<h4 class=\"wp-block-heading has-text-color has-link-color wp-elements-92ab68f26680543c90715271b79d65ae\" style=\"color:#fed03d\">A7027 &#8211; Fork positioner with sideshift<\/h4>\n\n\n\n<h3 class=\"wp-block-heading has-text-align-left has-black-color has-text-color has-link-color wp-elements-70d256f499ef860c201edacb1591a156\" style=\"font-size:22px\">Cascade 100F-FPS-693<\/h3>\n\n\n\n<ul class=\"wp-block-list\">\n<li>Production year: 1999<\/li>\n\n\n\n<li>Load capacity: 2500 kg<\/li>\n<\/ul>\n\n\n\n<div style=\"height:25px\" aria-hidden=\"true\" class=\"wp-block-spacer\"><\/div>\n\n\n\n<div class=\"wp-block-buttons is-content-justification-left is-layout-flex wp-container-core-buttons-is-layout-fdcfc74e wp-block-buttons-is-layout-flex\">\n<div class=\"wp-block-button\"><a class=\"wp-block-button__link has-white-color has-text-color has-background has-link-color has-medium-font-size has-custom-font-size wp-element-button\" href=\"https:\/\/www.forklift-international.com\/extern\/detailabg.php?id=309170&amp;sprachid=1&amp;wid=1\" style=\"background:linear-gradient(135deg,rgb(255,193,7) 0%,rgb(51,51,51) 86%)\" target=\"_blank\" rel=\"noreferrer noopener\">Details<\/a><\/div>\n<\/div>\n<\/div>\n\n\n\n<div class=\"wp-block-column col_hmn is-layout-flow wp-block-column-is-layout-flow\"><div class=\"wp-block-image\">\n<figure class=\"aligncenter size-full\"><img loading=\"lazy\" decoding=\"async\" width=\"1024\" height=\"768\" src=\"https:\/\/koernergabelstapler.de\/en\/wp-content\/uploads\/2026\/03\/a1024x320_A7025-11426773427.2914.jpg\" alt=\"\" class=\"wp-image-12499\" srcset=\"https:\/\/koernergabelstapler.de\/en\/wp-content\/uploads\/2026\/03\/a1024x320_A7025-11426773427.2914.jpg 1024w, https:\/\/koernergabelstapler.de\/en\/wp-content\/uploads\/2026\/03\/a1024x320_A7025-11426773427.2914-300x225.jpg 300w, https:\/\/koernergabelstapler.de\/en\/wp-content\/uploads\/2026\/03\/a1024x320_A7025-11426773427.2914-768x576.jpg 768w\" sizes=\"auto, (max-width: 1024px) 100vw, 1024px\" \/><\/figure>\n<\/div>\n\n\n<div style=\"height:20px\" aria-hidden=\"true\" class=\"wp-block-spacer\"><\/div>\n\n\n\n<h4 class=\"wp-block-heading has-text-color has-link-color wp-elements-339679ad70c6260a185ffb4a814824e0\" style=\"color:#fed03d\">A7025 &#8211; Double pallet fork<\/h4>\n\n\n\n<h3 class=\"wp-block-heading has-text-align-left has-black-color has-text-color has-link-color wp-elements-83333af9a778a8d2271a7e81cff6a453\" style=\"font-size:22px\">Cascade 55E-FDQ501<\/h3>\n\n\n\n<ul class=\"wp-block-list\">\n<li>Production year: 1997<\/li>\n\n\n\n<li>Load capacity: 2500 kg<\/li>\n<\/ul>\n\n\n\n<div style=\"height:50px\" aria-hidden=\"true\" class=\"wp-block-spacer\"><\/div>\n\n\n\n<div class=\"wp-block-buttons is-content-justification-left is-layout-flex wp-container-core-buttons-is-layout-fdcfc74e wp-block-buttons-is-layout-flex\">\n<div class=\"wp-block-button\"><a class=\"wp-block-button__link has-white-color has-text-color has-background has-link-color has-medium-font-size has-custom-font-size wp-element-button\" href=\"https:\/\/www.forklift-international.com\/extern\/detailabg.php?id=309168&amp;sprachid=1&amp;wid=1\" style=\"background:linear-gradient(135deg,rgb(255,193,7) 0%,rgb(51,51,51) 86%)\" target=\"_blank\" rel=\"noreferrer noopener\">Details<\/a><\/div>\n<\/div>\n<\/div>\n<\/div>\n\n\n\n<div style=\"height:40px\" aria-hidden=\"true\" class=\"wp-block-spacer\"><\/div>\n\n\n\n<div class=\"wp-block-columns animated fadeInRight is-layout-flex wp-container-core-columns-is-layout-9d6595d7 wp-block-columns-is-layout-flex\" style=\"font-size:16px\">\n<div class=\"wp-block-column col_hmn is-layout-flow wp-block-column-is-layout-flow\"><div class=\"wp-block-image\">\n<figure class=\"aligncenter size-full\"><img loading=\"lazy\" decoding=\"async\" width=\"1024\" height=\"768\" src=\"https:\/\/koernergabelstapler.de\/en\/wp-content\/uploads\/2026\/03\/a1024x320_A7038-2.jpg\" alt=\"\" class=\"wp-image-12504\" srcset=\"https:\/\/koernergabelstapler.de\/en\/wp-content\/uploads\/2026\/03\/a1024x320_A7038-2.jpg 1024w, https:\/\/koernergabelstapler.de\/en\/wp-content\/uploads\/2026\/03\/a1024x320_A7038-2-300x225.jpg 300w, https:\/\/koernergabelstapler.de\/en\/wp-content\/uploads\/2026\/03\/a1024x320_A7038-2-768x576.jpg 768w\" sizes=\"auto, (max-width: 1024px) 100vw, 1024px\" \/><\/figure>\n<\/div>\n\n\n<div style=\"height:20px\" aria-hidden=\"true\" class=\"wp-block-spacer\"><\/div>\n\n\n\n<h4 class=\"wp-block-heading has-text-color has-link-color wp-elements-a7a3458eb65fabd37c1a9a79017859a6\" style=\"color:#fed03d\">A7038- Rotator<\/h4>\n\n\n\n<h3 class=\"wp-block-heading has-text-align-left has-black-color has-text-color has-link-color wp-elements-a3e92619f0c95384a7ff5f8b4e65df24\" style=\"font-size:22px\">Durwen DG45S<\/h3>\n\n\n\n<ul class=\"wp-block-list\">\n<li>Production year: 2011<\/li>\n\n\n\n<li>Load capacity: 5000 kg<\/li>\n<\/ul>\n\n\n\n<div style=\"height:50px\" aria-hidden=\"true\" class=\"wp-block-spacer\"><\/div>\n\n\n\n<div class=\"wp-block-buttons is-content-justification-left is-layout-flex wp-container-core-buttons-is-layout-fdcfc74e wp-block-buttons-is-layout-flex\">\n<div class=\"wp-block-button\"><a class=\"wp-block-button__link has-white-color has-text-color has-background has-link-color has-medium-font-size has-custom-font-size wp-element-button\" href=\"https:\/\/www.forklift-international.com\/extern\/detailabg.php?id=326972&amp;sprachid=1&amp;wid=1\" style=\"background:linear-gradient(135deg,rgb(255,193,7) 0%,rgb(51,51,51) 86%)\" target=\"_blank\" rel=\"noreferrer noopener\">Details<\/a><\/div>\n<\/div>\n<\/div>\n\n\n\n<div class=\"wp-block-column col_hmn is-layout-flow wp-block-column-is-layout-flow\"><div class=\"wp-block-image\">\n<figure class=\"aligncenter size-full is-resized\"><img loading=\"lazy\" decoding=\"async\" width=\"1024\" height=\"498\" src=\"https:\/\/koernergabelstapler.de\/en\/wp-content\/uploads\/2026\/03\/a1024x320_A7036-2.jpg\" alt=\"\" class=\"wp-image-12505\" style=\"object-fit:cover;width:308px;height:231px\" srcset=\"https:\/\/koernergabelstapler.de\/en\/wp-content\/uploads\/2026\/03\/a1024x320_A7036-2.jpg 1024w, https:\/\/koernergabelstapler.de\/en\/wp-content\/uploads\/2026\/03\/a1024x320_A7036-2-300x146.jpg 300w, https:\/\/koernergabelstapler.de\/en\/wp-content\/uploads\/2026\/03\/a1024x320_A7036-2-768x374.jpg 768w\" sizes=\"auto, (max-width: 1024px) 100vw, 1024px\" \/><\/figure>\n<\/div>\n\n\n<div style=\"height:20px\" aria-hidden=\"true\" class=\"wp-block-spacer\"><\/div>\n\n\n\n<h4 class=\"wp-block-heading has-text-color has-link-color wp-elements-4c85d1f607e3471f463b3d63e9cf75ac\" style=\"color:#fed03d\">A7036 &#8211; Fork positioner with sideshift<\/h4>\n\n\n\n<h3 class=\"wp-block-heading has-text-align-left has-black-color has-text-color has-link-color wp-elements-7e9be5e4ee4b00630f25d9ee14b7c2f6\" style=\"font-size:22px\">Kaup 1,5T466Z<\/h3>\n\n\n\n<ul class=\"wp-block-list\">\n<li>Production year: 2010<\/li>\n\n\n\n<li>Load capacity: 1600 kg<\/li>\n<\/ul>\n\n\n\n<div style=\"height:25px\" aria-hidden=\"true\" class=\"wp-block-spacer\"><\/div>\n\n\n\n<div class=\"wp-block-buttons is-content-justification-left is-layout-flex wp-container-core-buttons-is-layout-fdcfc74e wp-block-buttons-is-layout-flex\">\n<div class=\"wp-block-button\"><a class=\"wp-block-button__link has-white-color has-text-color has-background has-link-color has-medium-font-size has-custom-font-size wp-element-button\" href=\"https:\/\/www.forklift-international.com\/extern\/detailabg.php?id=320154&amp;sprachid=1&amp;wid=1\" style=\"background:linear-gradient(135deg,rgb(255,193,7) 0%,rgb(51,51,51) 86%)\" target=\"_blank\" rel=\"noreferrer noopener\">Details<\/a><\/div>\n<\/div>\n<\/div>\n\n\n\n<div class=\"wp-block-column col_hmn is-layout-flow wp-block-column-is-layout-flow\"><div class=\"wp-block-image\">\n<figure class=\"aligncenter size-full is-resized\"><img loading=\"lazy\" decoding=\"async\" width=\"374\" height=\"770\" src=\"https:\/\/koernergabelstapler.de\/en\/wp-content\/uploads\/2026\/03\/a1024x320_A7031-1.jpg\" alt=\"\" class=\"wp-image-12506\" style=\"width:auto;height:231px\" srcset=\"https:\/\/koernergabelstapler.de\/en\/wp-content\/uploads\/2026\/03\/a1024x320_A7031-1.jpg 374w, https:\/\/koernergabelstapler.de\/en\/wp-content\/uploads\/2026\/03\/a1024x320_A7031-1-146x300.jpg 146w\" sizes=\"auto, (max-width: 374px) 100vw, 374px\" \/><\/figure>\n<\/div>\n\n\n<div style=\"height:20px\" aria-hidden=\"true\" class=\"wp-block-spacer\"><\/div>\n\n\n\n<h4 class=\"wp-block-heading has-text-color has-link-color wp-elements-bf7047a6665a74de0d44f9a9119e6962\" style=\"color:#fed03d\">A7031 &#8211; Fork positioner with sideshift<\/h4>\n\n\n\n<h3 class=\"wp-block-heading has-text-align-left has-black-color has-text-color has-link-color wp-elements-d1610f73bbb3879dd21b792e913b25a9\" style=\"font-size:22px\">Kaup 2T160<\/h3>\n\n\n\n<ul class=\"wp-block-list\">\n<li>Production year: 2010<\/li>\n\n\n\n<li>Load capacity: 2300 kg<\/li>\n<\/ul>\n\n\n\n<div style=\"height:25px\" aria-hidden=\"true\" class=\"wp-block-spacer\"><\/div>\n\n\n\n<div class=\"wp-block-buttons is-content-justification-left is-layout-flex wp-container-core-buttons-is-layout-fdcfc74e wp-block-buttons-is-layout-flex\">\n<div class=\"wp-block-button\"><a class=\"wp-block-button__link has-white-color has-text-color has-background has-link-color has-medium-font-size has-custom-font-size wp-element-button\" href=\"https:\/\/www.forklift-international.com\/extern\/detailabg.php?id=320149&amp;sprachid=1&amp;wid=1\" style=\"background:linear-gradient(135deg,rgb(255,193,7) 0%,rgb(51,51,51) 86%)\" target=\"_blank\" rel=\"noreferrer noopener\">Details<\/a><\/div>\n<\/div>\n<\/div>\n<\/div>\n\n\n\n<div style=\"height:40px\" aria-hidden=\"true\" class=\"wp-block-spacer\"><\/div>\n\n\n\n<div class=\"wp-block-columns animated fadeInRight is-layout-flex wp-container-core-columns-is-layout-9d6595d7 wp-block-columns-is-layout-flex\" style=\"font-size:16px\">\n<div class=\"wp-block-column col_hmn is-layout-flow wp-block-column-is-layout-flow\" style=\"flex-basis:32%\"><div class=\"wp-block-image\">\n<figure class=\"aligncenter size-full\"><img loading=\"lazy\" decoding=\"async\" width=\"1024\" height=\"768\" src=\"https:\/\/koernergabelstapler.de\/en\/wp-content\/uploads\/2026\/03\/a1024x320_A7010-11383746193.9422.jpg\" alt=\"\" class=\"wp-image-12512\" srcset=\"https:\/\/koernergabelstapler.de\/en\/wp-content\/uploads\/2026\/03\/a1024x320_A7010-11383746193.9422.jpg 1024w, https:\/\/koernergabelstapler.de\/en\/wp-content\/uploads\/2026\/03\/a1024x320_A7010-11383746193.9422-300x225.jpg 300w, https:\/\/koernergabelstapler.de\/en\/wp-content\/uploads\/2026\/03\/a1024x320_A7010-11383746193.9422-768x576.jpg 768w\" sizes=\"auto, (max-width: 1024px) 100vw, 1024px\" \/><\/figure>\n<\/div>\n\n\n<div style=\"height:20px\" aria-hidden=\"true\" class=\"wp-block-spacer\"><\/div>\n\n\n\n<h4 class=\"wp-block-heading has-text-color has-link-color wp-elements-514920f3498a8d3c71f224ef4e15f6e2\" style=\"color:#fed03d\">A7010 &#8211; Paper roll clamp 360\u00b0 rotatable<\/h4>\n\n\n\n<h3 class=\"wp-block-heading has-text-align-left has-black-color has-text-color has-link-color wp-elements-f2e066c12cfea17ac4fc7818d34a3dc9\" style=\"font-size:22px\">Meyer 5-2201<\/h3>\n\n\n\n<ul class=\"wp-block-list\">\n<li>Production year: 1989<\/li>\n\n\n\n<li>Load capacity: 600 kg<\/li>\n<\/ul>\n\n\n\n<div style=\"height:25px\" aria-hidden=\"true\" class=\"wp-block-spacer\"><\/div>\n\n\n\n<div class=\"wp-block-buttons is-content-justification-left is-layout-flex wp-container-core-buttons-is-layout-fdcfc74e wp-block-buttons-is-layout-flex\">\n<div class=\"wp-block-button\"><a class=\"wp-block-button__link has-white-color has-text-color has-background has-link-color has-medium-font-size has-custom-font-size wp-element-button\" href=\"https:\/\/www.forklift-international.com\/extern\/detailabg.php?id=118654&amp;sprachid=1&amp;wid=1\" style=\"background:linear-gradient(135deg,rgb(255,193,7) 0%,rgb(51,51,51) 86%)\" target=\"_blank\" rel=\"noreferrer noopener\">Details<\/a><\/div>\n<\/div>\n<\/div>\n\n\n\n<div class=\"wp-block-column col_hmn is-layout-flow wp-block-column-is-layout-flow\" style=\"flex-basis:32%\"><div class=\"wp-block-image\">\n<figure class=\"aligncenter size-full\"><img loading=\"lazy\" decoding=\"async\" width=\"1024\" height=\"768\" src=\"https:\/\/koernergabelstapler.de\/en\/wp-content\/uploads\/2026\/03\/a1024x320_A7026-11426774623.0068.jpg\" alt=\"\" class=\"wp-image-12513\" style=\"object-fit:cover\" srcset=\"https:\/\/koernergabelstapler.de\/en\/wp-content\/uploads\/2026\/03\/a1024x320_A7026-11426774623.0068.jpg 1024w, https:\/\/koernergabelstapler.de\/en\/wp-content\/uploads\/2026\/03\/a1024x320_A7026-11426774623.0068-300x225.jpg 300w, https:\/\/koernergabelstapler.de\/en\/wp-content\/uploads\/2026\/03\/a1024x320_A7026-11426774623.0068-768x576.jpg 768w\" sizes=\"auto, (max-width: 1024px) 100vw, 1024px\" \/><\/figure>\n<\/div>\n\n\n<div style=\"height:20px\" aria-hidden=\"true\" class=\"wp-block-spacer\"><\/div>\n\n\n\n<h4 class=\"wp-block-heading has-text-color has-link-color wp-elements-803ab5e42b274af8bceab7a4a0658ef3\" style=\"color:#fed03d\">A7026 &#8211; Clamp fork<\/h4>\n\n\n\n<h3 class=\"wp-block-heading has-text-align-left has-black-color has-text-color has-link-color wp-elements-d5a4bd42764b76da3deec7e7cb65196b\" style=\"font-size:22px\">Meyer 6-0103K<\/h3>\n\n\n\n<ul class=\"wp-block-list\">\n<li>Production year: 2005<\/li>\n\n\n\n<li>Load capacity: 1600 kg<\/li>\n<\/ul>\n\n\n\n<div style=\"height:50px\" aria-hidden=\"true\" class=\"wp-block-spacer\"><\/div>\n\n\n\n<div class=\"wp-block-buttons is-content-justification-left is-layout-flex wp-container-core-buttons-is-layout-fdcfc74e wp-block-buttons-is-layout-flex\">\n<div class=\"wp-block-button\"><a class=\"wp-block-button__link has-white-color has-text-color has-background has-link-color has-medium-font-size has-custom-font-size wp-element-button\" href=\"https:\/\/www.forklift-international.com\/extern\/detailabg.php?id=309169&amp;sprachid=1&amp;wid=1\" style=\"background:linear-gradient(135deg,rgb(255,193,7) 0%,rgb(51,51,51) 86%)\" target=\"_blank\" rel=\"noreferrer noopener\">Details<\/a><\/div>\n<\/div>\n<\/div>\n\n\n\n<div class=\"wp-block-column is-layout-flow wp-block-column-is-layout-flow\"><\/div>\n<\/div>\n\n\n\n<div style=\"height:150px\" aria-hidden=\"true\" class=\"wp-block-spacer\"><\/div>\n\n\n\n<h2 class=\"wp-block-heading has-x-large-font-size\" id=\"aerial-work\">Aerial work platforms <img loading=\"lazy\" decoding=\"async\" width=\"70\" height=\"70\" class=\"wp-image-12322\" style=\"width: 70px;\" src=\"https:\/\/koernergabelstapler.de\/en\/wp-content\/uploads\/2026\/03\/arrow-circle-right-fill-1.png\" alt=\"\"><\/h2>\n\n\n\n<div style=\"height:70px\" aria-hidden=\"true\" class=\"wp-block-spacer\"><\/div>\n\n\n\n<div class=\"wp-block-columns animated fadeInRight is-layout-flex wp-container-core-columns-is-layout-9d6595d7 wp-block-columns-is-layout-flex\" style=\"font-size:16px\">\n<div class=\"wp-block-column col_hmn is-layout-flow wp-block-column-is-layout-flow\"><div class=\"wp-block-image\">\n<figure class=\"aligncenter size-full is-resized\"><img loading=\"lazy\" decoding=\"async\" width=\"578\" height=\"770\" src=\"https:\/\/koernergabelstapler.de\/en\/wp-content\/uploads\/2026\/03\/b1024x320_B7644-1.jpg\" alt=\"\" class=\"wp-image-12517\" style=\"width:auto;height:208px\" srcset=\"https:\/\/koernergabelstapler.de\/en\/wp-content\/uploads\/2026\/03\/b1024x320_B7644-1.jpg 578w, https:\/\/koernergabelstapler.de\/en\/wp-content\/uploads\/2026\/03\/b1024x320_B7644-1-225x300.jpg 225w\" sizes=\"auto, (max-width: 578px) 100vw, 578px\" \/><\/figure>\n<\/div>\n\n\n<div style=\"height:20px\" aria-hidden=\"true\" class=\"wp-block-spacer\"><\/div>\n\n\n\n<h4 class=\"wp-block-heading has-text-color has-link-color wp-elements-b3a7cb3c0c9558964f625bf0a87d10bd\" style=\"color:#fed03d\">B7644 &#8211; Scissor lift<\/h4>\n\n\n\n<h3 class=\"wp-block-heading has-text-align-left has-black-color has-text-color has-link-color wp-elements-bdef003a583fc5bdd79a04549ce9608e\" style=\"font-size:22px\">German Standardlift S111E164X4P<\/h3>\n\n\n\n<ul class=\"wp-block-list\">\n<li>Drive type: Electric<\/li>\n\n\n\n<li>Production year: 1999<\/li>\n\n\n\n<li>Working height: 13350 kg<\/li>\n<\/ul>\n\n\n\n<div style=\"height:25px\" aria-hidden=\"true\" class=\"wp-block-spacer\"><\/div>\n\n\n\n<div class=\"wp-block-buttons is-content-justification-left is-layout-flex wp-container-core-buttons-is-layout-fdcfc74e wp-block-buttons-is-layout-flex\">\n<div class=\"wp-block-button\"><a class=\"wp-block-button__link has-white-color has-text-color has-background has-link-color has-medium-font-size has-custom-font-size wp-element-button\" href=\"https:\/\/www.forklift-international.com\/extern\/detailbuehne.php?id=50678&amp;sprachid=1&amp;wid=1\" style=\"background:linear-gradient(135deg,rgb(255,193,7) 0%,rgb(51,51,51) 86%)\" target=\"_blank\" rel=\"noreferrer noopener\">Details<\/a><\/div>\n<\/div>\n<\/div>\n\n\n\n<div class=\"wp-block-column col_hmn is-layout-flow wp-block-column-is-layout-flow\"><div class=\"wp-block-image\">\n<figure class=\"aligncenter size-full\"><img loading=\"lazy\" decoding=\"async\" width=\"1024\" height=\"766\" src=\"https:\/\/koernergabelstapler.de\/en\/wp-content\/uploads\/2026\/03\/b1024x320_B7635-1.jpg\" alt=\"\" class=\"wp-image-12518\" srcset=\"https:\/\/koernergabelstapler.de\/en\/wp-content\/uploads\/2026\/03\/b1024x320_B7635-1.jpg 1024w, https:\/\/koernergabelstapler.de\/en\/wp-content\/uploads\/2026\/03\/b1024x320_B7635-1-300x224.jpg 300w, https:\/\/koernergabelstapler.de\/en\/wp-content\/uploads\/2026\/03\/b1024x320_B7635-1-768x575.jpg 768w\" sizes=\"auto, (max-width: 1024px) 100vw, 1024px\" \/><\/figure>\n<\/div>\n\n\n<div style=\"height:20px\" aria-hidden=\"true\" class=\"wp-block-spacer\"><\/div>\n\n\n\n<h4 class=\"wp-block-heading has-text-color has-link-color wp-elements-82f6a03e30521f657274baca41039d65\" style=\"color:#fed03d\">B7635 &#8211; Scissor lift<\/h4>\n\n\n\n<h3 class=\"wp-block-heading has-text-align-left has-black-color has-text-color has-link-color wp-elements-7c45f19df53830a59889ae263394a2c0\" style=\"font-size:22px\">Snorkel S3215E<\/h3>\n\n\n\n<ul class=\"wp-block-list\">\n<li>Drive type: Electric<\/li>\n\n\n\n<li>Production year: 2019<\/li>\n\n\n\n<li>Working height: 6500 kg<\/li>\n<\/ul>\n\n\n\n<div style=\"height:25px\" aria-hidden=\"true\" class=\"wp-block-spacer\"><\/div>\n\n\n\n<div class=\"wp-block-buttons is-content-justification-left is-layout-flex wp-container-core-buttons-is-layout-fdcfc74e wp-block-buttons-is-layout-flex\">\n<div class=\"wp-block-button\"><a class=\"wp-block-button__link has-white-color has-text-color has-background has-link-color has-medium-font-size has-custom-font-size wp-element-button\" href=\"https:\/\/www.forklift-international.com\/extern\/detailbuehne.php?id=47159&amp;sprachid=1&amp;wid=1\" style=\"background:linear-gradient(135deg,rgb(255,193,7) 0%,rgb(51,51,51) 86%)\" target=\"_blank\" rel=\"noreferrer noopener\">Details<\/a><\/div>\n<\/div>\n<\/div>\n\n\n\n<div class=\"wp-block-column col_hmn is-layout-flow wp-block-column-is-layout-flow\"><div class=\"wp-block-image\">\n<figure class=\"aligncenter size-full\"><img loading=\"lazy\" decoding=\"async\" width=\"1024\" height=\"768\" src=\"https:\/\/koernergabelstapler.de\/en\/wp-content\/uploads\/2026\/03\/b1024x320_B7508-1.jpg\" alt=\"\" class=\"wp-image-12519\" srcset=\"https:\/\/koernergabelstapler.de\/en\/wp-content\/uploads\/2026\/03\/b1024x320_B7508-1.jpg 1024w, https:\/\/koernergabelstapler.de\/en\/wp-content\/uploads\/2026\/03\/b1024x320_B7508-1-300x225.jpg 300w, https:\/\/koernergabelstapler.de\/en\/wp-content\/uploads\/2026\/03\/b1024x320_B7508-1-768x576.jpg 768w\" sizes=\"auto, (max-width: 1024px) 100vw, 1024px\" \/><\/figure>\n<\/div>\n\n\n<div style=\"height:20px\" aria-hidden=\"true\" class=\"wp-block-spacer\"><\/div>\n\n\n\n<h4 class=\"wp-block-heading has-text-color has-link-color wp-elements-4b76f6b22c5b471c7e051161c7c6ed62\" style=\"color:#fed03d\">B7508 &#8211; Scissor lift<\/h4>\n\n\n\n<h3 class=\"wp-block-heading has-text-align-left has-black-color has-text-color has-link-color wp-elements-052c405d0c360442310ddb4ef6f7d2ba\" style=\"font-size:22px\">Upright LX41E<\/h3>\n\n\n\n<ul class=\"wp-block-list\">\n<li>Drive type: Electric<\/li>\n\n\n\n<li>Production year: 2001<\/li>\n\n\n\n<li>Working height: 14100 kg<\/li>\n<\/ul>\n\n\n\n<div style=\"height:50px\" aria-hidden=\"true\" class=\"wp-block-spacer\"><\/div>\n\n\n\n<div class=\"wp-block-buttons is-content-justification-left is-layout-flex wp-container-core-buttons-is-layout-fdcfc74e wp-block-buttons-is-layout-flex\">\n<div class=\"wp-block-button\"><a class=\"wp-block-button__link has-white-color has-text-color has-background has-link-color has-medium-font-size has-custom-font-size wp-element-button\" href=\"https:\/\/www.forklift-international.com\/extern\/detailbuehne.php?id=96318&amp;sprachid=1&amp;wid=1\" style=\"background:linear-gradient(135deg,rgb(255,193,7) 0%,rgb(51,51,51) 86%)\" target=\"_blank\" rel=\"noreferrer noopener\">Details<\/a><\/div>\n<\/div>\n<\/div>\n<\/div>\n\n\n\n<div style=\"height:150px\" aria-hidden=\"true\" class=\"wp-block-spacer\"><\/div>\n\n\n\n<h2 class=\"wp-block-heading has-x-large-font-size\" id=\"cleaning-technology\">Cleaning technology<img loading=\"lazy\" decoding=\"async\" width=\"70\" height=\"70\" class=\"wp-image-12322\" style=\"width: 70px;\" src=\"https:\/\/koernergabelstapler.de\/en\/wp-content\/uploads\/2026\/03\/arrow-circle-right-fill-1.png\" alt=\"\"><\/h2>\n\n\n\n<div style=\"height:70px\" aria-hidden=\"true\" class=\"wp-block-spacer\"><\/div>\n\n\n\n<div class=\"wp-block-columns animated fadeInRight is-layout-flex wp-container-core-columns-is-layout-9d6595d7 wp-block-columns-is-layout-flex\" style=\"font-size:16px\">\n<div class=\"wp-block-column col_hmn is-layout-flow wp-block-column-is-layout-flow\" style=\"flex-basis:32%\"><div class=\"wp-block-image\">\n<figure class=\"aligncenter size-full is-resized\"><img loading=\"lazy\" decoding=\"async\" width=\"578\" height=\"770\" src=\"https:\/\/koernergabelstapler.de\/en\/wp-content\/uploads\/2026\/03\/b1024x320_9503-5.jpg\" alt=\"\" class=\"wp-image-12524\" style=\"width:auto;height:208px\" srcset=\"https:\/\/koernergabelstapler.de\/en\/wp-content\/uploads\/2026\/03\/b1024x320_9503-5.jpg 578w, https:\/\/koernergabelstapler.de\/en\/wp-content\/uploads\/2026\/03\/b1024x320_9503-5-225x300.jpg 225w\" sizes=\"auto, (max-width: 578px) 100vw, 578px\" \/><\/figure>\n<\/div>\n\n\n<div style=\"height:20px\" aria-hidden=\"true\" class=\"wp-block-spacer\"><\/div>\n\n\n\n<h4 class=\"wp-block-heading has-text-color has-link-color wp-elements-472732deea8aa09f1cd1ecf40823a825\" style=\"color:#fed03d\">9503 &#8211; Ride on scrubber dryer<\/h4>\n\n\n\n<h3 class=\"wp-block-heading has-text-align-left has-black-color has-text-color has-link-color wp-elements-2c3ca3c8232d724509125371fe447b7c\" style=\"font-size:22px\">Nilfisk BR700C<\/h3>\n\n\n\n<ul class=\"wp-block-list\">\n<li>Drive type: Electric<\/li>\n\n\n\n<li>Production year: 2017<\/li>\n\n\n\n<li>Sweeping width: 0mm<\/li>\n<\/ul>\n\n\n\n<div style=\"height:25px\" aria-hidden=\"true\" class=\"wp-block-spacer\"><\/div>\n\n\n\n<div class=\"wp-block-buttons is-content-justification-left is-layout-flex wp-container-core-buttons-is-layout-fdcfc74e wp-block-buttons-is-layout-flex\">\n<div class=\"wp-block-button\"><a class=\"wp-block-button__link has-white-color has-text-color has-background has-link-color has-medium-font-size has-custom-font-size wp-element-button\" href=\"https:\/\/www.forklift-international.com\/extern\/detailrt.php?id=173583&amp;sprachid=1&amp;wid=1\" style=\"background:linear-gradient(135deg,rgb(255,193,7) 0%,rgb(51,51,51) 86%)\" target=\"_blank\" rel=\"noreferrer noopener\">Details<\/a><\/div>\n<\/div>\n<\/div>\n\n\n\n<div class=\"wp-block-column is-layout-flow wp-block-column-is-layout-flow\"><\/div>\n\n\n\n<div class=\"wp-block-column is-layout-flow wp-block-column-is-layout-flow\"><\/div>\n<\/div>\n\n\n\n<div style=\"height:100px\" aria-hidden=\"true\" class=\"wp-block-spacer\"><\/div>\n","protected":false},"excerpt":{"rendered":"<p>High quality used vehicles near Braunschweig Karsten K\u00f6rner New equipment &amp; used equipment Tel: 05303 9595-10vertrieb@koernergabelstapler.de From K\u00f6rner Gabelstapler in Gro\u00df Schw\u00fclper Forklift trucks, warehouse technology, telescopic forklifts, attachments and &#8230;<\/p>\n","protected":false},"author":1,"featured_media":11119,"parent":0,"menu_order":0,"comment_status":"closed","ping_status":"closed","template":"","meta":{"_coblocks_attr":"","_coblocks_dimensions":"","_coblocks_responsive_height":"","_coblocks_accordion_ie_support":"","pgc_sgb_lightbox_settings":"","footnotes":""},"class_list":["post-10948","page","type-page","status-publish","has-post-thumbnail","hentry"],"yoast_head":"<!-- This site is optimized with the Yoast SEO plugin v27.4 - https:\/\/yoast.com\/product\/yoast-seo-wordpress\/ -->\n<title>USED EQUIPMENT - W. K\u00f6rner GmbH<\/title>\n<meta name=\"robots\" content=\"index, follow, max-snippet:-1, max-image-preview:large, max-video-preview:-1\" \/>\n<link rel=\"canonical\" href=\"https:\/\/koernergabelstapler.de\/en\/?page_id=10948\" \/>\n<meta property=\"og:locale\" content=\"en_US\" \/>\n<meta property=\"og:type\" content=\"article\" \/>\n<meta property=\"og:title\" content=\"USED EQUIPMENT - W. K\u00f6rner GmbH\" \/>\n<meta property=\"og:description\" content=\"High quality used vehicles near Braunschweig Karsten K\u00f6rner New equipment &amp; used equipment Tel: 05303 9595-10vertrieb@koernergabelstapler.de From K\u00f6rner Gabelstapler in Gro\u00df Schw\u00fclper Forklift trucks, warehouse technology, telescopic forklifts, attachments and ...\" \/>\n<meta property=\"og:url\" content=\"https:\/\/koernergabelstapler.de\/en\/?page_id=10948\" \/>\n<meta property=\"og:site_name\" content=\"W. K\u00f6rner GmbH\" \/>\n<meta property=\"article:modified_time\" content=\"2026-04-28T12:46:31+00:00\" \/>\n<meta property=\"og:image\" content=\"https:\/\/koernergabelstapler.de\/en\/wp-content\/uploads\/2026\/03\/slider-image-01.jpg\" \/>\n\t<meta property=\"og:image:width\" content=\"1200\" \/>\n\t<meta property=\"og:image:height\" content=\"675\" \/>\n\t<meta property=\"og:image:type\" content=\"image\/jpeg\" \/>\n<meta name=\"twitter:card\" content=\"summary_large_image\" \/>\n<meta name=\"twitter:label1\" content=\"Est. reading time\" \/>\n\t<meta name=\"twitter:data1\" content=\"30 minutes\" \/>\n<script type=\"application\/ld+json\" class=\"yoast-schema-graph\">{\"@context\":\"https:\\\/\\\/schema.org\",\"@graph\":[{\"@type\":\"WebPage\",\"@id\":\"https:\\\/\\\/koernergabelstapler.de\\\/en\\\/?page_id=10948\",\"url\":\"https:\\\/\\\/koernergabelstapler.de\\\/en\\\/?page_id=10948\",\"name\":\"USED EQUIPMENT - W. K\u00f6rner GmbH\",\"isPartOf\":{\"@id\":\"https:\\\/\\\/koernergabelstapler.de\\\/en\\\/#website\"},\"primaryImageOfPage\":{\"@id\":\"https:\\\/\\\/koernergabelstapler.de\\\/en\\\/?page_id=10948#primaryimage\"},\"image\":{\"@id\":\"https:\\\/\\\/koernergabelstapler.de\\\/en\\\/?page_id=10948#primaryimage\"},\"thumbnailUrl\":\"https:\\\/\\\/koernergabelstapler.de\\\/en\\\/wp-content\\\/uploads\\\/2026\\\/03\\\/slider-image-01.jpg\",\"datePublished\":\"2026-03-05T23:53:43+00:00\",\"dateModified\":\"2026-04-28T12:46:31+00:00\",\"breadcrumb\":{\"@id\":\"https:\\\/\\\/koernergabelstapler.de\\\/en\\\/?page_id=10948#breadcrumb\"},\"inLanguage\":\"en-US\",\"potentialAction\":[{\"@type\":\"ReadAction\",\"target\":[\"https:\\\/\\\/koernergabelstapler.de\\\/en\\\/?page_id=10948\"]}]},{\"@type\":\"ImageObject\",\"inLanguage\":\"en-US\",\"@id\":\"https:\\\/\\\/koernergabelstapler.de\\\/en\\\/?page_id=10948#primaryimage\",\"url\":\"https:\\\/\\\/koernergabelstapler.de\\\/en\\\/wp-content\\\/uploads\\\/2026\\\/03\\\/slider-image-01.jpg\",\"contentUrl\":\"https:\\\/\\\/koernergabelstapler.de\\\/en\\\/wp-content\\\/uploads\\\/2026\\\/03\\\/slider-image-01.jpg\",\"width\":1200,\"height\":675},{\"@type\":\"BreadcrumbList\",\"@id\":\"https:\\\/\\\/koernergabelstapler.de\\\/en\\\/?page_id=10948#breadcrumb\",\"itemListElement\":[{\"@type\":\"ListItem\",\"position\":1,\"name\":\"Home\",\"item\":\"https:\\\/\\\/koernergabelstapler.de\\\/en\\\/\"},{\"@type\":\"ListItem\",\"position\":2,\"name\":\"USED EQUIPMENT\"}]},{\"@type\":\"WebSite\",\"@id\":\"https:\\\/\\\/koernergabelstapler.de\\\/en\\\/#website\",\"url\":\"https:\\\/\\\/koernergabelstapler.de\\\/en\\\/\",\"name\":\"W. K\u00f6rner GmbH\",\"description\":\"Storage and transport systems\",\"publisher\":{\"@id\":\"https:\\\/\\\/koernergabelstapler.de\\\/en\\\/#organization\"},\"potentialAction\":[{\"@type\":\"SearchAction\",\"target\":{\"@type\":\"EntryPoint\",\"urlTemplate\":\"https:\\\/\\\/koernergabelstapler.de\\\/en\\\/?s={search_term_string}\"},\"query-input\":{\"@type\":\"PropertyValueSpecification\",\"valueRequired\":true,\"valueName\":\"search_term_string\"}}],\"inLanguage\":\"en-US\"},{\"@type\":\"Organization\",\"@id\":\"https:\\\/\\\/koernergabelstapler.de\\\/en\\\/#organization\",\"name\":\"Mustermann GmbH\",\"url\":\"https:\\\/\\\/koernergabelstapler.de\\\/en\\\/\",\"logo\":{\"@type\":\"ImageObject\",\"inLanguage\":\"en-US\",\"@id\":\"https:\\\/\\\/koernergabelstapler.de\\\/en\\\/#\\\/schema\\\/logo\\\/image\\\/\",\"url\":\"https:\\\/\\\/koernergabelstapler.de\\\/en\\\/wp-content\\\/uploads\\\/2026\\\/03\\\/201809_LOGO-Koerner-4c-HR_200px.png\",\"contentUrl\":\"https:\\\/\\\/koernergabelstapler.de\\\/en\\\/wp-content\\\/uploads\\\/2026\\\/03\\\/201809_LOGO-Koerner-4c-HR_200px.png\",\"width\":200,\"height\":134,\"caption\":\"Mustermann GmbH\"},\"image\":{\"@id\":\"https:\\\/\\\/koernergabelstapler.de\\\/en\\\/#\\\/schema\\\/logo\\\/image\\\/\"}}]}<\/script>\n<!-- \/ Yoast SEO plugin. -->","yoast_head_json":{"title":"USED EQUIPMENT - W. K\u00f6rner GmbH","robots":{"index":"index","follow":"follow","max-snippet":"max-snippet:-1","max-image-preview":"max-image-preview:large","max-video-preview":"max-video-preview:-1"},"canonical":"https:\/\/koernergabelstapler.de\/en\/?page_id=10948","og_locale":"en_US","og_type":"article","og_title":"USED EQUIPMENT - W. K\u00f6rner GmbH","og_description":"High quality used vehicles near Braunschweig Karsten K\u00f6rner New equipment &amp; used equipment Tel: 05303 9595-10vertrieb@koernergabelstapler.de From K\u00f6rner Gabelstapler in Gro\u00df Schw\u00fclper Forklift trucks, warehouse technology, telescopic forklifts, attachments and ...","og_url":"https:\/\/koernergabelstapler.de\/en\/?page_id=10948","og_site_name":"W. K\u00f6rner GmbH","article_modified_time":"2026-04-28T12:46:31+00:00","og_image":[{"width":1200,"height":675,"url":"https:\/\/koernergabelstapler.de\/en\/wp-content\/uploads\/2026\/03\/slider-image-01.jpg","type":"image\/jpeg"}],"twitter_card":"summary_large_image","twitter_misc":{"Est. reading time":"30 minutes"},"schema":{"@context":"https:\/\/schema.org","@graph":[{"@type":"WebPage","@id":"https:\/\/koernergabelstapler.de\/en\/?page_id=10948","url":"https:\/\/koernergabelstapler.de\/en\/?page_id=10948","name":"USED EQUIPMENT - W. K\u00f6rner GmbH","isPartOf":{"@id":"https:\/\/koernergabelstapler.de\/en\/#website"},"primaryImageOfPage":{"@id":"https:\/\/koernergabelstapler.de\/en\/?page_id=10948#primaryimage"},"image":{"@id":"https:\/\/koernergabelstapler.de\/en\/?page_id=10948#primaryimage"},"thumbnailUrl":"https:\/\/koernergabelstapler.de\/en\/wp-content\/uploads\/2026\/03\/slider-image-01.jpg","datePublished":"2026-03-05T23:53:43+00:00","dateModified":"2026-04-28T12:46:31+00:00","breadcrumb":{"@id":"https:\/\/koernergabelstapler.de\/en\/?page_id=10948#breadcrumb"},"inLanguage":"en-US","potentialAction":[{"@type":"ReadAction","target":["https:\/\/koernergabelstapler.de\/en\/?page_id=10948"]}]},{"@type":"ImageObject","inLanguage":"en-US","@id":"https:\/\/koernergabelstapler.de\/en\/?page_id=10948#primaryimage","url":"https:\/\/koernergabelstapler.de\/en\/wp-content\/uploads\/2026\/03\/slider-image-01.jpg","contentUrl":"https:\/\/koernergabelstapler.de\/en\/wp-content\/uploads\/2026\/03\/slider-image-01.jpg","width":1200,"height":675},{"@type":"BreadcrumbList","@id":"https:\/\/koernergabelstapler.de\/en\/?page_id=10948#breadcrumb","itemListElement":[{"@type":"ListItem","position":1,"name":"Home","item":"https:\/\/koernergabelstapler.de\/en\/"},{"@type":"ListItem","position":2,"name":"USED EQUIPMENT"}]},{"@type":"WebSite","@id":"https:\/\/koernergabelstapler.de\/en\/#website","url":"https:\/\/koernergabelstapler.de\/en\/","name":"W. K\u00f6rner GmbH","description":"Storage and transport systems","publisher":{"@id":"https:\/\/koernergabelstapler.de\/en\/#organization"},"potentialAction":[{"@type":"SearchAction","target":{"@type":"EntryPoint","urlTemplate":"https:\/\/koernergabelstapler.de\/en\/?s={search_term_string}"},"query-input":{"@type":"PropertyValueSpecification","valueRequired":true,"valueName":"search_term_string"}}],"inLanguage":"en-US"},{"@type":"Organization","@id":"https:\/\/koernergabelstapler.de\/en\/#organization","name":"Mustermann GmbH","url":"https:\/\/koernergabelstapler.de\/en\/","logo":{"@type":"ImageObject","inLanguage":"en-US","@id":"https:\/\/koernergabelstapler.de\/en\/#\/schema\/logo\/image\/","url":"https:\/\/koernergabelstapler.de\/en\/wp-content\/uploads\/2026\/03\/201809_LOGO-Koerner-4c-HR_200px.png","contentUrl":"https:\/\/koernergabelstapler.de\/en\/wp-content\/uploads\/2026\/03\/201809_LOGO-Koerner-4c-HR_200px.png","width":200,"height":134,"caption":"Mustermann GmbH"},"image":{"@id":"https:\/\/koernergabelstapler.de\/en\/#\/schema\/logo\/image\/"}}]}},"_links":{"self":[{"href":"https:\/\/koernergabelstapler.de\/en\/index.php?rest_route=\/wp\/v2\/pages\/10948","targetHints":{"allow":["GET"]}}],"collection":[{"href":"https:\/\/koernergabelstapler.de\/en\/index.php?rest_route=\/wp\/v2\/pages"}],"about":[{"href":"https:\/\/koernergabelstapler.de\/en\/index.php?rest_route=\/wp\/v2\/types\/page"}],"author":[{"embeddable":true,"href":"https:\/\/koernergabelstapler.de\/en\/index.php?rest_route=\/wp\/v2\/users\/1"}],"replies":[{"embeddable":true,"href":"https:\/\/koernergabelstapler.de\/en\/index.php?rest_route=%2Fwp%2Fv2%2Fcomments&post=10948"}],"version-history":[{"count":113,"href":"https:\/\/koernergabelstapler.de\/en\/index.php?rest_route=\/wp\/v2\/pages\/10948\/revisions"}],"predecessor-version":[{"id":13074,"href":"https:\/\/koernergabelstapler.de\/en\/index.php?rest_route=\/wp\/v2\/pages\/10948\/revisions\/13074"}],"wp:featuredmedia":[{"embeddable":true,"href":"https:\/\/koernergabelstapler.de\/en\/index.php?rest_route=\/wp\/v2\/media\/11119"}],"wp:attachment":[{"href":"https:\/\/koernergabelstapler.de\/en\/index.php?rest_route=%2Fwp%2Fv2%2Fmedia&parent=10948"}],"curies":[{"name":"wp","href":"https:\/\/api.w.org\/{rel}","templated":true}]}}